{"version":"1.0","provider_name":"Av. Deniz Can K\u0131z\u0131l","provider_url":"https:\/\/denizcankizil.tr\/de","author_name":"Av. Deniz Can K\u0131z\u0131l","author_url":"https:\/\/denizcankizil.tr\/de","title":"Kom\u015fusunu elektrikli d\u00fczenekle \u00f6ld\u00fcrmeye \u00e7al\u0131\u015ft\u0131","type":"rich","width":600,"height":338,"html":"<blockquote class=\"wp-embedded-content\" data-secret=\"X0egCuQeKL\"><a href=\"https:\/\/denizcankizil.tr\/de\/haberler\/antalya\/komsusunu-elektrikli-duzenekle-oldurmeye-calisti\/\">Kom\u015fusunu elektrikli d\u00fczenekle \u00f6ld\u00fcrmeye \u00e7al\u0131\u015ft\u0131<\/a><\/blockquote><iframe sandbox=\"allow-scripts\" security=\"restricted\" src=\"https:\/\/denizcankizil.tr\/de\/haberler\/antalya\/komsusunu-elektrikli-duzenekle-oldurmeye-calisti\/embed\/#?secret=X0egCuQeKL\" width=\"600\" height=\"338\" title=\"&#8222;Kom\u015fusunu elektrikli d\u00fczenekle \u00f6ld\u00fcrmeye \u00e7al\u0131\u015ft\u0131&#8220; &#8211; Av. Deniz Can K\u0131z\u0131l\" data-secret=\"X0egCuQeKL\" frameborder=\"0\" marginwidth=\"0\" marginheight=\"0\" scrolling=\"no\" class=\"wp-embedded-content\"><\/iframe><script>\n\/*! This file is auto-generated *\/\n!function(d,l){\"use strict\";l.querySelector&&d.addEventListener&&\"undefined\"!=typeof URL&&(d.wp=d.wp||{},d.wp.receiveEmbedMessage||(d.wp.receiveEmbedMessage=function(e){var t=e.data;if((t||t.secret||t.message||t.value)&&!\/[^a-zA-Z0-9]\/.test(t.secret)){for(var s,r,n,a=l.querySelectorAll('iframe[data-secret=\"'+t.secret+'\"]'),o=l.querySelectorAll('blockquote[data-secret=\"'+t.secret+'\"]'),c=new RegExp(\"^https?:$\",\"i\"),i=0;i<o.length;i++)o[i].style.display=\"none\";for(i=0;i<a.length;i++)s=a[i],e.source===s.contentWindow&&(s.removeAttribute(\"style\"),\"height\"===t.message?(1e3<(r=parseInt(t.value,10))?r=1e3:~~r<200&&(r=200),s.height=r):\"link\"===t.message&&(r=new URL(s.getAttribute(\"src\")),n=new URL(t.value),c.test(n.protocol))&&n.host===r.host&&l.activeElement===s&&(d.top.location.href=t.value))}},d.addEventListener(\"message\",d.wp.receiveEmbedMessage,!1),l.addEventListener(\"DOMContentLoaded\",function(){for(var e,t,s=l.querySelectorAll(\"iframe.wp-embedded-content\"),r=0;r<s.length;r++)(t=(e=s[r]).getAttribute(\"data-secret\"))||(t=Math.random().toString(36).substring(2,12),e.src+=\"#?secret=\"+t,e.setAttribute(\"data-secret\",t)),e.contentWindow.postMessage({message:\"ready\",secret:t},\"*\")},!1)))}(window,document);\n\/\/# sourceURL=https:\/\/denizcankizil.tr\/wp-includes\/js\/wp-embed.min.js\n<\/script>","thumbnail_url":"https:\/\/denizcankizil.tr\/wp-content\/uploads\/2024\/12\/3820-01-zA9t4i.jpeg","thumbnail_width":1280,"thumbnail_height":720,"description":"Varl\u0131k Mahallesi&#8217;nde bir apartman\u0131n 4&#8217;\u00fcnc\u00fc kat\u0131nda oturan Serhan Kaynar, iddiaya g\u00f6re daha \u00f6nce &#8216;Bak evine molotofkokteyli atar\u0131m, yakar\u0131m&#8217; diye tehdit etti\u011fi \u00fcst kom\u015fusu Tezcan K.&#8217;n\u0131n evinin kap\u0131s\u0131n\u0131, 7 Ekim&#8217;de tiner d\u00f6kerek ate\u015fe verdi. Kom\u015fular\u0131n m\u00fcdahalesiyle dairesine ka\u00e7an Serhan Kaynar, polis taraf\u0131ndan g\u00f6zalt\u0131na al\u0131nd\u0131. Serhan Kaynar, i\u015flemlerinin ard\u0131ndan sevk edildi\u011fi adliyede tutukland\u0131. 2 METRE TAHTAYA ELEKTR\u0130KL\u0130 D\u00dcZENEK 2 ay sonra tahliye olan Serhan Kaynar, 27 Aral\u0131k&#8217;ta 2 metre uzunlu\u011fundaki tahtaya \u00e7ivilerle elektrikli d\u00fczenek haz\u0131rlayarak kom\u015fusu Tezcan K.&#8217;yi evde beklemeye ba\u015flad\u0131. Tezcan K.&#8217;nin eve geli\u015f saatini \u00f6\u011frenmek isteyen Kaynar, apartman y\u00f6neticisini arayarak &#8216;\u00dcst kattan \u00e7ok ses geliyor, aray\u0131p uyar\u0131r m\u0131s\u0131n\u0131z?&#8217; dedi. Y\u00f6neticinin arad\u0131\u011f\u0131 Tezcan K., &#8216;Evde de\u011filim, 1 saat kadar sonra evde olaca\u011f\u0131m, g\u00fcr\u00fclt\u00fc yapma \u015fans\u0131m yok&#8217; diyerek telefonu kapatt\u0131. Apartman y\u00f6neticisi de Serhan Kaynar&#8217;\u0131 arayarak Tezcan K.&#8217;nin evde olmad\u0131\u011f\u0131n\u0131, 1 saat sonra gelece\u011fini s\u00f6yledi. Saat 22.00 s\u0131ralar\u0131nda gelen Tezcan K. evine \u00e7\u0131karken bir anda kap\u0131y\u0131 a\u00e7an Serhan Kaynar, haz\u0131rlad\u0131\u011f\u0131 elektrikli d\u00fczenekle sald\u0131rd\u0131. Tezcan K., d\u00fczene\u011fin \u00e7ivili k\u0131sm\u0131n\u0131n g\u00f6\u011fs\u00fcne temas\u0131yla ak\u0131ma kap\u0131l\u0131p, yaraland\u0131. Tezcan K.&#8217;n\u0131n \u00e7\u0131\u011fl\u0131klar\u0131 \u00fczerine kom\u015fular\u0131 yard\u0131m\u0131na yeti\u015fti. Serhan Kaynar ise dairesine ka\u00e7t\u0131. \u00c7a\u011f\u0131r\u0131lan polis ekibi, Serhan Kaynar&#8217;\u0131 g\u00f6zalt\u0131na ald\u0131. &#8216;KEND\u0130S\u0130N\u0130 \u00d6LD\u00dcRMEYE KARAR VERD\u0130M&#8217; Ekipler taraf\u0131ndan polis merkezine g\u00f6t\u00fcr\u00fclen Serhan Kaynar, ilk ifadesinde su\u00e7unu itiraf etti. Serhan Kaynar ifadesinde, \u201c\u00dcst &hellip;"}