{"version":"1.0","provider_name":"Av. Deniz Can K\u0131z\u0131l","provider_url":"https:\/\/denizcankizil.tr\/de","author_name":"Av. Deniz Can K\u0131z\u0131l","author_url":"https:\/\/denizcankizil.tr\/de\/author\/denizcankizil\/","title":"Kepez'in Ay Deresi'ne engelsiz park","type":"rich","width":600,"height":338,"html":"<blockquote class=\"wp-embedded-content\" data-secret=\"Purnlf5gTu\"><a href=\"https:\/\/denizcankizil.tr\/de\/haberler\/antalya\/kepezin-ay-deresine-engelsiz-park\/\">Kepez&#8217;in Ay Deresi&#8217;ne engelsiz park<\/a><\/blockquote><iframe sandbox=\"allow-scripts\" security=\"restricted\" src=\"https:\/\/denizcankizil.tr\/de\/haberler\/antalya\/kepezin-ay-deresine-engelsiz-park\/embed\/#?secret=Purnlf5gTu\" width=\"600\" height=\"338\" title=\"&#8222;Kepez&#8217;in Ay Deresi&#8217;ne engelsiz park&#8220; &#8211; Av. Deniz Can K\u0131z\u0131l\" data-secret=\"Purnlf5gTu\" frameborder=\"0\" marginwidth=\"0\" marginheight=\"0\" scrolling=\"no\" class=\"wp-embedded-content\"><\/iframe><script>\n\/*! This file is auto-generated *\/\n!function(d,l){\"use strict\";l.querySelector&&d.addEventListener&&\"undefined\"!=typeof URL&&(d.wp=d.wp||{},d.wp.receiveEmbedMessage||(d.wp.receiveEmbedMessage=function(e){var t=e.data;if((t||t.secret||t.message||t.value)&&!\/[^a-zA-Z0-9]\/.test(t.secret)){for(var s,r,n,a=l.querySelectorAll('iframe[data-secret=\"'+t.secret+'\"]'),o=l.querySelectorAll('blockquote[data-secret=\"'+t.secret+'\"]'),c=new RegExp(\"^https?:$\",\"i\"),i=0;i<o.length;i++)o[i].style.display=\"none\";for(i=0;i<a.length;i++)s=a[i],e.source===s.contentWindow&&(s.removeAttribute(\"style\"),\"height\"===t.message?(1e3<(r=parseInt(t.value,10))?r=1e3:~~r<200&&(r=200),s.height=r):\"link\"===t.message&&(r=new URL(s.getAttribute(\"src\")),n=new URL(t.value),c.test(n.protocol))&&n.host===r.host&&l.activeElement===s&&(d.top.location.href=t.value))}},d.addEventListener(\"message\",d.wp.receiveEmbedMessage,!1),l.addEventListener(\"DOMContentLoaded\",function(){for(var e,t,s=l.querySelectorAll(\"iframe.wp-embedded-content\"),r=0;r<s.length;r++)(t=(e=s[r]).getAttribute(\"data-secret\"))||(t=Math.random().toString(36).substring(2,12),e.src+=\"#?secret=\"+t,e.setAttribute(\"data-secret\",t)),e.contentWindow.postMessage({message:\"ready\",secret:t},\"*\")},!1)))}(window,document);\n\/\/# sourceURL=https:\/\/denizcankizil.tr\/wp-includes\/js\/wp-embed.min.js\n<\/script>","thumbnail_url":"https:\/\/denizcankizil.tr\/wp-content\/uploads\/2025\/02\/4593-01-iozS1n.jpeg","thumbnail_width":1280,"thumbnail_height":720,"description":"Kepez&#8217;in G\u00fcne\u015f Mahallesi&#8217;nde bulunan Ay Deresi, park ve \u00e7evre d\u00fczenlemesiyle yemye\u015fil bir dokuya kavu\u015ftu. 6 bin 333 metrekarelik alanda ger\u00e7ekle\u015ftirilen park ve \u00e7evre d\u00fczenlemesi t\u00f6renle a\u00e7\u0131ld\u0131. A\u00e7\u0131l\u0131\u015fta konu\u015fan Kepez Belediye Ba\u015fkan\u0131 Mesut Kocag\u00f6z, se\u00e7ilmesinin ard\u0131ndan ya\u015fad\u0131\u011f\u0131 cezaevi s\u00fcrecine de\u011finerek, 6,5 ayl\u0131k zaman diliminde il\u00e7eye yapt\u0131klar\u0131 hizmetleri anlatt\u0131. Kepez Belediyesi&#8217;ni 1 milyar 226 milyon lira bor\u00e7la devrald\u0131klar\u0131n\u0131 ve \u015fu ana kadar 493 milyon TL borcun \u00f6dendi\u011fini aktaran Ba\u015fkan Kocag\u00f6z, &#8220;Harcad\u0131\u011f\u0131m\u0131z paralar milletin paras\u0131&#8221; dedi. Ba\u015fkan Kocag\u00f6z, &#8220;Bir yandan bor\u00e7 \u00f6d\u00fcyoruz, bir yandan da &#8216;Kepez&#8217;in en b\u00fcy\u00fck problemi, sel, su bask\u0131n\u0131 olmayacak&#8217; demi\u015ftik. Bununla m\u00fccadele ediyoruz. 2024 \u015eubat ay\u0131nda bu mahalleyi sel bast\u0131. Do\u011fa olaylar\u0131 bir daha olmayacak diye bir \u015fey yok. \u00d6nlemini almak zorunday\u0131z. \u00c7\u00fcnk\u00fc biz belediyecili\u011fi insana hizmet olarak g\u00f6r\u00fcyoruz. \u015eov olarak g\u00f6rm\u00fcyoruz&#8221; dedi. &#8216;\u00d6NCEL\u0130KLE DERE ISLAHI YAPILDI&#8217; Ay Deresi&#8217;nin y\u0131larca su bask\u0131nlar\u0131 ile kar\u015f\u0131 kar\u015f\u0131ya kald\u0131\u011f\u0131n\u0131 belirten Ba\u015fkan Kocag\u00f6z, &#8220;Dere yata\u011f\u0131na gecekondular yap\u0131lm\u0131\u015f. Se\u00e7imden \u00f6nce s\u00f6z verdi\u011fimiz gibi dere yata\u011f\u0131nda 14 gecekondu vard\u0131 ve kimseyi ma\u011fdur etmeden yerlerini vererek buradan kald\u0131rd\u0131k. Dere yata\u011f\u0131nda bir tane ev koymayaca\u011f\u0131z. \u00c7\u00fcnk\u00fc insan\u0131m\u0131z bizim i\u00e7in k\u0131ymetli. \u00d6ncelikle buradaki \u00e7al\u0131\u015fmalar\u0131m\u0131zda dere yata\u011f\u0131n\u0131 \u0131slah ettik. 250 metre uzunlu\u011funda 9 metre geni\u015fli\u011finde dere \u0131slah\u0131 yap\u0131ld\u0131. 500 metre uzunlu\u011funda, 2 metre y\u00fckseklikte ta\u015f tahkimat, 240 metre uzunlu\u011funda &hellip;"}