{"version":"1.0","provider_name":"Av. Deniz Can K\u0131z\u0131l","provider_url":"https:\/\/denizcankizil.tr\/de","author_name":"Av. Deniz Can K\u0131z\u0131l","author_url":"https:\/\/denizcankizil.tr\/de\/author\/denizcankizil\/","title":"Kepez'de istihdam bulu\u015fmas\u0131","type":"rich","width":600,"height":338,"html":"<blockquote class=\"wp-embedded-content\" data-secret=\"i2TbDgaHv1\"><a href=\"https:\/\/denizcankizil.tr\/de\/haberler\/antalya\/kepezde-istihdam-bulusmasi\/\">Kepez&#8217;de istihdam bulu\u015fmas\u0131<\/a><\/blockquote><iframe sandbox=\"allow-scripts\" security=\"restricted\" src=\"https:\/\/denizcankizil.tr\/de\/haberler\/antalya\/kepezde-istihdam-bulusmasi\/embed\/#?secret=i2TbDgaHv1\" width=\"600\" height=\"338\" title=\"&#8222;Kepez&#8217;de istihdam bulu\u015fmas\u0131&#8220; &#8211; Av. Deniz Can K\u0131z\u0131l\" data-secret=\"i2TbDgaHv1\" frameborder=\"0\" marginwidth=\"0\" marginheight=\"0\" scrolling=\"no\" class=\"wp-embedded-content\"><\/iframe><script>\n\/*! This file is auto-generated *\/\n!function(d,l){\"use strict\";l.querySelector&&d.addEventListener&&\"undefined\"!=typeof URL&&(d.wp=d.wp||{},d.wp.receiveEmbedMessage||(d.wp.receiveEmbedMessage=function(e){var t=e.data;if((t||t.secret||t.message||t.value)&&!\/[^a-zA-Z0-9]\/.test(t.secret)){for(var s,r,n,a=l.querySelectorAll('iframe[data-secret=\"'+t.secret+'\"]'),o=l.querySelectorAll('blockquote[data-secret=\"'+t.secret+'\"]'),c=new RegExp(\"^https?:$\",\"i\"),i=0;i<o.length;i++)o[i].style.display=\"none\";for(i=0;i<a.length;i++)s=a[i],e.source===s.contentWindow&&(s.removeAttribute(\"style\"),\"height\"===t.message?(1e3<(r=parseInt(t.value,10))?r=1e3:~~r<200&&(r=200),s.height=r):\"link\"===t.message&&(r=new URL(s.getAttribute(\"src\")),n=new URL(t.value),c.test(n.protocol))&&n.host===r.host&&l.activeElement===s&&(d.top.location.href=t.value))}},d.addEventListener(\"message\",d.wp.receiveEmbedMessage,!1),l.addEventListener(\"DOMContentLoaded\",function(){for(var e,t,s=l.querySelectorAll(\"iframe.wp-embedded-content\"),r=0;r<s.length;r++)(t=(e=s[r]).getAttribute(\"data-secret\"))||(t=Math.random().toString(36).substring(2,12),e.src+=\"#?secret=\"+t,e.setAttribute(\"data-secret\",t)),e.contentWindow.postMessage({message:\"ready\",secret:t},\"*\")},!1)))}(window,document);\n\/\/# sourceURL=https:\/\/denizcankizil.tr\/wp-includes\/js\/wp-embed.min.js\n<\/script>","thumbnail_url":"https:\/\/denizcankizil.tr\/wp-content\/uploads\/2025\/02\/5024-01-CizPjs.jpeg","thumbnail_width":1280,"thumbnail_height":720,"description":"Vatanda\u015flar\u0131n istihdam imkanlar\u0131n\u0131 art\u0131rmaya y\u00f6nelik \u00e7al\u0131\u015fmalar\u0131n\u0131 s\u00fcrd\u00fcren Kepez Belediyesi, \u2018Kariyer G\u00fcnleri&#8217; kapsam\u0131nda i\u015f arayanlar\u0131 sekt\u00f6r\u00fcn \u00f6nc\u00fc firmalar\u0131yla bir araya getirmeye devam ediyor. Kepez Belediyesi, i\u015f arayanlar\u0131 Avrupa&#8217;n\u0131n ve T\u00fcrkiye&#8217;nin sekt\u00f6r liderlerinden \u00c7elebi ile bulu\u015fturdu. Mimar Sinan Kongre Merkezi&#8217;nde d\u00fczenlenen toplu m\u00fclakata, Kepez \u0130\u015f ve \u0130stihdam Geli\u015ftirme Merkezi&#8217;ne ba\u015fvuran ve \u00c7elebi&#8217;nin belirledi\u011fi kriterlere uygun adaylar kat\u0131ld\u0131. 18-40 ya\u015f aral\u0131\u011f\u0131nda vas\u0131fl\u0131 ve vas\u0131fs\u0131z i\u015f\u00e7iler ile D, D1, C ve C1 ehliyetine sahip \u015fof\u00f6r pozisyonlar\u0131 i\u00e7in ger\u00e7ekle\u015ftirilen m\u00fclakatlara b\u00fcy\u00fck ilgi g\u00f6sterildi. Ba\u015fvuran 400 aday aras\u0131ndan belirlenen kriterlere uygun olan 105 vatanda\u015f istihdam edilerek i\u015f hayat\u0131na kazand\u0131r\u0131ld\u0131. Kepez Belediyesi daha \u00f6nce de i\u015f arayanlar\u0131 alan\u0131nda g\u00fc\u00e7l\u00fc \u015firketlerle bulu\u015fturmu\u015ftu. Kepez Belediyesi&#8217;nin istihdama y\u00f6nelik \u00f6nemli projelerinden biri olan \u2018Kariyer G\u00fcnleri&#8217; \u0130\u015f arayanlarla i\u015fverenleri do\u011frudan bir araya getiriyor. Kaynak: www.kanalv.com.tr Haber Sitesinden Al\u0131nm\u0131\u015ft\u0131r."}