{"version":"1.0","provider_name":"Av. Deniz Can K\u0131z\u0131l","provider_url":"https:\/\/denizcankizil.tr\/de","author_name":"Av. Deniz Can K\u0131z\u0131l","author_url":"https:\/\/denizcankizil.tr\/de\/author\/denizcankizil\/","title":"Kemer'de deniz dibi temizli\u011fi","type":"rich","width":600,"height":338,"html":"<blockquote class=\"wp-embedded-content\" data-secret=\"iBJqJZKIRP\"><a href=\"https:\/\/denizcankizil.tr\/de\/haberler\/antalya\/kemerde-deniz-dibi-temizligi\/\">Kemer&#8217;de deniz dibi temizli\u011fi<\/a><\/blockquote><iframe sandbox=\"allow-scripts\" security=\"restricted\" src=\"https:\/\/denizcankizil.tr\/de\/haberler\/antalya\/kemerde-deniz-dibi-temizligi\/embed\/#?secret=iBJqJZKIRP\" width=\"600\" height=\"338\" title=\"&#8222;Kemer&#8217;de deniz dibi temizli\u011fi&#8220; &#8211; Av. Deniz Can K\u0131z\u0131l\" data-secret=\"iBJqJZKIRP\" frameborder=\"0\" marginwidth=\"0\" marginheight=\"0\" scrolling=\"no\" class=\"wp-embedded-content\"><\/iframe><script>\n\/*! This file is auto-generated *\/\n!function(d,l){\"use strict\";l.querySelector&&d.addEventListener&&\"undefined\"!=typeof URL&&(d.wp=d.wp||{},d.wp.receiveEmbedMessage||(d.wp.receiveEmbedMessage=function(e){var t=e.data;if((t||t.secret||t.message||t.value)&&!\/[^a-zA-Z0-9]\/.test(t.secret)){for(var s,r,n,a=l.querySelectorAll('iframe[data-secret=\"'+t.secret+'\"]'),o=l.querySelectorAll('blockquote[data-secret=\"'+t.secret+'\"]'),c=new RegExp(\"^https?:$\",\"i\"),i=0;i<o.length;i++)o[i].style.display=\"none\";for(i=0;i<a.length;i++)s=a[i],e.source===s.contentWindow&&(s.removeAttribute(\"style\"),\"height\"===t.message?(1e3<(r=parseInt(t.value,10))?r=1e3:~~r<200&&(r=200),s.height=r):\"link\"===t.message&&(r=new URL(s.getAttribute(\"src\")),n=new URL(t.value),c.test(n.protocol))&&n.host===r.host&&l.activeElement===s&&(d.top.location.href=t.value))}},d.addEventListener(\"message\",d.wp.receiveEmbedMessage,!1),l.addEventListener(\"DOMContentLoaded\",function(){for(var e,t,s=l.querySelectorAll(\"iframe.wp-embedded-content\"),r=0;r<s.length;r++)(t=(e=s[r]).getAttribute(\"data-secret\"))||(t=Math.random().toString(36).substring(2,12),e.src+=\"#?secret=\"+t,e.setAttribute(\"data-secret\",t)),e.contentWindow.postMessage({message:\"ready\",secret:t},\"*\")},!1)))}(window,document);\n\/\/# sourceURL=https:\/\/denizcankizil.tr\/wp-includes\/js\/wp-embed.min.js\n<\/script>","description":"Mavi bayrak sahibi Kemer Belediyesi Halk Plaj\u0131&#8217;nda yap\u0131lan etkinlikte SKUT \u00fcyeleri, deniz dibinde temizlik yapt\u0131. Etkinli\u011fe kat\u0131lan \u00e7evre g\u00f6n\u00fcll\u00fcleri de sahilde \u00e7\u00f6p toplad\u0131. Temizlik s\u0131ras\u0131nda sahilde denize giren yerli ve yabanc\u0131 misafirler de cep telefonlar\u0131 ile g\u00f6r\u00fcnt\u00fc ald\u0131. Kemer Belediye Ba\u015fkan Yard\u0131mc\u0131s\u0131 Semih Top, yapt\u0131\u011f\u0131 a\u00e7\u0131klamada, \u00c7evre Haftas\u0131 etkinlikleri kapsam\u0131nda fark\u0131ndal\u0131k olu\u015fturmak amac\u0131yla Kemer Belediyesi Halk Plaj\u0131&#8217;nda deniz dibi temizli\u011fi yapt\u0131klar\u0131n\u0131 s\u00f6yledi. Turizmde en \u00f6nemli donelerin \u2018mavi ve ye\u015fil&#8217; oldu\u011funa dikkat \u00e7eken Ba\u015fkan Yard\u0131mc\u0131s\u0131 Semih Top, &#8220;Denizlerimizi korumak amac\u0131yla ve vatanda\u015flar\u0131m\u0131z\u0131n bilin\u00e7lenmesini sa\u011flamak i\u00e7in SKUT ile her sene i\u015f birli\u011fi i\u00e7erisinde deniz dibi temizli\u011fi yap\u0131yoruz. Etkinli\u011fimize kat\u0131lan sivil toplum kurulu\u015flar\u0131na te\u015fekk\u00fcr ediyorum. Daha temiz bir Kemer \u00e7al\u0131\u015fmaya devam edece\u011fiz&#8221; dedi. Kemer Belediyesi \u0130klim De\u011fi\u015fikli\u011fi ve S\u0131f\u0131r At\u0131k M\u00fcd\u00fcr\u00fc Serap Minta&#8217; da d\u00fczenlenen temizlik etkinli\u011finde ama\u00e7lar\u0131n\u0131n \u00e7evre fark\u0131ndal\u0131\u011f\u0131 olu\u015fturmak oldu\u011funu aktard\u0131. Kemer&#8217;in \u00e7ok g\u00fczel bir do\u011faya sahip oldu\u011funu ancak bilin\u00e7siz insanlar taraf\u0131ndan kirletildi\u011fine dikkat \u00e7eken Minta, &#8220;Kemer Belediyesi ile SKUT i\u015f birli\u011fince g\u00fczel bir etkinlik yapt\u0131k. Kemer Belediyesi Halk Plaj\u0131m\u0131z mavi bayrak sahibi bir plaj. Mavi bayra\u011f\u0131n 33 kriterini Kemer Belediye Ba\u015fkan\u0131m\u0131z Say\u0131n Necati Topalo\u011flu \u00f6nc\u00fcl\u00fc\u011f\u00fcnde yerine getiriyoruz. Biz elimizden gelen titizli\u011fi g\u00f6steriyoruz ama maalesef insanlar\u0131n bilin\u00e7siz davran\u0131\u015flar\u0131 nedeniyle sahillerimiz kirleniyor. Vatanda\u015flar\u0131m\u0131zdan \u00f6zellikle izmaritleri sahile atmamalar\u0131 konusunda daha duyarl\u0131 olmalar\u0131n\u0131 rica &hellip;"}