{"version":"1.0","provider_name":"Av. Deniz Can K\u0131z\u0131l","provider_url":"https:\/\/denizcankizil.tr\/de","author_name":"Av. Deniz Can K\u0131z\u0131l","author_url":"https:\/\/denizcankizil.tr\/de\/author\/denizcankizil\/","title":"Kemer\u2019de Ba\u015fkan Zeyrek i\u00e7in anma alan\u0131","type":"rich","width":600,"height":338,"html":"<blockquote class=\"wp-embedded-content\" data-secret=\"BbiiVUrWBN\"><a href=\"https:\/\/denizcankizil.tr\/de\/haberler\/antalya\/kemerde-baskan-zeyrek-icin-anma-alani\/\">Kemer\u2019de Ba\u015fkan Zeyrek i\u00e7in anma alan\u0131<\/a><\/blockquote><iframe sandbox=\"allow-scripts\" security=\"restricted\" src=\"https:\/\/denizcankizil.tr\/de\/haberler\/antalya\/kemerde-baskan-zeyrek-icin-anma-alani\/embed\/#?secret=BbiiVUrWBN\" width=\"600\" height=\"338\" title=\"&#8222;Kemer\u2019de Ba\u015fkan Zeyrek i\u00e7in anma alan\u0131&#8220; &#8211; Av. Deniz Can K\u0131z\u0131l\" data-secret=\"BbiiVUrWBN\" frameborder=\"0\" marginwidth=\"0\" marginheight=\"0\" scrolling=\"no\" class=\"wp-embedded-content\"><\/iframe><script>\n\/*! This file is auto-generated *\/\n!function(d,l){\"use strict\";l.querySelector&&d.addEventListener&&\"undefined\"!=typeof URL&&(d.wp=d.wp||{},d.wp.receiveEmbedMessage||(d.wp.receiveEmbedMessage=function(e){var t=e.data;if((t||t.secret||t.message||t.value)&&!\/[^a-zA-Z0-9]\/.test(t.secret)){for(var s,r,n,a=l.querySelectorAll('iframe[data-secret=\"'+t.secret+'\"]'),o=l.querySelectorAll('blockquote[data-secret=\"'+t.secret+'\"]'),c=new RegExp(\"^https?:$\",\"i\"),i=0;i<o.length;i++)o[i].style.display=\"none\";for(i=0;i<a.length;i++)s=a[i],e.source===s.contentWindow&&(s.removeAttribute(\"style\"),\"height\"===t.message?(1e3<(r=parseInt(t.value,10))?r=1e3:~~r<200&&(r=200),s.height=r):\"link\"===t.message&&(r=new URL(s.getAttribute(\"src\")),n=new URL(t.value),c.test(n.protocol))&&n.host===r.host&&l.activeElement===s&&(d.top.location.href=t.value))}},d.addEventListener(\"message\",d.wp.receiveEmbedMessage,!1),l.addEventListener(\"DOMContentLoaded\",function(){for(var e,t,s=l.querySelectorAll(\"iframe.wp-embedded-content\"),r=0;r<s.length;r++)(t=(e=s[r]).getAttribute(\"data-secret\"))||(t=Math.random().toString(36).substring(2,12),e.src+=\"#?secret=\"+t,e.setAttribute(\"data-secret\",t)),e.contentWindow.postMessage({message:\"ready\",secret:t},\"*\")},!1)))}(window,document);\n\/\/# sourceURL=https:\/\/denizcankizil.tr\/wp-includes\/js\/wp-embed.min.js\n<\/script>","description":"Mustafa Ertu\u011frul Aker Park\u0131\u2019nda yer alan Kemer Belediyesi Deniz Kafe yan\u0131nda olu\u015fturulan anma alan\u0131, Ba\u015fkan Zeyrek\u2019i anmak isteyenler i\u00e7in ziyaret noktas\u0131 olacak. &#8220;Ferdi Zeyrek\u2019in ac\u0131s\u0131n\u0131 hala y\u00fcreklerimizde hissediyoruz&#8221; Kemer Belediye Ba\u015fkan\u0131 Necati Topalo\u011flu, yapt\u0131\u011f\u0131 a\u00e7\u0131klamada, &#8220;Gen\u00e7 ya\u015fta aram\u0131zdan ayr\u0131lan Manisa B\u00fcy\u00fck\u015fehir Belediye Ba\u015fkan\u0131m\u0131z Ferdi Zeyrek\u2019in ac\u0131s\u0131n\u0131 hala y\u00fcreklerimizde hissediyoruz. \u00d6rnek al\u0131nacak belediye ba\u015fkanl\u0131\u011f\u0131n\u0131n yan\u0131nda \u00e7ok de\u011ferli de bir insan olan Ferdi Zeyrek\u2019in an\u0131s\u0131n\u0131 ya\u015fatabilmek amac\u0131yla Kemer\u2019in en g\u00fczel noktalar\u0131ndan biri olan Mustafa Ertu\u011frul Aker Park\u0131 i\u00e7erisinde anma alan\u0131 olu\u015fturduk. Bu vesileyle bir defa daha Zeyrek Ba\u015fkan\u0131m\u0131za Allah\u2019tan rahmet, kederli ailesine, yak\u0131nlar\u0131na ve Manisa halk\u0131na ba\u015fsa\u011fl\u0131\u011f\u0131 ve sab\u0131r diliyorum&#8221; dedi. Kaynak: www.kanalv.com.tr Haber Sitesinden Al\u0131nm\u0131\u015ft\u0131r."}