{"version":"1.0","provider_name":"Av. Deniz Can K\u0131z\u0131l","provider_url":"https:\/\/denizcankizil.tr\/de","author_name":"Av. Deniz Can K\u0131z\u0131l","author_url":"https:\/\/denizcankizil.tr\/de\/author\/denizcankizil\/","title":"Kazada 2 gen\u00e7 k\u0131z a\u011f\u0131r yaraland\u0131","type":"rich","width":600,"height":338,"html":"<blockquote class=\"wp-embedded-content\" data-secret=\"zMlpIDzdkV\"><a href=\"https:\/\/denizcankizil.tr\/de\/haberler\/antalya\/kazada-2-genc-kiz-agir-yaralandi\/\">Kazada 2 gen\u00e7 k\u0131z a\u011f\u0131r yaraland\u0131<\/a><\/blockquote><iframe sandbox=\"allow-scripts\" security=\"restricted\" src=\"https:\/\/denizcankizil.tr\/de\/haberler\/antalya\/kazada-2-genc-kiz-agir-yaralandi\/embed\/#?secret=zMlpIDzdkV\" width=\"600\" height=\"338\" title=\"&#8222;Kazada 2 gen\u00e7 k\u0131z a\u011f\u0131r yaraland\u0131&#8220; &#8211; Av. Deniz Can K\u0131z\u0131l\" data-secret=\"zMlpIDzdkV\" frameborder=\"0\" marginwidth=\"0\" marginheight=\"0\" scrolling=\"no\" class=\"wp-embedded-content\"><\/iframe><script>\n\/*! This file is auto-generated *\/\n!function(d,l){\"use strict\";l.querySelector&&d.addEventListener&&\"undefined\"!=typeof URL&&(d.wp=d.wp||{},d.wp.receiveEmbedMessage||(d.wp.receiveEmbedMessage=function(e){var t=e.data;if((t||t.secret||t.message||t.value)&&!\/[^a-zA-Z0-9]\/.test(t.secret)){for(var s,r,n,a=l.querySelectorAll('iframe[data-secret=\"'+t.secret+'\"]'),o=l.querySelectorAll('blockquote[data-secret=\"'+t.secret+'\"]'),c=new RegExp(\"^https?:$\",\"i\"),i=0;i<o.length;i++)o[i].style.display=\"none\";for(i=0;i<a.length;i++)s=a[i],e.source===s.contentWindow&&(s.removeAttribute(\"style\"),\"height\"===t.message?(1e3<(r=parseInt(t.value,10))?r=1e3:~~r<200&&(r=200),s.height=r):\"link\"===t.message&&(r=new URL(s.getAttribute(\"src\")),n=new URL(t.value),c.test(n.protocol))&&n.host===r.host&&l.activeElement===s&&(d.top.location.href=t.value))}},d.addEventListener(\"message\",d.wp.receiveEmbedMessage,!1),l.addEventListener(\"DOMContentLoaded\",function(){for(var e,t,s=l.querySelectorAll(\"iframe.wp-embedded-content\"),r=0;r<s.length;r++)(t=(e=s[r]).getAttribute(\"data-secret\"))||(t=Math.random().toString(36).substring(2,12),e.src+=\"#?secret=\"+t,e.setAttribute(\"data-secret\",t)),e.contentWindow.postMessage({message:\"ready\",secret:t},\"*\")},!1)))}(window,document);\n\/\/# sourceURL=https:\/\/denizcankizil.tr\/wp-includes\/js\/wp-embed.min.js\n<\/script>","thumbnail_url":"https:\/\/denizcankizil.tr\/wp-content\/uploads\/2025\/01\/4365-01-ToFRXu.jpeg","thumbnail_width":1280,"thumbnail_height":720,"description":"Manavgat\u2019\u0131n \u00d6rnek Mahallesi Yunus Emre Caddesi \u00fczerinde meydana gelen trafik kazas\u0131nda Alparslan T\u00fcrke\u015f Bulvar\u0131 istikametinden, K\u00fclliye istikametine gitmekte olan \u00d6nder A.\u2019n\u0131n kulland\u0131\u011f\u0131 07 BOF 965 plakal\u0131 Audi marka otomobilin, 1525 sokak kav\u015fa\u011f\u0131na geldi\u011finde, \u00dcmm\u00fc K.\u2019n\u0131n kulland\u0131\u011f\u0131 07 BOV 256 plakal\u0131 motosiklete \u00e7arpt\u0131. \u00c7arpman\u0131n \u015fiddetiyle motosiklet s\u00fcr\u00fcc\u00fcs\u00fc \u00dcmm\u00fc K. ve yolcu olarak bulunan \u0130pek K. yolun kar\u015f\u0131 \u015feride f\u0131rlayarak asfalta d\u00fc\u015ft\u00fc. \u00d6n tekeri kopan motosiklet otomobilin \u00f6n\u00fcnde yakla\u015f\u0131k 150 metre s\u00fcr\u00fcklendi. Ac\u0131l\u0131 babay\u0131 k\u0131z\u0131ndan g\u00fc\u00e7l\u00fckle ay\u0131rd\u0131lar Yaralanan gen\u00e7 k\u0131zlar\u0131n yard\u0131m\u0131na ilk olarak \u00e7evredeki vatanda\u015flar ve mahalle sakinleri ko\u015farken, gen\u00e7 k\u0131zlar\u0131n ba\u015f\u0131n\u0131n alt\u0131na ve \u00fczerlerine evlerinden getirdikleri \u00f6rt\u00fcleri koydular. Kazay\u0131 duyarak olay yerine gelen gen\u00e7 k\u0131zlardan birisinin babas\u0131 yerde ac\u0131 i\u00e7erisinde k\u0131vranan k\u0131z\u0131na \u2018Korkma a\u015fk\u0131m, \u015fimdi annende gelecek\u2019 \u015feklinde teselli etmeye \u00e7al\u0131\u015ft\u0131, Sa\u011fl\u0131k ekiplerinin gen\u00e7 k\u0131za m\u00fcdahalede bulunabilmesi i\u00e7in polisler ac\u0131l\u0131 babay\u0131 k\u0131z\u0131n\u0131n yan\u0131ndan g\u00fc\u00e7l\u00fckle uzakla\u015ft\u0131rabildi. Yaral\u0131lar 112 sa\u011fl\u0131k ekiplerinin olay yerindeki m\u00fcdahalesinin ard\u0131ndan ambulansla hastaneye kald\u0131r\u0131ld\u0131. Yaral\u0131lardan birisi Antalya\u2019ya sevk edildi Yaral\u0131lar\u0131n hastaneye kald\u0131r\u0131lmalar\u0131n\u0131n ard\u0131ndan olay yerinin \u00e7evresi emniyet \u015feridiyle \u00e7evrilirken, Manavgat Emniyet M\u00fcd\u00fcrl\u00fc\u011f\u00fc Olay Yeri \u0130nceleme B\u00fcro Amirli\u011fi ekiplerince olay yerinde incelemelerde bulunuldu. Kazada yaralanan gen\u00e7 k\u0131zlardan birisi Manavgat\u2019ta \u00d6zel Hastanede ameliyata al\u0131n\u0131rken, di\u011fer k\u0131z ilk m\u00fcdahalenin ard\u0131ndan Antalya\u2019ya sevk edildi. Kaynak: www.kanalv.com.tr Haber Sitesinden Al\u0131nm\u0131\u015ft\u0131r."}