{"version":"1.0","provider_name":"Av. Deniz Can K\u0131z\u0131l","provider_url":"https:\/\/denizcankizil.tr\/de","author_name":"Av. Deniz Can K\u0131z\u0131l","author_url":"https:\/\/denizcankizil.tr\/de","title":"Kalp krizi ge\u00e7iren i\u015f\u00e7i hastanede hayat\u0131n\u0131 kaybetti","type":"rich","width":600,"height":338,"html":"<blockquote class=\"wp-embedded-content\" data-secret=\"c2WP46BZwS\"><a href=\"https:\/\/denizcankizil.tr\/de\/haberler\/antalya\/kalp-krizi-geciren-isci-hastanede-hayatini-kaybetti\/\">Kalp krizi ge\u00e7iren i\u015f\u00e7i hastanede hayat\u0131n\u0131 kaybetti<\/a><\/blockquote><iframe sandbox=\"allow-scripts\" security=\"restricted\" src=\"https:\/\/denizcankizil.tr\/de\/haberler\/antalya\/kalp-krizi-geciren-isci-hastanede-hayatini-kaybetti\/embed\/#?secret=c2WP46BZwS\" width=\"600\" height=\"338\" title=\"&#8222;Kalp krizi ge\u00e7iren i\u015f\u00e7i hastanede hayat\u0131n\u0131 kaybetti&#8220; &#8211; Av. Deniz Can K\u0131z\u0131l\" data-secret=\"c2WP46BZwS\" frameborder=\"0\" marginwidth=\"0\" marginheight=\"0\" scrolling=\"no\" class=\"wp-embedded-content\"><\/iframe><script>\n\/*! This file is auto-generated *\/\n!function(d,l){\"use strict\";l.querySelector&&d.addEventListener&&\"undefined\"!=typeof URL&&(d.wp=d.wp||{},d.wp.receiveEmbedMessage||(d.wp.receiveEmbedMessage=function(e){var t=e.data;if((t||t.secret||t.message||t.value)&&!\/[^a-zA-Z0-9]\/.test(t.secret)){for(var s,r,n,a=l.querySelectorAll('iframe[data-secret=\"'+t.secret+'\"]'),o=l.querySelectorAll('blockquote[data-secret=\"'+t.secret+'\"]'),c=new RegExp(\"^https?:$\",\"i\"),i=0;i<o.length;i++)o[i].style.display=\"none\";for(i=0;i<a.length;i++)s=a[i],e.source===s.contentWindow&&(s.removeAttribute(\"style\"),\"height\"===t.message?(1e3<(r=parseInt(t.value,10))?r=1e3:~~r<200&&(r=200),s.height=r):\"link\"===t.message&&(r=new URL(s.getAttribute(\"src\")),n=new URL(t.value),c.test(n.protocol))&&n.host===r.host&&l.activeElement===s&&(d.top.location.href=t.value))}},d.addEventListener(\"message\",d.wp.receiveEmbedMessage,!1),l.addEventListener(\"DOMContentLoaded\",function(){for(var e,t,s=l.querySelectorAll(\"iframe.wp-embedded-content\"),r=0;r<s.length;r++)(t=(e=s[r]).getAttribute(\"data-secret\"))||(t=Math.random().toString(36).substring(2,12),e.src+=\"#?secret=\"+t,e.setAttribute(\"data-secret\",t)),e.contentWindow.postMessage({message:\"ready\",secret:t},\"*\")},!1)))}(window,document);\n\/\/# sourceURL=https:\/\/denizcankizil.tr\/wp-includes\/js\/wp-embed.min.js\n<\/script>","thumbnail_url":"https:\/\/denizcankizil.tr\/wp-content\/uploads\/2025\/01\/4016-01-1xNzxj.jpeg","thumbnail_width":1280,"thumbnail_height":720,"description":"Olay, Manavgat \u015eelale Su \u00dcretim Tesisinde meydana geldi. Firmada \u00e7al\u0131\u015fan 50 ya\u015f\u0131ndaki Aziz \u00c7akmak, y\u00fcr\u00fcd\u00fc\u011f\u00fc esnada bir anda d\u00fc\u015ferek ba\u015f\u0131n\u0131 beton zemine \u00e7arpt\u0131. \u0130hbar \u00fczerine olay yerine 112 sa\u011fl\u0131k ekibi sevk edildi. Sa\u011fl\u0131k ekiplerince kalbi durdu\u011fu belirlenen \u00c7akmak, yap\u0131lan m\u00fcdahalenin ard\u0131ndan ambulansla Manavgat Devlet Hastanesine sevk edildi. Talihsiz i\u015f\u00e7i, hastanede yap\u0131lan 1 saati a\u015fk\u0131n m\u00fcdahaleye ra\u011fmen kurtar\u0131lamad\u0131. Sar\u0131lar Mahallesinde ikamet etti\u011fi \u00f6\u011frenilen evli ve 3 \u00e7ocuk babas\u0131 \u00c7akmak&#8217;\u0131n cenazesi Antalya Adli T\u0131p Kurumuna g\u00f6nderildi. \u00d6te yandan talihsiz i\u015f\u00e7inin \u015fantiyede yere y\u0131\u011f\u0131ld\u0131\u011f\u0131 anlar g\u00fcvenlik kameralar\u0131na anbean yans\u0131d\u0131. G\u00f6r\u00fcnt\u00fclerde, arkada\u015flar\u0131n\u0131n yan\u0131na y\u00fcr\u00fcyerek gelen \u00c7akmak&#8217;\u0131n bir anda d\u00fc\u015f\u00fcp yere y\u0131\u011f\u0131ld\u0131\u011f\u0131 g\u00f6r\u00fcld\u00fc. Kaynak: www.kanalv.com.tr Haber Sitesinden Al\u0131nm\u0131\u015ft\u0131r."}