{"version":"1.0","provider_name":"Av. Deniz Can K\u0131z\u0131l","provider_url":"https:\/\/denizcankizil.tr\/de","author_name":"Av. Deniz Can K\u0131z\u0131l","author_url":"https:\/\/denizcankizil.tr\/de\/author\/denizcankizil\/","title":"\u0130lk yeterlilik belgeleri sahiplerini buldu","type":"rich","width":600,"height":338,"html":"<blockquote class=\"wp-embedded-content\" data-secret=\"pUXUAFPqeK\"><a href=\"https:\/\/denizcankizil.tr\/de\/haberler\/antalya\/ilk-yeterlilik-belgeleri-sahiplerini-buldu\/\">\u0130lk yeterlilik belgeleri sahiplerini buldu<\/a><\/blockquote><iframe sandbox=\"allow-scripts\" security=\"restricted\" src=\"https:\/\/denizcankizil.tr\/de\/haberler\/antalya\/ilk-yeterlilik-belgeleri-sahiplerini-buldu\/embed\/#?secret=pUXUAFPqeK\" width=\"600\" height=\"338\" title=\"&#8222;\u0130lk yeterlilik belgeleri sahiplerini buldu&#8220; &#8211; Av. Deniz Can K\u0131z\u0131l\" data-secret=\"pUXUAFPqeK\" frameborder=\"0\" marginwidth=\"0\" marginheight=\"0\" scrolling=\"no\" class=\"wp-embedded-content\"><\/iframe><script>\n\/*! This file is auto-generated *\/\n!function(d,l){\"use strict\";l.querySelector&&d.addEventListener&&\"undefined\"!=typeof URL&&(d.wp=d.wp||{},d.wp.receiveEmbedMessage||(d.wp.receiveEmbedMessage=function(e){var t=e.data;if((t||t.secret||t.message||t.value)&&!\/[^a-zA-Z0-9]\/.test(t.secret)){for(var s,r,n,a=l.querySelectorAll('iframe[data-secret=\"'+t.secret+'\"]'),o=l.querySelectorAll('blockquote[data-secret=\"'+t.secret+'\"]'),c=new RegExp(\"^https?:$\",\"i\"),i=0;i<o.length;i++)o[i].style.display=\"none\";for(i=0;i<a.length;i++)s=a[i],e.source===s.contentWindow&&(s.removeAttribute(\"style\"),\"height\"===t.message?(1e3<(r=parseInt(t.value,10))?r=1e3:~~r<200&&(r=200),s.height=r):\"link\"===t.message&&(r=new URL(s.getAttribute(\"src\")),n=new URL(t.value),c.test(n.protocol))&&n.host===r.host&&l.activeElement===s&&(d.top.location.href=t.value))}},d.addEventListener(\"message\",d.wp.receiveEmbedMessage,!1),l.addEventListener(\"DOMContentLoaded\",function(){for(var e,t,s=l.querySelectorAll(\"iframe.wp-embedded-content\"),r=0;r<s.length;r++)(t=(e=s[r]).getAttribute(\"data-secret\"))||(t=Math.random().toString(36).substring(2,12),e.src+=\"#?secret=\"+t,e.setAttribute(\"data-secret\",t)),e.contentWindow.postMessage({message:\"ready\",secret:t},\"*\")},!1)))}(window,document);\n\/\/# sourceURL=https:\/\/denizcankizil.tr\/wp-includes\/js\/wp-embed.min.js\n<\/script>","thumbnail_url":"https:\/\/denizcankizil.tr\/wp-content\/uploads\/2025\/02\/5076-01-SqMfVX.jpeg","thumbnail_width":1280,"thumbnail_height":720,"description":"Antalya Ticaret ve Sanayi Odas\u0131 (ATSO) Y\u00f6netim Kurulu Ba\u015fkan\u0131 Yusuf Hac\u0131s\u00fcleyman, ATSO, T\u00fcrkiye Otomobil Kiralama Federasyonu (TOKFED), T\u00fcm Oto Kiralama ve Mobilite Kurulu\u015flar\u0131 Derne\u011fi (TOKKDER) ve Ara\u00e7 Kiralama Kurulu\u015flar\u0131 Derne\u011fi (AKKDER) i\u015f birli\u011fiyle d\u00fczenlenen &#8220;Ara\u00e7 Kiralama Sekt\u00f6r\u00fcn\u00fcn D\u00fcn\u00fc, Bug\u00fcn\u00fc, Gelece\u011fi&#8221; panelinde, sekt\u00f6r temsilcileri ile bir araya geldi. Panelde, ATSO taraf\u0131ndan hayata ge\u00e7irilen ve Mesleki Yeterlilik Kurumu (MYK) taraf\u0131ndan onaylanan &#8220;Ara\u00e7 Kiralama Dan\u0131\u015fman\u0131 S4 Ulusal Mesleki Yeterlilik&#8221; program\u0131 kapsam\u0131nda, T\u00fcrkiye\u2019de ara\u00e7 kiralama sekt\u00f6r\u00fcndeki ilk ulusal mesleki yeterlilik belgeleri de sekt\u00f6r \u00e7al\u0131\u015fanlar\u0131na takdim edildi. &#8220;Ruhsat sorunu \u00e7\u00f6z\u00fcld\u00fc&#8221; Sekt\u00f6rde bir\u00e7ok sorunla kar\u015f\u0131la\u015ft\u0131klar\u0131n\u0131 belirten Ara\u00e7 Kiralama Kurulu\u015flar\u0131 Derne\u011fi (AKKDER) \u00c7i\u011fdem Ko\u015fan, &#8220;Dikkat etmemiz gereken \u00e7ok fazla mevzuat ve prosed\u00fcr var. Bu da zaman zaman bizleri zorluyor ve ma\u011fduriyetler ya\u015fanmas\u0131na neden oluyor. \u00d6zellikle i\u015f yeri ruhsatlar\u0131 konusunda ciddi s\u0131k\u0131nt\u0131lar ya\u015fam\u0131\u015ft\u0131k. Ancak Muratpa\u015fa ve Konyaalt\u0131 il\u00e7elerinde bu sorunu \u00e7\u00f6zd\u00fck. B\u00f6ylece 395 i\u015f yerimiz mesleki faaliyetlerine rahatl\u0131kla devam edebiliyor. Ancak Ermenek&#8217;te derne\u011fimize tahsis edilen depolama alan\u0131 doldu. Bu nedenle ruhsat alamayan baz\u0131 i\u015f yerleri kapanmak zorunda kald\u0131. Neyse ki, ATSO devreye girerek sorunumuzu \u00e7\u00f6zd\u00fc. Yasal d\u00fczenlemeler sa\u011fland\u0131ktan sonra 900 i\u015fletmemiz daha ruhsat alabilecek. Kemer\u2019de de ruhsat sorunu \u00e7\u00f6z\u00fcme kavu\u015ftu&#8221; dedi. TOKFED Y\u00f6netim Kurulu Ba\u015fkan\u0131 Adnan Dan\u0131\u015fkan, i\u015f g\u00fcc\u00fc piyasas\u0131n\u0131n kalitesini art\u0131rmak, sekt\u00f6rel geli\u015fmeleri yak\u0131ndan takip etmek ve &hellip;"}