{"version":"1.0","provider_name":"Av. Deniz Can K\u0131z\u0131l","provider_url":"https:\/\/denizcankizil.tr\/de","author_name":"Av. Deniz Can K\u0131z\u0131l","author_url":"https:\/\/denizcankizil.tr\/de\/author\/denizcankizil\/","title":"Hedef 18 milyon","type":"rich","width":600,"height":338,"html":"<blockquote class=\"wp-embedded-content\" data-secret=\"nE4EpBODYa\"><a href=\"https:\/\/denizcankizil.tr\/de\/haberler\/antalya\/hedef-18-milyon\/\">Hedef 18 milyon<\/a><\/blockquote><iframe sandbox=\"allow-scripts\" security=\"restricted\" src=\"https:\/\/denizcankizil.tr\/de\/haberler\/antalya\/hedef-18-milyon\/embed\/#?secret=nE4EpBODYa\" width=\"600\" height=\"338\" title=\"&#8222;Hedef 18 milyon&#8220; &#8211; Av. Deniz Can K\u0131z\u0131l\" data-secret=\"nE4EpBODYa\" frameborder=\"0\" marginwidth=\"0\" marginheight=\"0\" scrolling=\"no\" class=\"wp-embedded-content\"><\/iframe><script>\n\/*! This file is auto-generated *\/\n!function(d,l){\"use strict\";l.querySelector&&d.addEventListener&&\"undefined\"!=typeof URL&&(d.wp=d.wp||{},d.wp.receiveEmbedMessage||(d.wp.receiveEmbedMessage=function(e){var t=e.data;if((t||t.secret||t.message||t.value)&&!\/[^a-zA-Z0-9]\/.test(t.secret)){for(var s,r,n,a=l.querySelectorAll('iframe[data-secret=\"'+t.secret+'\"]'),o=l.querySelectorAll('blockquote[data-secret=\"'+t.secret+'\"]'),c=new RegExp(\"^https?:$\",\"i\"),i=0;i<o.length;i++)o[i].style.display=\"none\";for(i=0;i<a.length;i++)s=a[i],e.source===s.contentWindow&&(s.removeAttribute(\"style\"),\"height\"===t.message?(1e3<(r=parseInt(t.value,10))?r=1e3:~~r<200&&(r=200),s.height=r):\"link\"===t.message&&(r=new URL(s.getAttribute(\"src\")),n=new URL(t.value),c.test(n.protocol))&&n.host===r.host&&l.activeElement===s&&(d.top.location.href=t.value))}},d.addEventListener(\"message\",d.wp.receiveEmbedMessage,!1),l.addEventListener(\"DOMContentLoaded\",function(){for(var e,t,s=l.querySelectorAll(\"iframe.wp-embedded-content\"),r=0;r<s.length;r++)(t=(e=s[r]).getAttribute(\"data-secret\"))||(t=Math.random().toString(36).substring(2,12),e.src+=\"#?secret=\"+t,e.setAttribute(\"data-secret\",t)),e.contentWindow.postMessage({message:\"ready\",secret:t},\"*\")},!1)))}(window,document);\n\/\/# sourceURL=https:\/\/denizcankizil.tr\/wp-includes\/js\/wp-embed.min.js\n<\/script>","description":"Turizm sekt\u00f6r\u00fcn\u00fcn bu y\u0131l \u00e7ok zor bir k\u0131\u015f d\u00f6nemi ge\u00e7irdi\u011fini belirten AKTOB Ba\u015fkan\u0131 Kaan Ka\u015fif Kavalo\u011flu, ilk \u00fc\u00e7 ay turist say\u0131s\u0131nda y\u00fczde 20 gerileme oldu\u011funu s\u00f6yledi. Kavalo\u011flu, &#8220;Ama nisan ay\u0131 o kadar iyi geldi ki o y\u00fczde 20 gerili\u011fi kapatt\u0131k. \u015eu an may\u0131s ay\u0131nda Antalya&#8217;ya gelen ki\u015fi say\u0131s\u0131 3 milyonu ge\u00e7ti. Hemen hemen ge\u00e7en sene ile ayn\u0131 rakamday\u0131z. Yakla\u015f\u0131k 50-60 bin ki\u015fi geriden geliyoruz. Haziran sonunda bu eksi\u011fin kapanaca\u011f\u0131n\u0131 g\u00f6r\u00fcyor, y\u00fczde 5 art\u0131ya ge\u00e7ece\u011fimizi d\u00fc\u015f\u00fcn\u00fcyorum. \u00c7\u00fcnk\u00fc haziranda hem tatil d\u00f6nemleri var hem de ge\u00e7en sene Avrupa Futbol \u015eampiyonas\u0131&#8217;ndan dolay\u0131 gelemeyen turist profili olmu\u015ftu. Bu sene \u00f6yle problem ya\u015famayaca\u011f\u0131m\u0131z\u0131 ve haziran ay\u0131n\u0131n \u00e7ok iyi ge\u00e7ece\u011fini d\u00fc\u015f\u00fcn\u00fcyorum&#8221; dedi. &#8216;\u0130HT\u0130MAL\u0130 B\u0130LE G\u00d6ZLER\u0130M\u0130Z\u0130 PARLATIYOR&#8217; Rusya-Ukrayna sava\u015f\u0131n\u0131n sona erdirilmesi i\u00e7in \u0130stanbul&#8217;daki g\u00f6r\u00fc\u015fmeler ve Antalya&#8217;daki NATO D\u0131\u015fi\u015fleri Bakanlar\u0131 toplant\u0131s\u0131n\u0131n etkilerine de de\u011finen Kavalo\u011flu, &#8220;Antalya&#8217;da d\u00fczenlenen Diplomasi Forumu, NATO Zirvesi ve bar\u0131\u015f g\u00f6r\u00fc\u015fmelerinin \u0130stanbul&#8217;da olmas\u0131 tabii ki \u00e7ok de\u011ferli. Jeopolitik olarak hepimiz T\u00fcrkiye&#8217;nin \u00f6neminin fark\u0131nday\u0131z, \u00e7ok de\u011ferli bir toprakta ya\u015f\u0131yoruz. Bu \u00fclkenin birer ferdi olarak bizim i\u00e7in gurur verici \u015feyler. Dolay\u0131s\u0131yla b\u00fct\u00fcn d\u00fcnya g\u00fcndemini \u00fclkemizde tutuyor. T\u00fcrkiye zaten kalbi turizmle \u00e7arpan bir \u00fclke; hem siyasi anlamda hem jeopolitik anlamda \u00f6nemini t\u00fcm d\u00fcnya biliyor. Bizim \u00fczerimize d\u00fc\u015fen de \u00fclkemize gelen turistlerin mutlu \u015fekilde kendi \u00fclkelerine d\u00f6nmeleri. Bu bizim &hellip;"}