{"version":"1.0","provider_name":"Av. Deniz Can K\u0131z\u0131l","provider_url":"https:\/\/denizcankizil.tr\/de","author_name":"Av. Deniz Can K\u0131z\u0131l","author_url":"https:\/\/denizcankizil.tr\/de\/author\/denizcankizil\/","title":"Hafif ticari ara\u00e7 yayaya \u00e7arpt\u0131","type":"rich","width":600,"height":338,"html":"<blockquote class=\"wp-embedded-content\" data-secret=\"aCskGPXmbe\"><a href=\"https:\/\/denizcankizil.tr\/de\/haberler\/antalya\/hafif-ticari-arac-yayaya-carpti-2\/\">Hafif ticari ara\u00e7 yayaya \u00e7arpt\u0131<\/a><\/blockquote><iframe sandbox=\"allow-scripts\" security=\"restricted\" src=\"https:\/\/denizcankizil.tr\/de\/haberler\/antalya\/hafif-ticari-arac-yayaya-carpti-2\/embed\/#?secret=aCskGPXmbe\" width=\"600\" height=\"338\" title=\"&#8222;Hafif ticari ara\u00e7 yayaya \u00e7arpt\u0131&#8220; &#8211; Av. Deniz Can K\u0131z\u0131l\" data-secret=\"aCskGPXmbe\" frameborder=\"0\" marginwidth=\"0\" marginheight=\"0\" scrolling=\"no\" class=\"wp-embedded-content\"><\/iframe><script>\n\/*! This file is auto-generated *\/\n!function(d,l){\"use strict\";l.querySelector&&d.addEventListener&&\"undefined\"!=typeof URL&&(d.wp=d.wp||{},d.wp.receiveEmbedMessage||(d.wp.receiveEmbedMessage=function(e){var t=e.data;if((t||t.secret||t.message||t.value)&&!\/[^a-zA-Z0-9]\/.test(t.secret)){for(var s,r,n,a=l.querySelectorAll('iframe[data-secret=\"'+t.secret+'\"]'),o=l.querySelectorAll('blockquote[data-secret=\"'+t.secret+'\"]'),c=new RegExp(\"^https?:$\",\"i\"),i=0;i<o.length;i++)o[i].style.display=\"none\";for(i=0;i<a.length;i++)s=a[i],e.source===s.contentWindow&&(s.removeAttribute(\"style\"),\"height\"===t.message?(1e3<(r=parseInt(t.value,10))?r=1e3:~~r<200&&(r=200),s.height=r):\"link\"===t.message&&(r=new URL(s.getAttribute(\"src\")),n=new URL(t.value),c.test(n.protocol))&&n.host===r.host&&l.activeElement===s&&(d.top.location.href=t.value))}},d.addEventListener(\"message\",d.wp.receiveEmbedMessage,!1),l.addEventListener(\"DOMContentLoaded\",function(){for(var e,t,s=l.querySelectorAll(\"iframe.wp-embedded-content\"),r=0;r<s.length;r++)(t=(e=s[r]).getAttribute(\"data-secret\"))||(t=Math.random().toString(36).substring(2,12),e.src+=\"#?secret=\"+t,e.setAttribute(\"data-secret\",t)),e.contentWindow.postMessage({message:\"ready\",secret:t},\"*\")},!1)))}(window,document);\n\/\/# sourceURL=https:\/\/denizcankizil.tr\/wp-includes\/js\/wp-embed.min.js\n<\/script>","thumbnail_url":"http:\/\/denizcankizil.tr\/wp-content\/uploads\/2024\/12\/3772-01-KfHJn2.jpeg","thumbnail_width":1280,"thumbnail_height":720,"description":"Kaza; Manavgat \u0130l\u00e7esi Ayd\u0131nevler Mahallesi Hasan Fehmi Boztepe Caddesi&#8217;nde meydana geldi. Edinilen bilgiye g\u00f6re, Birsen \u015e. O.&#8217;nun kulland\u0131\u011f\u0131 07 BSB 917 plakal\u0131 hafif ticari ara\u00e7, yaya ge\u00e7idinden ge\u00e7mekte olan Yakup Berber\u2019e \u00e7arpt\u0131. \u00c7arpman\u0131n \u015fiddetiyle ba\u015f\u0131n\u0131 arac\u0131n \u00f6n cam\u0131na \u00e7arparak yaralanan Yakup Berber, sa\u011fl\u0131k ekibinin olay yerindeki m\u00fcdahalesinin ard\u0131ndan ambulansla hastaneye kald\u0131r\u0131ld\u0131. Kaynak: www.kanalv.com.tr Haber Sitesinden Al\u0131nm\u0131\u015ft\u0131r."}