{"version":"1.0","provider_name":"Av. Deniz Can K\u0131z\u0131l","provider_url":"https:\/\/denizcankizil.tr\/de","author_name":"Av. Deniz Can K\u0131z\u0131l","author_url":"https:\/\/denizcankizil.tr\/de\/author\/denizcankizil\/","title":"D\u0131\u015fi\u015fleri Bakan\u0131 Fidan Antalya'da","type":"rich","width":600,"height":338,"html":"<blockquote class=\"wp-embedded-content\" data-secret=\"TFu2guBH9Q\"><a href=\"https:\/\/denizcankizil.tr\/de\/haberler\/antalya\/disisleri-bakani-fidan-antalyada\/\">D\u0131\u015fi\u015fleri Bakan\u0131 Fidan Antalya&#8217;da<\/a><\/blockquote><iframe sandbox=\"allow-scripts\" security=\"restricted\" src=\"https:\/\/denizcankizil.tr\/de\/haberler\/antalya\/disisleri-bakani-fidan-antalyada\/embed\/#?secret=TFu2guBH9Q\" width=\"600\" height=\"338\" title=\"&#8222;D\u0131\u015fi\u015fleri Bakan\u0131 Fidan Antalya&#8217;da&#8220; &#8211; Av. Deniz Can K\u0131z\u0131l\" data-secret=\"TFu2guBH9Q\" frameborder=\"0\" marginwidth=\"0\" marginheight=\"0\" scrolling=\"no\" class=\"wp-embedded-content\"><\/iframe><script>\n\/*! This file is auto-generated *\/\n!function(d,l){\"use strict\";l.querySelector&&d.addEventListener&&\"undefined\"!=typeof URL&&(d.wp=d.wp||{},d.wp.receiveEmbedMessage||(d.wp.receiveEmbedMessage=function(e){var t=e.data;if((t||t.secret||t.message||t.value)&&!\/[^a-zA-Z0-9]\/.test(t.secret)){for(var s,r,n,a=l.querySelectorAll('iframe[data-secret=\"'+t.secret+'\"]'),o=l.querySelectorAll('blockquote[data-secret=\"'+t.secret+'\"]'),c=new RegExp(\"^https?:$\",\"i\"),i=0;i<o.length;i++)o[i].style.display=\"none\";for(i=0;i<a.length;i++)s=a[i],e.source===s.contentWindow&&(s.removeAttribute(\"style\"),\"height\"===t.message?(1e3<(r=parseInt(t.value,10))?r=1e3:~~r<200&&(r=200),s.height=r):\"link\"===t.message&&(r=new URL(s.getAttribute(\"src\")),n=new URL(t.value),c.test(n.protocol))&&n.host===r.host&&l.activeElement===s&&(d.top.location.href=t.value))}},d.addEventListener(\"message\",d.wp.receiveEmbedMessage,!1),l.addEventListener(\"DOMContentLoaded\",function(){for(var e,t,s=l.querySelectorAll(\"iframe.wp-embedded-content\"),r=0;r<s.length;r++)(t=(e=s[r]).getAttribute(\"data-secret\"))||(t=Math.random().toString(36).substring(2,12),e.src+=\"#?secret=\"+t,e.setAttribute(\"data-secret\",t)),e.contentWindow.postMessage({message:\"ready\",secret:t},\"*\")},!1)))}(window,document);\n\/\/# sourceURL=https:\/\/denizcankizil.tr\/wp-includes\/js\/wp-embed.min.js\n<\/script>","thumbnail_url":"https:\/\/denizcankizil.tr\/wp-content\/uploads\/2025\/05\/6334-01-XJTeME.jpg","thumbnail_width":1280,"thumbnail_height":720,"description":"G\u00f6r\u00fc\u015fmede, Ukrayna ve Rusya aras\u0131nda ate\u015fkes sa\u011flanmas\u0131na ve kal\u0131c\u0131 bar\u0131\u015f\u0131n tesisine y\u00f6nelik \u00e7abalar de\u011ferlendirildi. Bakan Fidan, bar\u0131\u015fa ula\u015f\u0131lmas\u0131 i\u00e7in arabuluculuk ve m\u00fczakerelere ev sahipli\u011fi yapmak dahil her t\u00fcrl\u00fc deste\u011fi sa\u011flamaya haz\u0131r olundu\u011funu kaydetti. G\u00f6r\u00fc\u015fmede ayr\u0131ca, Ukrayna Cumhurba\u015fkan\u0131 Zelensky&#8217;nin \u00fclkemize ger\u00e7ekle\u015ftirmesi planlanan ziyaretinin haz\u0131rl\u0131klar\u0131 ele al\u0131nd\u0131. Kaynak: www.kanalv.com.tr Haber Sitesinden Al\u0131nm\u0131\u015ft\u0131r."}