{"version":"1.0","provider_name":"Av. Deniz Can K\u0131z\u0131l","provider_url":"https:\/\/denizcankizil.tr\/de","author_name":"Av. Deniz Can K\u0131z\u0131l","author_url":"https:\/\/denizcankizil.tr\/de\/author\/denizcankizil\/","title":"CHP Genel Ba\u015fkan\u0131 \u00d6zel: \"Antalya milletin kalesidir\"","type":"rich","width":600,"height":338,"html":"<blockquote class=\"wp-embedded-content\" data-secret=\"bnd4YaH1uf\"><a href=\"https:\/\/denizcankizil.tr\/de\/haberler\/antalya\/chp-genel-baskani-ozel-antalya-milletin-kalesidir\/\">CHP Genel Ba\u015fkan\u0131 \u00d6zel: &#8220;Antalya milletin kalesidir&#8221;<\/a><\/blockquote><iframe sandbox=\"allow-scripts\" security=\"restricted\" src=\"https:\/\/denizcankizil.tr\/de\/haberler\/antalya\/chp-genel-baskani-ozel-antalya-milletin-kalesidir\/embed\/#?secret=bnd4YaH1uf\" width=\"600\" height=\"338\" title=\"&#8222;CHP Genel Ba\u015fkan\u0131 \u00d6zel: &#8220;Antalya milletin kalesidir&#8221;&#8220; &#8211; Av. Deniz Can K\u0131z\u0131l\" data-secret=\"bnd4YaH1uf\" frameborder=\"0\" marginwidth=\"0\" marginheight=\"0\" scrolling=\"no\" class=\"wp-embedded-content\"><\/iframe><script>\n\/*! This file is auto-generated *\/\n!function(d,l){\"use strict\";l.querySelector&&d.addEventListener&&\"undefined\"!=typeof URL&&(d.wp=d.wp||{},d.wp.receiveEmbedMessage||(d.wp.receiveEmbedMessage=function(e){var t=e.data;if((t||t.secret||t.message||t.value)&&!\/[^a-zA-Z0-9]\/.test(t.secret)){for(var s,r,n,a=l.querySelectorAll('iframe[data-secret=\"'+t.secret+'\"]'),o=l.querySelectorAll('blockquote[data-secret=\"'+t.secret+'\"]'),c=new RegExp(\"^https?:$\",\"i\"),i=0;i<o.length;i++)o[i].style.display=\"none\";for(i=0;i<a.length;i++)s=a[i],e.source===s.contentWindow&&(s.removeAttribute(\"style\"),\"height\"===t.message?(1e3<(r=parseInt(t.value,10))?r=1e3:~~r<200&&(r=200),s.height=r):\"link\"===t.message&&(r=new URL(s.getAttribute(\"src\")),n=new URL(t.value),c.test(n.protocol))&&n.host===r.host&&l.activeElement===s&&(d.top.location.href=t.value))}},d.addEventListener(\"message\",d.wp.receiveEmbedMessage,!1),l.addEventListener(\"DOMContentLoaded\",function(){for(var e,t,s=l.querySelectorAll(\"iframe.wp-embedded-content\"),r=0;r<s.length;r++)(t=(e=s[r]).getAttribute(\"data-secret\"))||(t=Math.random().toString(36).substring(2,12),e.src+=\"#?secret=\"+t,e.setAttribute(\"data-secret\",t)),e.contentWindow.postMessage({message:\"ready\",secret:t},\"*\")},!1)))}(window,document);\n\/\/# sourceURL=https:\/\/denizcankizil.tr\/wp-includes\/js\/wp-embed.min.js\n<\/script>","description":"CHP Genel Ba\u015fkan\u0131 \u00d6zg\u00fcr \u00d6zel, &#8216;Millet \u0130radesine Sahip \u00c7\u0131k\u0131yor&#8217; mitinglerinin dokuzuncusunu Antalya&#8217;da ger\u00e7ekle\u015ftirdi. Kepez il\u00e7esinde bulunan Kepez Kent Meydan\u0131&#8217;nda Antalyal\u0131lara seslenen \u00d6zel, iktidar\u0131 ele\u015ftirdi. Tutuklanan Ekrem \u0130mamo\u011flu&#8217;na destek veren \u00d6zel, Antalya&#8217;y\u0131 &#8220;milletin kalesi&#8221; olarak tan\u0131mlayarak, &#8220;Art\u0131k kimsenin kalesi yok. Ne Yozgat ne Konya AK Parti&#8217;nin kalesidir. Ne \u0130zmir ne ba\u015fka bir yer CHP&#8217;nin kalesidir. Antalya bir \u00f6yle bir b\u00f6yle de\u011fildir. B\u00fct\u00fcn kaleler art\u0131k milletindir. G\u00fczel Antalya milletin kalesidir, demokrasinin kalesidir. Art\u0131k kalelerin siyaseti, kutupla\u015fma, hedef g\u00f6sterme, bunlar sona ersin. Bu millet huzur, karde\u015flik, kucakla\u015fmak istiyor&#8221; ifadelerini kulland\u0131. Ekrem \u0130mamo\u011flu hakk\u0131nda verilen yarg\u0131 kararlar\u0131n\u0131 ele\u015ftiren \u00d6zel, &#8220;Ama biliyoruz ki her karanl\u0131\u011f\u0131n bir ayd\u0131nl\u0131\u011f\u0131 vard\u0131r. Ekrem ba\u015fkan bizim \u00e7oban y\u0131ld\u0131z\u0131m\u0131zd\u0131r&#8221; dedi. Sara\u00e7hane&#8217;den ba\u015flayan s\u00fcrecin t\u00fcm T\u00fcrkiye&#8217;ye yay\u0131ld\u0131\u011f\u0131n\u0131 s\u00f6yleyen \u00d6zel, &#8220;Ey Erdo\u011fan, ben milletim. Aday\u0131m\u0131 b\u0131rak, sand\u0131\u011f\u0131m\u0131 getir. Cesaretin varsa sand\u0131kta kar\u015f\u0131ma \u00e7\u0131k&#8221; diye konu\u015ftu. Asgari \u00fccrete ara zam istediklerini de yineleyen \u00d6zel, &#8220;Asgari \u00fccrete ara zam hakk\u0131m\u0131z, bunu s\u00f6ke s\u00f6ke alaca\u011f\u0131z&#8221; ifadelerini kulland\u0131. Partilerinin ba\u015flatt\u0131\u011f\u0131 imza kampanyas\u0131 i\u00e7in de destek isteyen \u00d6zel, &#8220;Bilin ki Cumhuriyet Halk Partisi 100 y\u0131l \u00f6nceki gibi dimdik ayaktad\u0131r. Yolumuzda kimse duramayacak, T\u00fcrkiye ittifak\u0131 kazanacak, mutlaka T\u00fcrkiye kazanacak&#8221; diye konu\u015ftu. &#8220;Herkesin ba\u015fkan\u0131 olmaktan vazge\u00e7meyece\u011fim&#8221; CHP Antalya milletvekilleri ve belediye ba\u015fkanlar\u0131n\u0131n da haz\u0131r bulundu\u011fu mitingde Antalya B\u00fcy\u00fck\u015fehir Belediye Ba\u015fkan\u0131 &hellip;"}