{"version":"1.0","provider_name":"Av. Deniz Can K\u0131z\u0131l","provider_url":"https:\/\/denizcankizil.tr\/de","author_name":"Av. Deniz Can K\u0131z\u0131l","author_url":"https:\/\/denizcankizil.tr\/de\/author\/denizcankizil\/","title":"Ba\u015fkan Uysal'dan K\u0131rcami m\u00fcjdesi","type":"rich","width":600,"height":338,"html":"<blockquote class=\"wp-embedded-content\" data-secret=\"vaorQuTPLt\"><a href=\"https:\/\/denizcankizil.tr\/de\/haberler\/antalya\/baskan-uysaldan-kircami-mujdesi\/\">Ba\u015fkan Uysal&#8217;dan K\u0131rcami m\u00fcjdesi<\/a><\/blockquote><iframe sandbox=\"allow-scripts\" security=\"restricted\" src=\"https:\/\/denizcankizil.tr\/de\/haberler\/antalya\/baskan-uysaldan-kircami-mujdesi\/embed\/#?secret=vaorQuTPLt\" width=\"600\" height=\"338\" title=\"&#8222;Ba\u015fkan Uysal&#8217;dan K\u0131rcami m\u00fcjdesi&#8220; &#8211; Av. Deniz Can K\u0131z\u0131l\" data-secret=\"vaorQuTPLt\" frameborder=\"0\" marginwidth=\"0\" marginheight=\"0\" scrolling=\"no\" class=\"wp-embedded-content\"><\/iframe><script>\n\/*! This file is auto-generated *\/\n!function(d,l){\"use strict\";l.querySelector&&d.addEventListener&&\"undefined\"!=typeof URL&&(d.wp=d.wp||{},d.wp.receiveEmbedMessage||(d.wp.receiveEmbedMessage=function(e){var t=e.data;if((t||t.secret||t.message||t.value)&&!\/[^a-zA-Z0-9]\/.test(t.secret)){for(var s,r,n,a=l.querySelectorAll('iframe[data-secret=\"'+t.secret+'\"]'),o=l.querySelectorAll('blockquote[data-secret=\"'+t.secret+'\"]'),c=new RegExp(\"^https?:$\",\"i\"),i=0;i<o.length;i++)o[i].style.display=\"none\";for(i=0;i<a.length;i++)s=a[i],e.source===s.contentWindow&&(s.removeAttribute(\"style\"),\"height\"===t.message?(1e3<(r=parseInt(t.value,10))?r=1e3:~~r<200&&(r=200),s.height=r):\"link\"===t.message&&(r=new URL(s.getAttribute(\"src\")),n=new URL(t.value),c.test(n.protocol))&&n.host===r.host&&l.activeElement===s&&(d.top.location.href=t.value))}},d.addEventListener(\"message\",d.wp.receiveEmbedMessage,!1),l.addEventListener(\"DOMContentLoaded\",function(){for(var e,t,s=l.querySelectorAll(\"iframe.wp-embedded-content\"),r=0;r<s.length;r++)(t=(e=s[r]).getAttribute(\"data-secret\"))||(t=Math.random().toString(36).substring(2,12),e.src+=\"#?secret=\"+t,e.setAttribute(\"data-secret\",t)),e.contentWindow.postMessage({message:\"ready\",secret:t},\"*\")},!1)))}(window,document);\n\/\/# sourceURL=https:\/\/denizcankizil.tr\/wp-includes\/js\/wp-embed.min.js\n<\/script>","thumbnail_url":"https:\/\/denizcankizil.tr\/wp-content\/uploads\/2025\/03\/5637-01-TWn4XK.jpeg","thumbnail_width":1280,"thumbnail_height":720,"description":"Ba\u015fkan Uysal iftar sonras\u0131 konu\u015fmas\u0131na, &#8220;Varl\u0131\u011f\u0131n\u0131z i\u00e7in, dayan\u0131\u015fman\u0131z i\u00e7in, kom\u015fulu\u011funuz i\u00e7in sevginiz, sayg\u0131n\u0131z, \u015fehrimize katt\u0131\u011f\u0131n\u0131z o g\u00fczel duygular i\u00e7in bar\u0131\u015f ve dayan\u0131\u015fma ortam\u0131 i\u00e7in her birinize ayr\u0131 ayr\u0131 \u00e7ok te\u015fekk\u00fcr ediyorum&#8221; s\u00f6zleriyle ba\u015flad\u0131. &#8220;M\u00fcjdeliyorum&#8221; Ba\u015fkan Uysal, iftarda ayr\u0131ca Antalya&#8217;da 8 mahallenin tamam\u0131, Fener ve G\u00fczeloba mahallerinin belli b\u00f6l\u00fcmlerini i\u00e7ine alan K\u0131rcami imar planlamas\u0131na ili\u015fkin \u00f6nemli bir geli\u015fmeyi payla\u015ft\u0131. Ba\u015fkan Uysal, \u015funu s\u00f6yledi: &#8220;K\u0131rcami&#8217;de \u00e7ap verebilir, in\u015faatlar ba\u015flayabilir hale gelmi\u015f bulunuyoruz. Hukuki m\u00fccadeleyi kazanm\u0131\u015f bulunuyoruz. Buradan b\u00fct\u00fcn Antalya&#8217;m\u0131za, 40 bin vatanda\u015f\u0131m\u0131za m\u00fcjdeliyorum. Bir an \u00f6nce herkes gerekeni yapabilir. \u00c7ap\u0131n\u0131 alabilir, in\u015faat\u0131na ba\u015flayabilir. Biz de s\u00fcre\u00e7 i\u00e7inde \u015fehirle\u015fmeyle ilgili bizim belediyemize d\u00fc\u015fen g\u00f6revleri yapaca\u011f\u0131z.&#8221; Kaynak: www.kanalv.com.tr Haber Sitesinden Al\u0131nm\u0131\u015ft\u0131r."}