{"version":"1.0","provider_name":"Av. Deniz Can K\u0131z\u0131l","provider_url":"https:\/\/denizcankizil.tr\/de","author_name":"Av. Deniz Can K\u0131z\u0131l","author_url":"https:\/\/denizcankizil.tr\/de","title":"Apartman merdiveninde kalbine yenik d\u00fc\u015ft\u00fc","type":"rich","width":600,"height":338,"html":"<blockquote class=\"wp-embedded-content\" data-secret=\"8vofvQSZHX\"><a href=\"https:\/\/denizcankizil.tr\/de\/haberler\/antalya\/apartman-merdiveninde-kalbine-yenik-dustu\/\">Apartman merdiveninde kalbine yenik d\u00fc\u015ft\u00fc<\/a><\/blockquote><iframe sandbox=\"allow-scripts\" security=\"restricted\" src=\"https:\/\/denizcankizil.tr\/de\/haberler\/antalya\/apartman-merdiveninde-kalbine-yenik-dustu\/embed\/#?secret=8vofvQSZHX\" width=\"600\" height=\"338\" title=\"&#8222;Apartman merdiveninde kalbine yenik d\u00fc\u015ft\u00fc&#8220; &#8211; Av. Deniz Can K\u0131z\u0131l\" data-secret=\"8vofvQSZHX\" frameborder=\"0\" marginwidth=\"0\" marginheight=\"0\" scrolling=\"no\" class=\"wp-embedded-content\"><\/iframe><script>\n\/*! This file is auto-generated *\/\n!function(d,l){\"use strict\";l.querySelector&&d.addEventListener&&\"undefined\"!=typeof URL&&(d.wp=d.wp||{},d.wp.receiveEmbedMessage||(d.wp.receiveEmbedMessage=function(e){var t=e.data;if((t||t.secret||t.message||t.value)&&!\/[^a-zA-Z0-9]\/.test(t.secret)){for(var s,r,n,a=l.querySelectorAll('iframe[data-secret=\"'+t.secret+'\"]'),o=l.querySelectorAll('blockquote[data-secret=\"'+t.secret+'\"]'),c=new RegExp(\"^https?:$\",\"i\"),i=0;i<o.length;i++)o[i].style.display=\"none\";for(i=0;i<a.length;i++)s=a[i],e.source===s.contentWindow&&(s.removeAttribute(\"style\"),\"height\"===t.message?(1e3<(r=parseInt(t.value,10))?r=1e3:~~r<200&&(r=200),s.height=r):\"link\"===t.message&&(r=new URL(s.getAttribute(\"src\")),n=new URL(t.value),c.test(n.protocol))&&n.host===r.host&&l.activeElement===s&&(d.top.location.href=t.value))}},d.addEventListener(\"message\",d.wp.receiveEmbedMessage,!1),l.addEventListener(\"DOMContentLoaded\",function(){for(var e,t,s=l.querySelectorAll(\"iframe.wp-embedded-content\"),r=0;r<s.length;r++)(t=(e=s[r]).getAttribute(\"data-secret\"))||(t=Math.random().toString(36).substring(2,12),e.src+=\"#?secret=\"+t,e.setAttribute(\"data-secret\",t)),e.contentWindow.postMessage({message:\"ready\",secret:t},\"*\")},!1)))}(window,document);\n\/\/# sourceURL=https:\/\/denizcankizil.tr\/wp-includes\/js\/wp-embed.min.js\n<\/script>","thumbnail_url":"http:\/\/denizcankizil.tr\/wp-content\/uploads\/2024\/11\/3364-01-QhFAGR.jpeg","thumbnail_width":1280,"thumbnail_height":720,"description":"112 Acil \u00c7a\u011fr\u0131 Merkezine gelen ihbar \u00fczerine harekete ge\u00e7en 112 Sa\u011fl\u0131k ekipleri, A\u015fa\u011f\u0131 Hisar Mahallesi&#8217;nde bulunan 3 katl\u0131 binan\u0131n 2. kat merdivenlerinde yatar vaziyette bulunan \u015fahs\u0131n kalbinin durdu\u011funu belirledi. \u015eahs\u0131 ambulansa alarak kalp masaj\u0131na ba\u015flayan sa\u011fl\u0131k ekibi, \u015fahs\u0131 Manavgat Devlet Hastanesine getirirken burada yap\u0131lan t\u00fcm m\u00fcdahalelere ra\u011fmen ad\u0131n\u0131n Mehmet Ali Bulut oldu\u011fu belirlenen 45 ya\u015f\u0131ndaki \u015fah\u0131s, hayata d\u00f6nd\u00fcr\u00fclemedi. Mehmet Ali Bulut\u2019un \u015feker hastas\u0131 oldu\u011fu, g\u00f6z rahats\u0131zl\u0131\u011f\u0131 nedeniyle Konya\u2019ya tedaviye gitti\u011fi, geceyi Konya\u2019da ge\u00e7irdikten sonra sabah otob\u00fcsle Konya\u2019dan Manavgat\u2019a gelmek \u00fczere yola \u00e7\u0131kt\u0131\u011f\u0131, saat 15.00\u2019e kadar gelmeyince e\u015finin aramak i\u00e7in apartmandan a\u015fa\u011f\u0131ya indi\u011fi s\u0131rada merdivende d\u00fc\u015fm\u00fc\u015f olarak bulundu\u011fu bildirildi. Kaynak: www.kanalv.com.tr Haber Sitesinden Al\u0131nm\u0131\u015ft\u0131r."}