{"version":"1.0","provider_name":"Av. Deniz Can K\u0131z\u0131l","provider_url":"https:\/\/denizcankizil.tr\/de","author_name":"Av. Deniz Can K\u0131z\u0131l","author_url":"https:\/\/denizcankizil.tr\/de\/author\/denizcankizil\/","title":"Antalya'n\u0131n tarihi g\u00fcnleri yeniden ya\u015fanacak","type":"rich","width":600,"height":338,"html":"<blockquote class=\"wp-embedded-content\" data-secret=\"fZoU7VFLRO\"><a href=\"https:\/\/denizcankizil.tr\/de\/haberler\/antalya\/antalyanin-tarihi-gunleri-yeniden-yasanacak\/\">Antalya&#8217;n\u0131n tarihi g\u00fcnleri yeniden ya\u015fanacak<\/a><\/blockquote><iframe sandbox=\"allow-scripts\" security=\"restricted\" src=\"https:\/\/denizcankizil.tr\/de\/haberler\/antalya\/antalyanin-tarihi-gunleri-yeniden-yasanacak\/embed\/#?secret=fZoU7VFLRO\" width=\"600\" height=\"338\" title=\"&#8222;Antalya&#8217;n\u0131n tarihi g\u00fcnleri yeniden ya\u015fanacak&#8220; &#8211; Av. Deniz Can K\u0131z\u0131l\" data-secret=\"fZoU7VFLRO\" frameborder=\"0\" marginwidth=\"0\" marginheight=\"0\" scrolling=\"no\" class=\"wp-embedded-content\"><\/iframe><script>\n\/*! This file is auto-generated *\/\n!function(d,l){\"use strict\";l.querySelector&&d.addEventListener&&\"undefined\"!=typeof URL&&(d.wp=d.wp||{},d.wp.receiveEmbedMessage||(d.wp.receiveEmbedMessage=function(e){var t=e.data;if((t||t.secret||t.message||t.value)&&!\/[^a-zA-Z0-9]\/.test(t.secret)){for(var s,r,n,a=l.querySelectorAll('iframe[data-secret=\"'+t.secret+'\"]'),o=l.querySelectorAll('blockquote[data-secret=\"'+t.secret+'\"]'),c=new RegExp(\"^https?:$\",\"i\"),i=0;i<o.length;i++)o[i].style.display=\"none\";for(i=0;i<a.length;i++)s=a[i],e.source===s.contentWindow&&(s.removeAttribute(\"style\"),\"height\"===t.message?(1e3<(r=parseInt(t.value,10))?r=1e3:~~r<200&&(r=200),s.height=r):\"link\"===t.message&&(r=new URL(s.getAttribute(\"src\")),n=new URL(t.value),c.test(n.protocol))&&n.host===r.host&&l.activeElement===s&&(d.top.location.href=t.value))}},d.addEventListener(\"message\",d.wp.receiveEmbedMessage,!1),l.addEventListener(\"DOMContentLoaded\",function(){for(var e,t,s=l.querySelectorAll(\"iframe.wp-embedded-content\"),r=0;r<s.length;r++)(t=(e=s[r]).getAttribute(\"data-secret\"))||(t=Math.random().toString(36).substring(2,12),e.src+=\"#?secret=\"+t,e.setAttribute(\"data-secret\",t)),e.contentWindow.postMessage({message:\"ready\",secret:t},\"*\")},!1)))}(window,document);\n\/\/# sourceURL=https:\/\/denizcankizil.tr\/wp-includes\/js\/wp-embed.min.js\n<\/script>","thumbnail_url":"https:\/\/denizcankizil.tr\/wp-content\/uploads\/2025\/02\/5213-01-o0Bcy6.jpeg","thumbnail_width":1280,"thumbnail_height":720,"description":"Vali Hulusi \u015eahin, Antalya&#8217;n\u0131n Fethi&#8217;nin 818. y\u0131l d\u00f6n\u00fcm\u00fc ve Gazi Mustafa Kemal Atat\u00fcrk&#8217;\u00fcn Antalya&#8217;ya geli\u015finin 95. y\u0131l d\u00f6n\u00fcm\u00fc dolay\u0131s\u0131yla d\u00fczenlenecek etkinlikleri bas\u0131n toplant\u0131s\u0131yla duyurdu. Antalya Valili\u011fi himayelerinde, Antalya B\u00fcy\u00fck\u015fehir Belediyesi, Akdeniz \u00dcniversitesi ve \u00e7e\u015fitli kurumlar\u0131n katk\u0131lar\u0131yla ger\u00e7ekle\u015ftirilecek olan kutlamalar, Antalya&#8217;n\u0131n tarihi a\u00e7\u0131s\u0131ndan b\u00fcy\u00fck \u00f6nem ta\u015f\u0131yor. Antalya&#8217;n\u0131n Fethi&#8217;nin 818. y\u0131l d\u00f6n\u00fcm\u00fc kutlamalar\u0131; 5 Mart \u00c7ar\u015famba g\u00fcn\u00fc Akdeniz \u00dcniversitesi taraf\u0131ndan geleneksel olarak d\u00fczenlenen Uluslararas\u0131 Antalya Fetih Sempozyumu kapsam\u0131nda, Edebiyat Fak\u00fcltesi&#8217;nde Prof. Dr. Ha\u015fim \u015eahin&#8217;in &#8220;Antalya&#8217;n\u0131n Fethi ve T\u00fcrk Tarihi A\u00e7\u0131s\u0131ndan \u00d6nemi&#8221; konferans\u0131yla ba\u015flayacak. Program, Muratpa\u015fa Camii&#8217;nde okutulacak Mevlid-i \u015eerif ve Antalya K\u00fclt\u00fcr Merkezi&#8217;nde ger\u00e7ekle\u015fecek etkinliklerle devam edecek. &#8220;1071&#8217;den de \u00e7ok \u00f6nce geldik&#8221; Antalya&#8217;n\u0131n fethiyle ilgili de\u011ferlendirmelerde bulunan Vali \u015eahin, Anadolu&#8217;nun T\u00fcrkle\u015fme s\u00fcrecinde 1071 Malazgirt Zaferi kadar, Antalya&#8217;n\u0131n 1207 y\u0131l\u0131nda fethedilmesinin de \u00f6nemli bir d\u00f6n\u00fcm noktas\u0131 oldu\u011funu belirtti. \u015eahin, &#8220;Biliyoruz ki Anadolu&#8217;ya \u00e7ok \u00f6nce geldik. 1071&#8217;den de \u00e7ok \u00f6nce geldik. Ama 1071 ve sonras\u0131ndaki bu tarihler i\u015fte denize gelip Antalya&#8217;y\u0131 fethetti\u011fimiz 1207 de bunlardan biridir. Bu tarihler bizim devletimizi kurdu\u011fumuz yani art\u0131k tapu senedini ald\u0131\u011f\u0131m\u0131z kal\u0131c\u0131 oldu\u011fumuz tarihler. Ve bu kal\u0131c\u0131l\u0131k yakla\u015f\u0131k bin y\u0131ld\u0131r devam ediyor. Bu co\u011frafya art\u0131k bizim vatan\u0131m\u0131z. Akdeniz&#8217;de bizim evimiz art\u0131k Mavi Vatan&#8217;dan da g\u00f6k vatandan da bahsediyoruz. Bunlar ecdad\u0131n b\u00fcy\u00fck m\u00fccadeleleri emekleriyle oldu&#8221; ifadelerini kulland\u0131. &#8220;Atat\u00fcrk&#8217;\u00fcn bu ziyareti &hellip;"}