{"version":"1.0","provider_name":"Av. Deniz Can K\u0131z\u0131l","provider_url":"https:\/\/denizcankizil.tr\/de","author_name":"Av. Deniz Can K\u0131z\u0131l","author_url":"https:\/\/denizcankizil.tr\/de\/author\/denizcankizil\/","title":"Antalya\u2019da Zincirleme Kaza: 26 Ki\u015fi Yaraland\u0131!","type":"rich","width":600,"height":338,"html":"<blockquote class=\"wp-embedded-content\" data-secret=\"P9mYnqZSxM\"><a href=\"https:\/\/denizcankizil.tr\/de\/haberler\/antalya\/antalyada-zincirleme-kaza-26-kisi-yaralandi\/\">Antalya\u2019da Zincirleme Kaza: 26 Ki\u015fi Yaraland\u0131!<\/a><\/blockquote><iframe sandbox=\"allow-scripts\" security=\"restricted\" src=\"https:\/\/denizcankizil.tr\/de\/haberler\/antalya\/antalyada-zincirleme-kaza-26-kisi-yaralandi\/embed\/#?secret=P9mYnqZSxM\" width=\"600\" height=\"338\" title=\"&#8222;Antalya\u2019da Zincirleme Kaza: 26 Ki\u015fi Yaraland\u0131!&#8220; &#8211; Av. Deniz Can K\u0131z\u0131l\" data-secret=\"P9mYnqZSxM\" frameborder=\"0\" marginwidth=\"0\" marginheight=\"0\" scrolling=\"no\" class=\"wp-embedded-content\"><\/iframe><script>\n\/*! This file is auto-generated *\/\n!function(d,l){\"use strict\";l.querySelector&&d.addEventListener&&\"undefined\"!=typeof URL&&(d.wp=d.wp||{},d.wp.receiveEmbedMessage||(d.wp.receiveEmbedMessage=function(e){var t=e.data;if((t||t.secret||t.message||t.value)&&!\/[^a-zA-Z0-9]\/.test(t.secret)){for(var s,r,n,a=l.querySelectorAll('iframe[data-secret=\"'+t.secret+'\"]'),o=l.querySelectorAll('blockquote[data-secret=\"'+t.secret+'\"]'),c=new RegExp(\"^https?:$\",\"i\"),i=0;i<o.length;i++)o[i].style.display=\"none\";for(i=0;i<a.length;i++)s=a[i],e.source===s.contentWindow&&(s.removeAttribute(\"style\"),\"height\"===t.message?(1e3<(r=parseInt(t.value,10))?r=1e3:~~r<200&&(r=200),s.height=r):\"link\"===t.message&&(r=new URL(s.getAttribute(\"src\")),n=new URL(t.value),c.test(n.protocol))&&n.host===r.host&&l.activeElement===s&&(d.top.location.href=t.value))}},d.addEventListener(\"message\",d.wp.receiveEmbedMessage,!1),l.addEventListener(\"DOMContentLoaded\",function(){for(var e,t,s=l.querySelectorAll(\"iframe.wp-embedded-content\"),r=0;r<s.length;r++)(t=(e=s[r]).getAttribute(\"data-secret\"))||(t=Math.random().toString(36).substring(2,12),e.src+=\"#?secret=\"+t,e.setAttribute(\"data-secret\",t)),e.contentWindow.postMessage({message:\"ready\",secret:t},\"*\")},!1)))}(window,document);\n\/\/# sourceURL=https:\/\/denizcankizil.tr\/wp-includes\/js\/wp-embed.min.js\n<\/script>","thumbnail_url":"https:\/\/denizcankizil.tr\/wp-content\/uploads\/2025\/07\/web-gorsel-boyut-3-EHqMgM.png","thumbnail_width":1280,"thumbnail_height":720,"description":"ANTALYA&#8217;da 4 arac\u0131n kar\u0131\u015ft\u0131\u011f\u0131 zincirleme kazada 26 ki\u015fi hafif yaraland\u0131. Kaza, saat 07.00 s\u0131ralar\u0131nda Muratpa\u015fa il\u00e7esi G\u00fczelyurt Mahallesi Serik Caddesi Anfa\u015f Yolu \u00fczerinde meydana geldi. Anfa\u015f istikametine seyir halinde olan S\u00fcleyman Kirli idaresindeki 07 SM 011 plakal\u0131 kamyonete, arkadan gelen Emre Il\u0131man y\u00f6netimindeki 07 C 4332 plakal\u0131 personel servis ta\u015f\u0131mac\u0131l\u0131\u011f\u0131 yapan midib\u00fcs \u00e7arpt\u0131. Kazaya arkadan gelen ara\u00e7lardan Turgut Demir&#8217;in kulland\u0131\u011f\u0131 07 CAY 97 plakal\u0131 otob\u00fcs ile \u00d6mer Halis Demir idaresindeki 48 ALB 256 plakal\u0131 kamyon da kar\u0131\u015ft\u0131. Kazada s\u00fcr\u00fcc\u00fc Turgut Demir&#8217;in yan\u0131 s\u0131ra, ara\u00e7lardaki 25 ki\u015fi hafif yaraland\u0131. \u00c7e\u015fitli hastanelere sevk edilen yaral\u0131lar\u0131n hayati tehlikesinin bulunmad\u0131\u011f\u0131 kaydedildi. Kaynak: www.kanalv.com.tr Haber Sitesinden Al\u0131nm\u0131\u015ft\u0131r."}