{"version":"1.0","provider_name":"Av. Deniz Can K\u0131z\u0131l","provider_url":"https:\/\/denizcankizil.tr\/de","author_name":"Av. Deniz Can K\u0131z\u0131l","author_url":"https:\/\/denizcankizil.tr\/de\/author\/denizcankizil\/","title":"Antalya'da 8 Mart D\u00fcnya Kad\u0131nlar G\u00fcn\u00fc","type":"rich","width":600,"height":338,"html":"<blockquote class=\"wp-embedded-content\" data-secret=\"7ALdmu4RLr\"><a href=\"https:\/\/denizcankizil.tr\/de\/haberler\/antalya\/antalyada-8-mart-dunya-kadinlar-gunu\/\">Antalya&#8217;da 8 Mart D\u00fcnya Kad\u0131nlar G\u00fcn\u00fc<\/a><\/blockquote><iframe sandbox=\"allow-scripts\" security=\"restricted\" src=\"https:\/\/denizcankizil.tr\/de\/haberler\/antalya\/antalyada-8-mart-dunya-kadinlar-gunu\/embed\/#?secret=7ALdmu4RLr\" width=\"600\" height=\"338\" title=\"&#8222;Antalya&#8217;da 8 Mart D\u00fcnya Kad\u0131nlar G\u00fcn\u00fc&#8220; &#8211; Av. Deniz Can K\u0131z\u0131l\" data-secret=\"7ALdmu4RLr\" frameborder=\"0\" marginwidth=\"0\" marginheight=\"0\" scrolling=\"no\" class=\"wp-embedded-content\"><\/iframe><script>\n\/*! This file is auto-generated *\/\n!function(d,l){\"use strict\";l.querySelector&&d.addEventListener&&\"undefined\"!=typeof URL&&(d.wp=d.wp||{},d.wp.receiveEmbedMessage||(d.wp.receiveEmbedMessage=function(e){var t=e.data;if((t||t.secret||t.message||t.value)&&!\/[^a-zA-Z0-9]\/.test(t.secret)){for(var s,r,n,a=l.querySelectorAll('iframe[data-secret=\"'+t.secret+'\"]'),o=l.querySelectorAll('blockquote[data-secret=\"'+t.secret+'\"]'),c=new RegExp(\"^https?:$\",\"i\"),i=0;i<o.length;i++)o[i].style.display=\"none\";for(i=0;i<a.length;i++)s=a[i],e.source===s.contentWindow&&(s.removeAttribute(\"style\"),\"height\"===t.message?(1e3<(r=parseInt(t.value,10))?r=1e3:~~r<200&&(r=200),s.height=r):\"link\"===t.message&&(r=new URL(s.getAttribute(\"src\")),n=new URL(t.value),c.test(n.protocol))&&n.host===r.host&&l.activeElement===s&&(d.top.location.href=t.value))}},d.addEventListener(\"message\",d.wp.receiveEmbedMessage,!1),l.addEventListener(\"DOMContentLoaded\",function(){for(var e,t,s=l.querySelectorAll(\"iframe.wp-embedded-content\"),r=0;r<s.length;r++)(t=(e=s[r]).getAttribute(\"data-secret\"))||(t=Math.random().toString(36).substring(2,12),e.src+=\"#?secret=\"+t,e.setAttribute(\"data-secret\",t)),e.contentWindow.postMessage({message:\"ready\",secret:t},\"*\")},!1)))}(window,document);\n\/\/# sourceURL=https:\/\/denizcankizil.tr\/wp-includes\/js\/wp-embed.min.js\n<\/script>","thumbnail_url":"https:\/\/denizcankizil.tr\/wp-content\/uploads\/2025\/03\/5401-01-RzZwtx.jpeg","thumbnail_width":1280,"thumbnail_height":720,"description":"8 Mart D\u00fcnya Kad\u0131nlar G\u00fcn\u00fc kapsam\u0131nda, Cumhuriyet Halk Partisi (CHP) Kad\u0131n Kollar\u0131 Antalya \u015eubesi, Kent Konseyi Kad\u0131n Meclisi, Birle\u015fik Kamu-\u0130\u015f Antalya \u015eubesi ve bir\u00e7ok kad\u0131n Cumhuriyet Meydan\u0131&#8217;nda bir araya gelerek \u00e7elenk sunumu ger\u00e7ekle\u015ftirdi. T\u00f6ren, sayg\u0131 duru\u015funda bulunulmas\u0131 ve \u0130stiklal Mar\u015f\u0131&#8217;n\u0131n okunmas\u0131yla ba\u015flad\u0131. CHP Kad\u0131n Kollar\u0131 \u0130l Ba\u015fkan\u0131 Necla \u0130nci Bayrak, partilerinin 81 il ve 973 il\u00e7ede e\u015f zamanl\u0131 bas\u0131n a\u00e7\u0131klamas\u0131 yapt\u0131\u011f\u0131n\u0131 belirterek, kad\u0131n m\u00fccadelesinin \u00f6nemine dikkati \u00e7ekti. Kad\u0131n cinayetleri ve \u015fiddet vakalar\u0131ndaki art\u0131\u015fa i\u015faret eden Bayrak, &#8220;2008-2024 y\u0131llar\u0131 aras\u0131nda bilinen 4 bin 867 kad\u0131n katledildi. 2021&#8217;den bu yana kad\u0131n cinayetleri y\u00fczde 162, \u015f\u00fcpheli kad\u0131n \u00f6l\u00fcmleri ise neredeyse y\u00fczde 100 artt\u0131&#8221; dedi. Kad\u0131nlar\u0131n e\u015fit i\u015fe e\u015fit \u00fccret alamad\u0131\u011f\u0131n\u0131, emeklerinin g\u00f6r\u00fcnmez k\u0131l\u0131nd\u0131\u011f\u0131n\u0131 s\u00f6yleyen Bayrak, \u0130stanbul S\u00f6zle\u015fmesi&#8217;nin yeniden y\u00fcr\u00fcrl\u00fc\u011fe girmesi gerekti\u011fine vurgu yapt\u0131. &#8216;TALEPLER\u0130M\u0130Z DE\u011e\u0130\u015eMED\u0130&#8217; Kent Konseyi Kad\u0131n Meclisi Ba\u015fkan\u0131 Eylem \u00dclgen, kad\u0131nlar\u0131n e\u015fit i\u015fe e\u015fit \u00fccret, sendikala\u015fma ve oy hakk\u0131 m\u00fccadelesine vurgu yapt\u0131. \u00dclgen, &#8220;Kad\u0131n\u0131n toplumda ve i\u015f ya\u015fam\u0131ndaki konumunda ilerleme kaydedilememi\u015f olmas\u0131 nedeniyle taleplerimiz de\u011fi\u015fmemi\u015ftir&#8221; dedi. Kad\u0131nlar\u0131n bask\u0131 ve \u015fiddetten uzak bir \u015fekilde toplumun her alan\u0131na tam kat\u0131l\u0131m sa\u011flamas\u0131 gerekti\u011fini belirten \u00dclgen, &#8220;Kad\u0131na her insan\u0131n do\u011fmakla sahip oldu\u011fu evrensel insan haklar\u0131n\u0131n l\u00fctuf gibi verilip al\u0131nmas\u0131, insan onuru ile ba\u011fda\u015fmaz ve insan hakk\u0131 ihlalidir. Hedefimiz her t\u00fcrl\u00fc ay\u0131r\u0131mc\u0131l\u0131\u011fa kar\u015f\u0131 t\u00fcm kesimler olarak &hellip;"}