{"version":"1.0","provider_name":"Av. Deniz Can K\u0131z\u0131l","provider_url":"https:\/\/denizcankizil.tr\/de","author_name":"Av. Deniz Can K\u0131z\u0131l","author_url":"https:\/\/denizcankizil.tr\/de\/author\/denizcankizil\/","title":"Alanyaspor, haz\u0131rl\u0131klara ba\u015flad\u0131","type":"rich","width":600,"height":338,"html":"<blockquote class=\"wp-embedded-content\" data-secret=\"ZG34frSMhR\"><a href=\"https:\/\/denizcankizil.tr\/de\/haberler\/antalya\/alanyaspor-hazirliklara-basladi\/\">Alanyaspor, haz\u0131rl\u0131klara ba\u015flad\u0131<\/a><\/blockquote><iframe sandbox=\"allow-scripts\" security=\"restricted\" src=\"https:\/\/denizcankizil.tr\/de\/haberler\/antalya\/alanyaspor-hazirliklara-basladi\/embed\/#?secret=ZG34frSMhR\" width=\"600\" height=\"338\" title=\"&#8222;Alanyaspor, haz\u0131rl\u0131klara ba\u015flad\u0131&#8220; &#8211; Av. Deniz Can K\u0131z\u0131l\" data-secret=\"ZG34frSMhR\" frameborder=\"0\" marginwidth=\"0\" marginheight=\"0\" scrolling=\"no\" class=\"wp-embedded-content\"><\/iframe><script>\n\/*! This file is auto-generated *\/\n!function(d,l){\"use strict\";l.querySelector&&d.addEventListener&&\"undefined\"!=typeof URL&&(d.wp=d.wp||{},d.wp.receiveEmbedMessage||(d.wp.receiveEmbedMessage=function(e){var t=e.data;if((t||t.secret||t.message||t.value)&&!\/[^a-zA-Z0-9]\/.test(t.secret)){for(var s,r,n,a=l.querySelectorAll('iframe[data-secret=\"'+t.secret+'\"]'),o=l.querySelectorAll('blockquote[data-secret=\"'+t.secret+'\"]'),c=new RegExp(\"^https?:$\",\"i\"),i=0;i<o.length;i++)o[i].style.display=\"none\";for(i=0;i<a.length;i++)s=a[i],e.source===s.contentWindow&&(s.removeAttribute(\"style\"),\"height\"===t.message?(1e3<(r=parseInt(t.value,10))?r=1e3:~~r<200&&(r=200),s.height=r):\"link\"===t.message&&(r=new URL(s.getAttribute(\"src\")),n=new URL(t.value),c.test(n.protocol))&&n.host===r.host&&l.activeElement===s&&(d.top.location.href=t.value))}},d.addEventListener(\"message\",d.wp.receiveEmbedMessage,!1),l.addEventListener(\"DOMContentLoaded\",function(){for(var e,t,s=l.querySelectorAll(\"iframe.wp-embedded-content\"),r=0;r<s.length;r++)(t=(e=s[r]).getAttribute(\"data-secret\"))||(t=Math.random().toString(36).substring(2,12),e.src+=\"#?secret=\"+t,e.setAttribute(\"data-secret\",t)),e.contentWindow.postMessage({message:\"ready\",secret:t},\"*\")},!1)))}(window,document);\n\/\/# sourceURL=https:\/\/denizcankizil.tr\/wp-includes\/js\/wp-embed.min.js\n<\/script>","thumbnail_url":"https:\/\/denizcankizil.tr\/wp-content\/uploads\/2025\/05\/a-w447575-01-HAfdGY.jpg","thumbnail_width":1280,"thumbnail_height":720,"description":"Trendyol S\u00fcper Lig\u2019in 35. haftas\u0131nda deplasmanda Gaziantep FK ile m\u00fccadele edecek olan Alanyaspor, bug\u00fcn ger\u00e7ekle\u015ftirdi\u011fi antrenmanla bu ma\u00e7\u0131n haz\u0131rl\u0131klar\u0131na ba\u015flad\u0131. Corendon Alanyaspor Teknik Direkt\u00f6r\u00fc Joao Pereira y\u00f6netimindeki antreman \u0131s\u0131nma \u00e7al\u0131\u015fmas\u0131 ile ba\u015flad\u0131. Kayserispor ma\u00e7\u0131nda 11\u2019de forma giyen oyuncular yenileme \u00e7al\u0131\u015fmas\u0131 yapt\u0131. Daha sonra pas \u00e7al\u0131\u015fmas\u0131 yapan oyuncular, antrenman\u0131 taktik \u00e7al\u0131\u015fmas\u0131 ve dar alanda oyun ile tamamlad\u0131. Kaynak: www.kanalv.com.tr Haber Sitesinden Al\u0131nm\u0131\u015ft\u0131r."}