{"version":"1.0","provider_name":"Av. Deniz Can K\u0131z\u0131l","provider_url":"https:\/\/denizcankizil.tr\/de","author_name":"Av. Deniz Can K\u0131z\u0131l","author_url":"https:\/\/denizcankizil.tr\/de\/author\/denizcankizil\/","title":"544 y\u0131l sonra yeniden aya\u011fa kald\u0131r\u0131ld\u0131","type":"rich","width":600,"height":338,"html":"<blockquote class=\"wp-embedded-content\" data-secret=\"iWF2CAC0la\"><a href=\"https:\/\/denizcankizil.tr\/de\/haberler\/antalya\/544-yil-sonra-yeniden-ayaga-kaldirildi\/\">544 y\u0131l sonra yeniden aya\u011fa kald\u0131r\u0131ld\u0131<\/a><\/blockquote><iframe sandbox=\"allow-scripts\" security=\"restricted\" src=\"https:\/\/denizcankizil.tr\/de\/haberler\/antalya\/544-yil-sonra-yeniden-ayaga-kaldirildi\/embed\/#?secret=iWF2CAC0la\" width=\"600\" height=\"338\" title=\"&#8222;544 y\u0131l sonra yeniden aya\u011fa kald\u0131r\u0131ld\u0131&#8220; &#8211; Av. Deniz Can K\u0131z\u0131l\" data-secret=\"iWF2CAC0la\" frameborder=\"0\" marginwidth=\"0\" marginheight=\"0\" scrolling=\"no\" class=\"wp-embedded-content\"><\/iframe><script>\n\/*! This file is auto-generated *\/\n!function(d,l){\"use strict\";l.querySelector&&d.addEventListener&&\"undefined\"!=typeof URL&&(d.wp=d.wp||{},d.wp.receiveEmbedMessage||(d.wp.receiveEmbedMessage=function(e){var t=e.data;if((t||t.secret||t.message||t.value)&&!\/[^a-zA-Z0-9]\/.test(t.secret)){for(var s,r,n,a=l.querySelectorAll('iframe[data-secret=\"'+t.secret+'\"]'),o=l.querySelectorAll('blockquote[data-secret=\"'+t.secret+'\"]'),c=new RegExp(\"^https?:$\",\"i\"),i=0;i<o.length;i++)o[i].style.display=\"none\";for(i=0;i<a.length;i++)s=a[i],e.source===s.contentWindow&&(s.removeAttribute(\"style\"),\"height\"===t.message?(1e3<(r=parseInt(t.value,10))?r=1e3:~~r<200&&(r=200),s.height=r):\"link\"===t.message&&(r=new URL(s.getAttribute(\"src\")),n=new URL(t.value),c.test(n.protocol))&&n.host===r.host&&l.activeElement===s&&(d.top.location.href=t.value))}},d.addEventListener(\"message\",d.wp.receiveEmbedMessage,!1),l.addEventListener(\"DOMContentLoaded\",function(){for(var e,t,s=l.querySelectorAll(\"iframe.wp-embedded-content\"),r=0;r<s.length;r++)(t=(e=s[r]).getAttribute(\"data-secret\"))||(t=Math.random().toString(36).substring(2,12),e.src+=\"#?secret=\"+t,e.setAttribute(\"data-secret\",t)),e.contentWindow.postMessage({message:\"ready\",secret:t},\"*\")},!1)))}(window,document);\n\/\/# sourceURL=https:\/\/denizcankizil.tr\/wp-includes\/js\/wp-embed.min.js\n<\/script>","thumbnail_url":"https:\/\/denizcankizil.tr\/wp-content\/uploads\/2025\/04\/5827-01-dX6a2y.jpg","thumbnail_width":1280,"thumbnail_height":720,"description":"Ka\u015f il\u00e7esinde tarihi M.\u00d6. 6 bin y\u0131l \u00f6ncesine uzanan Patara Antik Kenti&#8217;nde, Roma \u0130mparatoru Nero&#8217;nun yapt\u0131rd\u0131\u011f\u0131 ve tamam\u0131 1481&#8217;deki tsunamide y\u0131k\u0131lan 26,5 metre y\u00fcksekli\u011findeki deniz feneri, restorasyonun ard\u0131ndan iskelesi s\u00f6k\u00fclerek ilk kez g\u00f6r\u00fcnt\u00fclendi. 544 y\u0131l sonra yeniden aya\u011fa kald\u0131r\u0131lan Patara Deniz Feneri&#8217;nin restorasyon projesi, M\u00fcnir Karalo\u011flu&#8217;nun Antalya Valili\u011fi d\u00f6neminde, turizmde 2020 y\u0131l\u0131n\u0131n &#8216;Patara Y\u0131l\u0131&#8217; ilan edilmesi kapsam\u0131nda ba\u015flat\u0131ld\u0131. \u0130LK HAL\u0130 G\u0130B\u0130 G\u00d6R\u00dcLD\u00dc 37 y\u0131l \u00f6nce Akdeniz \u00dcniversitesi&#8217;nden Prof. Dr. Fahri I\u015f\u0131k ve e\u015fi Havva \u0130\u015fkan I\u015f\u0131k taraf\u0131ndan ba\u015flat\u0131lan kaz\u0131larda \u00e7\u0131kart\u0131lan y\u00fczlerce tarihi eser aras\u0131nda en \u00f6nemlilerinden biri olan ve M.S. 64 y\u0131l\u0131nda Roma \u0130mparatoru Nero taraf\u0131ndan yapt\u0131r\u0131lan deniz feneri, yakla\u015f\u0131k y\u00fczde 80&#8217;i kaz\u0131larda ortaya \u00e7\u0131kart\u0131lan orijinal ta\u015flar\u0131, yapay zeka teknolojileri kullan\u0131larak y\u0131k\u0131lmadan \u00f6nceki halindeki yerlerine konularak in\u015fa edildi. 2020&#8217;de ba\u015flayan ve 5 y\u0131la yak\u0131n devam eden restorasyon \u00e7al\u0131\u015fmalar\u0131n\u0131n tamamland\u0131\u011f\u0131n\u0131 ge\u00e7en hafta duyuran ve 1988&#8217;den bug\u00fcne Patara kaz\u0131lar\u0131nda kaz\u0131 ba\u015fkan yard\u0131mc\u0131l\u0131\u011f\u0131 ve kaz\u0131 ba\u015fkan\u0131 olarak g\u00f6rev yapt\u0131ktan sonra 2023 y\u0131l\u0131nda emekli olan Prof. Dr. Havva \u0130\u015fkan I\u015f\u0131k, 26,5 metrelik kulenin etraf\u0131n\u0131 saran iskele s\u00f6k\u00fcld\u00fckten sonra fenerin g\u00f6r\u00fcnt\u00fclerini de payla\u015ft\u0131. Aya\u011fa kald\u0131r\u0131lan deniz feneri, iskelenin s\u00f6k\u00fclmesi ile 544 y\u0131l \u00f6ncesinde oldu\u011fu gibi g\u00f6r\u00fcld\u00fc. \u00c7EVRE D\u00dcZENLEMES\u0130 YAPILACAK \u0130skele s\u00f6k\u00fcld\u00fckten sonraki haline ili\u015fkin foto\u011fraflar\u0131 payla\u015fan Prof. Dr. Havva \u0130\u015fkan I\u015f\u0131k, &#8220;\u00c7ok \u015f\u00fck\u00fcr Allah\u0131m, \u00e7ok &hellip;"}