{"version":"1.0","provider_name":"Av. Deniz Can K\u0131z\u0131l","provider_url":"https:\/\/denizcankizil.tr\/de","author_name":"Av. Deniz Can K\u0131z\u0131l","author_url":"https:\/\/denizcankizil.tr\/de\/author\/denizcankizil\/","title":"3 kez T\u00fcrkiye \u015fampiyonu oldu","type":"rich","width":600,"height":338,"html":"<blockquote class=\"wp-embedded-content\" data-secret=\"ThDAPVhYCQ\"><a href=\"https:\/\/denizcankizil.tr\/de\/haberler\/antalya\/3-kez-turkiye-sampiyonu-oldu\/\">3 kez T\u00fcrkiye \u015fampiyonu oldu<\/a><\/blockquote><iframe sandbox=\"allow-scripts\" security=\"restricted\" src=\"https:\/\/denizcankizil.tr\/de\/haberler\/antalya\/3-kez-turkiye-sampiyonu-oldu\/embed\/#?secret=ThDAPVhYCQ\" width=\"600\" height=\"338\" title=\"&#8222;3 kez T\u00fcrkiye \u015fampiyonu oldu&#8220; &#8211; Av. Deniz Can K\u0131z\u0131l\" data-secret=\"ThDAPVhYCQ\" frameborder=\"0\" marginwidth=\"0\" marginheight=\"0\" scrolling=\"no\" class=\"wp-embedded-content\"><\/iframe><script>\n\/*! This file is auto-generated *\/\n!function(d,l){\"use strict\";l.querySelector&&d.addEventListener&&\"undefined\"!=typeof URL&&(d.wp=d.wp||{},d.wp.receiveEmbedMessage||(d.wp.receiveEmbedMessage=function(e){var t=e.data;if((t||t.secret||t.message||t.value)&&!\/[^a-zA-Z0-9]\/.test(t.secret)){for(var s,r,n,a=l.querySelectorAll('iframe[data-secret=\"'+t.secret+'\"]'),o=l.querySelectorAll('blockquote[data-secret=\"'+t.secret+'\"]'),c=new RegExp(\"^https?:$\",\"i\"),i=0;i<o.length;i++)o[i].style.display=\"none\";for(i=0;i<a.length;i++)s=a[i],e.source===s.contentWindow&&(s.removeAttribute(\"style\"),\"height\"===t.message?(1e3<(r=parseInt(t.value,10))?r=1e3:~~r<200&&(r=200),s.height=r):\"link\"===t.message&&(r=new URL(s.getAttribute(\"src\")),n=new URL(t.value),c.test(n.protocol))&&n.host===r.host&&l.activeElement===s&&(d.top.location.href=t.value))}},d.addEventListener(\"message\",d.wp.receiveEmbedMessage,!1),l.addEventListener(\"DOMContentLoaded\",function(){for(var e,t,s=l.querySelectorAll(\"iframe.wp-embedded-content\"),r=0;r<s.length;r++)(t=(e=s[r]).getAttribute(\"data-secret\"))||(t=Math.random().toString(36).substring(2,12),e.src+=\"#?secret=\"+t,e.setAttribute(\"data-secret\",t)),e.contentWindow.postMessage({message:\"ready\",secret:t},\"*\")},!1)))}(window,document);\n\/\/# sourceURL=https:\/\/denizcankizil.tr\/wp-includes\/js\/wp-embed.min.js\n<\/script>","description":"Alanya Nebahat \u015eifa Anadolu \u0130mam Hatip Lisesi 10. s\u0131n\u0131f \u00f6\u011frencisi olan Hakan Arda \u0130lg\u00fcn, elde etti\u011fi ulusal ve uluslararas\u0131 ba\u015far\u0131lar ile ad\u0131ndan s\u00f6z ettirmeye devam ediyor. Boksa 2022 y\u0131l\u0131nda ba\u015flamas\u0131na ra\u011fmen k\u0131sa s\u00fcrede bir\u00e7ok ba\u015far\u0131ya imza atan \u0130lg\u00fcn, bu ba\u015far\u0131y\u0131 s\u0131k\u0131 antrenman ile elde etti\u011fini s\u00f6yledi. S\u0131ras\u0131yla Kars&#8217;ta d\u00fczenlenen minikler m\u00fcsabakas\u0131nda birinci olurken, Fethiye ve Diyarbak\u0131r&#8217;da d\u00fczenlenen Y\u0131ld\u0131zlar 16 ya\u015f grubunda T\u00fcrkiye \u015fampiyonluklar\u0131 elde eden Arda&#8217;n\u0131n tek hedefi Olimpiyatlarda alt\u0131n madalya kazanarak T\u00fcrk bayra\u011f\u0131n\u0131 g\u00f6klere \u00e7ekmek oldu\u011funu belirtti. Ald\u0131\u011f\u0131 ba\u015far\u0131lar ile Londra&#8217;da d\u00fczenlenecek olan Uluslararas\u0131 boks m\u00fcsabakas\u0131na gitmeye hak kazanan Arda, derece ve madalya alarak \u00fclkesine d\u00f6nmek istiyor. Gen\u00e7 ya\u015fta olmas\u0131na ra\u011fmen ald\u0131\u011f\u0131 ba\u015far\u0131lar ile yediden yetmi\u015fe herkes taraf\u0131ndan takdir toplayan ve boksa ba\u015flama ser\u00fcvenini anlatan Arda \u0130lg\u00fcn, &#8220;3. S\u0131n\u0131fa giderken abim beni boks antrenman\u0131na g\u00f6t\u00fcrd\u00fc. O zaman \u00e7ok etkilenmi\u015ftim. Boksa merak\u0131m o \u015fekilde ba\u015flad\u0131. Ya\u015f\u0131m k\u00fc\u00e7\u00fck oldu\u011fu i\u00e7in abim beni antrenmanlara g\u00f6t\u00fcrm\u00fcyordu. Biraz b\u00fcy\u00fcd\u00fckten sonra ba\u015flars\u0131n dedi. 2022 y\u0131l\u0131nda boksa ba\u015flad\u0131m. \u0130lk birincili\u011fimi 2023 y\u0131l\u0131nda Kars&#8217;ta T\u00fcrkiye \u015fampiyonlu\u011fuyla ald\u0131m. Ard\u0131ndan Slovenya&#8217;da Avrupa \u015fampiyonlu\u011funa se\u00e7ildim. Orada \u00fclkemizi temsil ederek \u00e7eyrek final oynad\u0131m. 2024 y\u0131l\u0131nda Fethiye&#8217;ye gittim. Orda da T\u00fcrkiye \u015eampiyonu oldum. Ard\u0131ndan Bosna Hersek&#8217;te Avrupa \u015fampiyonas\u0131na se\u00e7ildim ve orda ise be\u015finci oldum. Diyarbak\u0131r&#8217;da d\u00fczenlenen Y\u0131ld\u0131z Erkekler T\u00fcrkiye Boks \u015eampiyonas\u0131nda T\u00fcrkiye &hellip;"}