{"version":"1.0","provider_name":"Av. Deniz Can K\u0131z\u0131l","provider_url":"https:\/\/denizcankizil.tr\/de","author_name":"Av. Deniz Can K\u0131z\u0131l","author_url":"https:\/\/denizcankizil.tr\/de\/author\/denizcankizil\/","title":"12. katta can pazar\u0131","type":"rich","width":600,"height":338,"html":"<blockquote class=\"wp-embedded-content\" data-secret=\"hJPcZzp1xX\"><a href=\"https:\/\/denizcankizil.tr\/de\/haberler\/antalya\/12-katta-can-pazari\/\">12. katta can pazar\u0131<\/a><\/blockquote><iframe sandbox=\"allow-scripts\" security=\"restricted\" src=\"https:\/\/denizcankizil.tr\/de\/haberler\/antalya\/12-katta-can-pazari\/embed\/#?secret=hJPcZzp1xX\" width=\"600\" height=\"338\" title=\"&#8222;12. katta can pazar\u0131&#8220; &#8211; Av. Deniz Can K\u0131z\u0131l\" data-secret=\"hJPcZzp1xX\" frameborder=\"0\" marginwidth=\"0\" marginheight=\"0\" scrolling=\"no\" class=\"wp-embedded-content\"><\/iframe><script>\n\/*! This file is auto-generated *\/\n!function(d,l){\"use strict\";l.querySelector&&d.addEventListener&&\"undefined\"!=typeof URL&&(d.wp=d.wp||{},d.wp.receiveEmbedMessage||(d.wp.receiveEmbedMessage=function(e){var t=e.data;if((t||t.secret||t.message||t.value)&&!\/[^a-zA-Z0-9]\/.test(t.secret)){for(var s,r,n,a=l.querySelectorAll('iframe[data-secret=\"'+t.secret+'\"]'),o=l.querySelectorAll('blockquote[data-secret=\"'+t.secret+'\"]'),c=new RegExp(\"^https?:$\",\"i\"),i=0;i<o.length;i++)o[i].style.display=\"none\";for(i=0;i<a.length;i++)s=a[i],e.source===s.contentWindow&&(s.removeAttribute(\"style\"),\"height\"===t.message?(1e3<(r=parseInt(t.value,10))?r=1e3:~~r<200&&(r=200),s.height=r):\"link\"===t.message&&(r=new URL(s.getAttribute(\"src\")),n=new URL(t.value),c.test(n.protocol))&&n.host===r.host&&l.activeElement===s&&(d.top.location.href=t.value))}},d.addEventListener(\"message\",d.wp.receiveEmbedMessage,!1),l.addEventListener(\"DOMContentLoaded\",function(){for(var e,t,s=l.querySelectorAll(\"iframe.wp-embedded-content\"),r=0;r<s.length;r++)(t=(e=s[r]).getAttribute(\"data-secret\"))||(t=Math.random().toString(36).substring(2,12),e.src+=\"#?secret=\"+t,e.setAttribute(\"data-secret\",t)),e.contentWindow.postMessage({message:\"ready\",secret:t},\"*\")},!1)))}(window,document);\n\/\/# sourceURL=https:\/\/denizcankizil.tr\/wp-includes\/js\/wp-embed.min.js\n<\/script>","thumbnail_url":"https:\/\/denizcankizil.tr\/wp-content\/uploads\/2025\/04\/5943-01-2WNACH.jpg","thumbnail_width":1280,"thumbnail_height":720,"description":"Muratpa\u015fa il\u00e7esi Ye\u015filbah\u00e7e Mahallesi 1447. sokakta bulunan bir apartmanda, d\u0131\u015f cephe boyama \u00e7al\u0131\u015fmalar\u0131 s\u0131ras\u0131nda facian\u0131n e\u015fi\u011finden d\u00f6n\u00fcld\u00fc. Apartman\u0131n \u00e7at\u0131s\u0131nda, boya iskelesi kurulu oldu\u011fu s\u0131rada duvar\u0131n bir k\u0131sm\u0131 \u00e7\u00f6kt\u00fc. O esnada 12. katta bulunan i\u015f\u00e7iler Sedat Karaca ve \u00d6mer Karayaluk, \u00e7\u00f6ken duvar\u0131n ard\u0131ndan iskelede as\u0131l\u0131 kald\u0131. Olay yerine k\u0131sa s\u00fcrede Antalya B\u00fcy\u00fck\u015fehir Belediyesi \u0130tfaiyesi ekipleri sevk edildi. \u00d6zel merdivenli ara\u00e7la y\u00fcr\u00fct\u00fclen kurtarma \u00e7al\u0131\u015fmas\u0131, \u00e7evredeki vatanda\u015flar\u0131n ilgisiyle takip edildi. Yakla\u015f\u0131k yar\u0131m saat s\u00fcren \u00e7aban\u0131n ard\u0131ndan i\u015f\u00e7iler a\u015fa\u011f\u0131ya indirildi. V\u00fccutlar\u0131nda boya izleri ve tozlarla a\u015fa\u011f\u0131ya indirilen i\u015f\u00e7ilerin hafif s\u0131yr\u0131klar d\u0131\u015f\u0131nda sa\u011fl\u0131k durumlar\u0131n\u0131n iyi oldu\u011fu \u00f6\u011frenildi. \u0130\u015f\u00e7iler, &#8220;Yukar\u0131da duvar y\u0131k\u0131ld\u0131&#8221; diyerek ya\u015fad\u0131klar\u0131 korkuyu dile getirdi. Kaynak: www.kanalv.com.tr Haber Sitesinden Al\u0131nm\u0131\u015ft\u0131r."}