{"version":"1.0","provider_name":"Av. Deniz Can K\u0131z\u0131l","provider_url":"https:\/\/denizcankizil.tr\/de","author_name":"Av. Deniz Can K\u0131z\u0131l","author_url":"https:\/\/denizcankizil.tr\/de\/author\/denizcankizil\/","title":"1100 y\u0131ll\u0131k zeytin \u00e7ekirdekleri","type":"rich","width":600,"height":338,"html":"<blockquote class=\"wp-embedded-content\" data-secret=\"UIwGpbCVED\"><a href=\"https:\/\/denizcankizil.tr\/de\/haberler\/antalya\/1100-yillik-zeytin-cekirdekleri\/\">1100 y\u0131ll\u0131k zeytin \u00e7ekirdekleri<\/a><\/blockquote><iframe sandbox=\"allow-scripts\" security=\"restricted\" src=\"https:\/\/denizcankizil.tr\/de\/haberler\/antalya\/1100-yillik-zeytin-cekirdekleri\/embed\/#?secret=UIwGpbCVED\" width=\"600\" height=\"338\" title=\"&#8222;1100 y\u0131ll\u0131k zeytin \u00e7ekirdekleri&#8220; &#8211; Av. Deniz Can K\u0131z\u0131l\" data-secret=\"UIwGpbCVED\" frameborder=\"0\" marginwidth=\"0\" marginheight=\"0\" scrolling=\"no\" class=\"wp-embedded-content\"><\/iframe><script>\n\/*! This file is auto-generated *\/\n!function(d,l){\"use strict\";l.querySelector&&d.addEventListener&&\"undefined\"!=typeof URL&&(d.wp=d.wp||{},d.wp.receiveEmbedMessage||(d.wp.receiveEmbedMessage=function(e){var t=e.data;if((t||t.secret||t.message||t.value)&&!\/[^a-zA-Z0-9]\/.test(t.secret)){for(var s,r,n,a=l.querySelectorAll('iframe[data-secret=\"'+t.secret+'\"]'),o=l.querySelectorAll('blockquote[data-secret=\"'+t.secret+'\"]'),c=new RegExp(\"^https?:$\",\"i\"),i=0;i<o.length;i++)o[i].style.display=\"none\";for(i=0;i<a.length;i++)s=a[i],e.source===s.contentWindow&&(s.removeAttribute(\"style\"),\"height\"===t.message?(1e3<(r=parseInt(t.value,10))?r=1e3:~~r<200&&(r=200),s.height=r):\"link\"===t.message&&(r=new URL(s.getAttribute(\"src\")),n=new URL(t.value),c.test(n.protocol))&&n.host===r.host&&l.activeElement===s&&(d.top.location.href=t.value))}},d.addEventListener(\"message\",d.wp.receiveEmbedMessage,!1),l.addEventListener(\"DOMContentLoaded\",function(){for(var e,t,s=l.querySelectorAll(\"iframe.wp-embedded-content\"),r=0;r<s.length;r++)(t=(e=s[r]).getAttribute(\"data-secret\"))||(t=Math.random().toString(36).substring(2,12),e.src+=\"#?secret=\"+t,e.setAttribute(\"data-secret\",t)),e.contentWindow.postMessage({message:\"ready\",secret:t},\"*\")},!1)))}(window,document);\n\/\/# sourceURL=https:\/\/denizcankizil.tr\/wp-includes\/js\/wp-embed.min.js\n<\/script>","thumbnail_url":"https:\/\/denizcankizil.tr\/wp-content\/uploads\/2025\/03\/5406-01-8cQrSB.jpeg","thumbnail_width":1280,"thumbnail_height":720,"description":"Akdeniz \u00dcniversitesi G\u00fczel Sanatlar Fak\u00fcltesi K\u00fclt\u00fcr Varl\u0131klar\u0131 Koruma ve Onar\u0131m B\u00f6l\u00fcm Ba\u015fkan\u0131 Do\u00e7. Dr. Hakan \u00d6niz, K\u00fclt\u00fcr ve Turizm Bakanl\u0131\u011f\u0131\u2019n\u0131n \u2018Gelece\u011fe Miras Projesi\u2019 kapsam\u0131nda 2024 y\u0131l\u0131nda Antalya\u2019n\u0131n Ka\u015f il\u00e7esi a\u00e7\u0131klar\u0131ndaki Besmi Adas\u0131&#8217;n\u0131n yakla\u015f\u0131k 45-50 metre derinliklerinde su alt\u0131 kaz\u0131 \u00e7al\u0131\u015fmalar\u0131na ba\u015flad\u0131klar\u0131n\u0131 belirtti. Bakanl\u0131\u011f\u0131n Kemer il\u00e7esinde \u00e7al\u0131\u015fmalar\u0131n\u0131 y\u00fcr\u00fctt\u00fc\u011f\u00fc Su Alt\u0131 Arkeoloji M\u00fczesi kapsam\u0131nda birka\u00e7 su alt\u0131 kaz\u0131s\u0131n\u0131 birlikte y\u00fcr\u00fctt\u00fcklerini aktaran Do\u00e7. Dr. \u00d6niz, b\u00f6ylelikle hem bilimsel \u00e7al\u0131\u015fmalar\u0131n ger\u00e7ekle\u015ftirildi\u011fini hem de \u00e7\u0131kar\u0131lan eserlerin bu m\u00fczede sergilenmesinin ama\u00e7land\u0131\u011f\u0131n\u0131 s\u00f6yledi. 12 ay boyunca kaz\u0131 \u00e7al\u0131\u015fmalar\u0131n\u0131 y\u00fcr\u00fctebildiklerini de vurgulayan Do\u00e7. Dr. \u00d6niz, bu kapsamda Ka\u015f il\u00e7esindeki Besmi Adas\u0131\u2019nda bulunan bat\u0131kta da bir \u00e7al\u0131\u015fma ba\u015flatt\u0131klar\u0131n\u0131 s\u00f6yledi. Bu bat\u0131\u011f\u0131n bilinen ve turizme a\u00e7\u0131k bir bat\u0131k oldu\u011funu kaydeden Do\u00e7. Dr. \u00d6niz, \u00e7ok derinlerde olmas\u0131 nedeniyle herkesin dalabilece\u011fi bir bat\u0131k olmad\u0131\u011f\u0131n\u0131 belirtti. Do\u00e7. Dr. \u00d6niz, \u201c\u00c7al\u0131\u015fmalar\u0131m\u0131z\u0131 bat\u0131kta bulunan M.S. 9-10\u2019uncu y\u00fczy\u0131la ait 1100 ya\u015f\u0131ndaki amforalara y\u00f6nelik ger\u00e7ekle\u015ftirdik&#8221; dedi. \u2018F\u0130L\u0130ST\u0130N BATI\u011eI OLDU\u011eUNU SAPTADIK\u2019 Yapt\u0131klar\u0131 \u00e7al\u0131\u015fmalarda bat\u0131\u011f\u0131n, Filistin\u2019in Gazze k\u0131y\u0131lar\u0131ndan yola \u00e7\u0131kan zeytinya\u011f\u0131 y\u00fckl\u00fc bir gemi oldu\u011funu belirlediklerini anlatan Do\u00e7. Dr. \u00d6niz, \u015funlar\u0131 s\u00f6yledi: \u201cG\u00fcn\u00fcm\u00fczden 1100 sene \u00f6nce o b\u00f6lge zeytin \u00fcretiminde bilinen bir b\u00f6lgeydi. Tabii maalesef \u015fu an Gazze deyince akl\u0131m\u0131za daha negatif \u015feyler geliyor ama in\u015fallah bu da d\u00fczelecektir. \u00c7al\u0131\u015fmalar y\u00fcr\u00fctt\u00fc\u011f\u00fcm\u00fcz bu gemi, Gazze&#8217;den amforalara y\u00fcklenen zeytinya\u011f\u0131 ile hen\u00fcz &hellip;"}