{"version":"1.0","provider_name":"Av. Deniz Can K\u0131z\u0131l","provider_url":"https:\/\/denizcankizil.tr\/de","author_name":"Av. Deniz Can K\u0131z\u0131l","author_url":"https:\/\/denizcankizil.tr\/de\/author\/denizcankizil\/","title":"101 milyon ceza yiyen emlak\u00e7\u0131lar tepkili","type":"rich","width":600,"height":338,"html":"<blockquote class=\"wp-embedded-content\" data-secret=\"97WfncnlCn\"><a href=\"https:\/\/denizcankizil.tr\/de\/haberler\/antalya\/101-milyon-ceza-yiyen-emlakcilar-tepkili\/\">101 milyon ceza yiyen emlak\u00e7\u0131lar tepkili<\/a><\/blockquote><iframe sandbox=\"allow-scripts\" security=\"restricted\" src=\"https:\/\/denizcankizil.tr\/de\/haberler\/antalya\/101-milyon-ceza-yiyen-emlakcilar-tepkili\/embed\/#?secret=97WfncnlCn\" width=\"600\" height=\"338\" title=\"&#8222;101 milyon ceza yiyen emlak\u00e7\u0131lar tepkili&#8220; &#8211; Av. Deniz Can K\u0131z\u0131l\" data-secret=\"97WfncnlCn\" frameborder=\"0\" marginwidth=\"0\" marginheight=\"0\" scrolling=\"no\" class=\"wp-embedded-content\"><\/iframe><script>\n\/*! This file is auto-generated *\/\n!function(d,l){\"use strict\";l.querySelector&&d.addEventListener&&\"undefined\"!=typeof URL&&(d.wp=d.wp||{},d.wp.receiveEmbedMessage||(d.wp.receiveEmbedMessage=function(e){var t=e.data;if((t||t.secret||t.message||t.value)&&!\/[^a-zA-Z0-9]\/.test(t.secret)){for(var s,r,n,a=l.querySelectorAll('iframe[data-secret=\"'+t.secret+'\"]'),o=l.querySelectorAll('blockquote[data-secret=\"'+t.secret+'\"]'),c=new RegExp(\"^https?:$\",\"i\"),i=0;i<o.length;i++)o[i].style.display=\"none\";for(i=0;i<a.length;i++)s=a[i],e.source===s.contentWindow&&(s.removeAttribute(\"style\"),\"height\"===t.message?(1e3<(r=parseInt(t.value,10))?r=1e3:~~r<200&&(r=200),s.height=r):\"link\"===t.message&&(r=new URL(s.getAttribute(\"src\")),n=new URL(t.value),c.test(n.protocol))&&n.host===r.host&&l.activeElement===s&&(d.top.location.href=t.value))}},d.addEventListener(\"message\",d.wp.receiveEmbedMessage,!1),l.addEventListener(\"DOMContentLoaded\",function(){for(var e,t,s=l.querySelectorAll(\"iframe.wp-embedded-content\"),r=0;r<s.length;r++)(t=(e=s[r]).getAttribute(\"data-secret\"))||(t=Math.random().toString(36).substring(2,12),e.src+=\"#?secret=\"+t,e.setAttribute(\"data-secret\",t)),e.contentWindow.postMessage({message:\"ready\",secret:t},\"*\")},!1)))}(window,document);\n\/\/# sourceURL=https:\/\/denizcankizil.tr\/wp-includes\/js\/wp-embed.min.js\n<\/script>","thumbnail_url":"https:\/\/denizcankizil.tr\/wp-content\/uploads\/2025\/01\/4259-01-tymKKc.jpeg","thumbnail_width":1280,"thumbnail_height":720,"description":"Ticaret Bakan\u0131 \u00d6mer Bolat&#8217;\u0131n ge\u00e7ti\u011fimiz g\u00fcnlerde yapt\u0131\u011f\u0131 a\u00e7\u0131klamada, ilan fiyatlar\u0131nda fahi\u015f art\u0131\u015f yapt\u0131\u011f\u0131 tespit edilen bin 12 emlak i\u015fletmesine toplamda 101 milyon 200 bin TL idari para cezas\u0131 uyguland\u0131\u011f\u0131n\u0131 duyurmas\u0131n\u0131n ard\u0131ndan, Antalya Emlak\u00e7\u0131lar \u0130\u015f Takip\u00e7ileri ve Oto Galericiler Esnaf Odas\u0131 Ba\u015fkan\u0131 \u0130smail \u00c7a\u011flar&#8217;dan dikkat \u00e7eken bir tepki geldi. \u00c7a\u011flar, fahi\u015f fiyat art\u0131\u015flar\u0131n\u0131n as\u0131l sorumlusunun ev sahipleri oldu\u011funu belirterek, cezalar\u0131n ev sahiplerine kesilmesi gerekti\u011fini savundu. \u201cNihai karar\u0131 ev sahipleri verir\u201d \u0130smail \u00c7a\u011flar, emlak\u00e7\u0131lar\u0131n ilan fiyatlar\u0131 \u00fczerinde herhangi bir inisiyatifi olmad\u0131\u011f\u0131n\u0131 vurgulayarak, \u015fu a\u00e7\u0131klamay\u0131 yapt\u0131: &#8220;Biz emlak dan\u0131\u015fmanlar\u0131, ev sahiplerinin talimatlar\u0131 do\u011frultusunda hareket etmek zorunday\u0131z. Ev sahibinin belirledi\u011fi fiyat\u0131n \u00fczerine ya da alt\u0131na bir \u015fey koymam\u0131z m\u00fcmk\u00fcn de\u011fil. Emlak\u00e7\u0131lar ayn\u0131 zamanda eksperlik yapar; bir evin piyasa de\u011ferini ara\u015ft\u0131r\u0131p ev sahibine bildirir. Ancak nihai karar\u0131 ev sahipleri verir. Bu nedenle, fiyat art\u0131\u015flar\u0131ndan bizleri sorumlu tutarak ceza kesilmesi haks\u0131zl\u0131k.&#8221; Fahi\u015f fiyat art\u0131\u015flar\u0131yla ilgili mutlaka bir denetleme yap\u0131lmas\u0131 gerekti\u011fini belirten Antalya Emlak\u00e7\u0131lar Odas\u0131 Ba\u015fkan\u0131 \u00c7a\u011flar, cezalar\u0131n sorumlu taraflara uygulanmas\u0131n\u0131n daha adil olaca\u011f\u0131n\u0131 s\u00f6yledi. \u00c7a\u011flar, &#8221; E\u011fer su\u00e7umuz varsa ceza kesilsin, kesilmesin demiyoruz. Fakat su\u00e7umuz varsa su\u00e7 oran\u0131na g\u00f6re ceza kessinler. Burada bizim fiyat art\u0131\u015f\u0131yla alakal\u0131 hi\u00e7bir su\u00e7umuz yok. Bizi resmen g\u00fcnah ke\u00e7isi ilan ettiler. \u0130lan sitelerine koydu\u011fumuz ilanlar ev sahipleri dedikten sonra koyuluyor. Kesilecekse ceza &hellip;"}