{"version":"1.0","provider_name":"Av. Deniz Can K\u0131z\u0131l","provider_url":"http:\/\/denizcankizil.tr\/uk","author_name":"Hukuki Haber.net","author_url":"http:\/\/denizcankizil.tr\/uk\/author\/hukukihabernet\/","title":"Tahliye edilen Avukat Sel\u00e7uk Koza\u011fa\u00e7l\u0131 yeniden tutukland\u0131","type":"rich","width":600,"height":338,"html":"<blockquote class=\"wp-embedded-content\" data-secret=\"HL385pStKt\"><a href=\"http:\/\/denizcankizil.tr\/uk\/hukukihaber\/tahliye-edilen-avukat-selcuk-kozagacli-yeniden-tutuklandi\/\">Tahliye edilen Avukat Sel\u00e7uk Koza\u011fa\u00e7l\u0131 yeniden tutukland\u0131<\/a><\/blockquote><iframe sandbox=\"allow-scripts\" security=\"restricted\" src=\"http:\/\/denizcankizil.tr\/uk\/hukukihaber\/tahliye-edilen-avukat-selcuk-kozagacli-yeniden-tutuklandi\/embed\/#?secret=HL385pStKt\" width=\"600\" height=\"338\" title=\"&#8220;Tahliye edilen Avukat Sel\u00e7uk Koza\u011fa\u00e7l\u0131 yeniden tutukland\u0131&#8221; &#8212; Av. Deniz Can K\u0131z\u0131l\" data-secret=\"HL385pStKt\" frameborder=\"0\" marginwidth=\"0\" marginheight=\"0\" scrolling=\"no\" class=\"wp-embedded-content\"><\/iframe><script>\n\/*! This file is auto-generated *\/\n!function(d,l){\"use strict\";l.querySelector&&d.addEventListener&&\"undefined\"!=typeof URL&&(d.wp=d.wp||{},d.wp.receiveEmbedMessage||(d.wp.receiveEmbedMessage=function(e){var t=e.data;if((t||t.secret||t.message||t.value)&&!\/[^a-zA-Z0-9]\/.test(t.secret)){for(var s,r,n,a=l.querySelectorAll('iframe[data-secret=\"'+t.secret+'\"]'),o=l.querySelectorAll('blockquote[data-secret=\"'+t.secret+'\"]'),c=new RegExp(\"^https?:$\",\"i\"),i=0;i<o.length;i++)o[i].style.display=\"none\";for(i=0;i<a.length;i++)s=a[i],e.source===s.contentWindow&&(s.removeAttribute(\"style\"),\"height\"===t.message?(1e3<(r=parseInt(t.value,10))?r=1e3:~~r<200&&(r=200),s.height=r):\"link\"===t.message&&(r=new URL(s.getAttribute(\"src\")),n=new URL(t.value),c.test(n.protocol))&&n.host===r.host&&l.activeElement===s&&(d.top.location.href=t.value))}},d.addEventListener(\"message\",d.wp.receiveEmbedMessage,!1),l.addEventListener(\"DOMContentLoaded\",function(){for(var e,t,s=l.querySelectorAll(\"iframe.wp-embedded-content\"),r=0;r<s.length;r++)(t=(e=s[r]).getAttribute(\"data-secret\"))||(t=Math.random().toString(36).substring(2,12),e.src+=\"#?secret=\"+t,e.setAttribute(\"data-secret\",t)),e.contentWindow.postMessage({message:\"ready\",secret:t},\"*\")},!1)))}(window,document);\n\/\/# sourceURL=http:\/\/denizcankizil.tr\/wp-includes\/js\/wp-embed.min.js\n<\/script>","description":"\u00c7a\u011fda\u015f Hukuk\u00e7ular Derne\u011fi\u2019nin (\u00c7HD) Onursal Genel Ba\u015fkan\u0131 Sel\u00e7uk Koza\u011fa\u00e7l\u0131, tutuklu oldu\u011fu Silivri&#8217;deki Marmara Ceza \u0130nfaz Kurumu&#8217;ndan 8 y\u0131l sonra d\u00fcn ak\u015fam saatlerinde tahliye edilmi\u015fti. Koza\u011fa\u00e7l\u0131&#8217;n\u0131n tahliyesi \u00c7HD&#8217;nin sosyal medya hesab\u0131ndan, &#8220;Onursal ba\u015fkan\u0131m\u0131z Av. Sel\u00e7uk Koza\u011fa\u00e7l\u0131 tahliye olmu\u015ftur&#8221; notu ile duyurmu\u015ftu. Payla\u015f\u0131lan videoda, cezaevinin \u00f6n\u00fcnde bekleyenlerin Koza\u011fa\u00e7l\u0131\u2019ya \u00e7i\u00e7ek verdi\u011fi g\u00f6r\u00fcld\u00fc. YEN\u0130DEN G\u00d6ZALTINA ALINDI Ancak, tahliye karar\u0131na yap\u0131lan bir itirazla Koza\u011fa\u00e7l\u0131 hakk\u0131nda yeniden yakalama karar\u0131 verildi. Savc\u0131l\u0131k yetkililerinden edinilen bilgiye g\u00f6re, Koza\u011fa\u00e7l\u0131 yakalama karar\u0131 do\u011frultusunda yeniden g\u00f6zalt\u0131na al\u0131nd\u0131. SAVCILIK \u0130T\u0130RAZ ETT\u0130 Edinilen bilgiye g\u00f6re \u00c7a\u011fda\u015f Hukuk\u00e7ular Derne\u011fi (\u00c7HD) Onursal Genel Ba\u015fkan\u0131 Sel\u00e7uk Koza\u011fa\u00e7l\u0131 hakk\u0131nda yeni bir soru\u015fturma a\u00e7\u0131lmad\u0131. H\u00fckm\u00fcn\u00fc tamamlay\u0131p tahliye edilmesine dair savc\u0131l\u0131k taraf\u0131ndan yap\u0131lan itiraz \u00fczerine yakalama \u00e7\u0131kar\u0131ld\u0131\u011f\u0131 ve sa\u011fl\u0131k muayenesinden sonra \u00c7a\u011flayan Adliyesi&#8217;ne getirilece\u011fi bildirildi.\u00a0 Bak\u0131rk\u00f6y Cumhuriyet Ba\u015fsavc\u0131l\u0131\u011f\u0131 taraf\u0131ndan yap\u0131lan itiraz \u00fczerine Koza\u011fa\u00e7l\u0131&#8217;ya \u015fartl\u0131 tahliye karar\u0131 veren Bak\u0131rk\u00f6y \u0130nfaz Hakimli\u011fi itiraz\u0131 kabul ederek \u015fartl\u0131 tahliye talebinin kabul\u00fc karar\u0131n\u0131 kald\u0131rarak talebin reddi karar\u0131 vermi\u015ftir. S\u0130L\u0130VR\u0130 CEZAEV\u0130&#8217;NE G\u00d6T\u00dcR\u00dcLD\u00dc Koza\u011fa\u00e7l\u0131\u2019n\u0131n tahliye karar\u0131n\u0131 veren ard\u0131ndan savc\u0131l\u0131\u011f\u0131n itiraz\u0131 \u00fczerine karar\u0131 kald\u0131ran hakimlik, geli\u015fim puan\u0131n\u0131n d\u00fc\u015f\u00fck olmas\u0131 sebebiyle iyi hal ko\u015fullar\u0131n\u0131n yerine getirilmedi\u011fine h\u00fckmetti.\u00a0 \u00c7HD\u2019li avukatlar, mevcut karara itiraz edilece\u011fini bildirdi. Koza\u011fa\u00e7l\u0131 yeniden tutuklanarak Silivri Cezaevi&#8217;ne g\u00f6t\u00fcr\u00fcld\u00fc.\u00a0 \u00c7HD&#8217;DEN A\u00c7IKLAMA \u00c7a\u011fda\u015f Hukuk\u00e7ular Derne\u011fi, Koza\u011fa\u00e7l\u0131&#8217;n\u0131n g\u00f6zalt\u0131na al\u0131nmas\u0131na ili\u015fkin \u015fu a\u00e7\u0131klamay\u0131 yapt\u0131:\u00a0 &#8221;\u00c7HD Onursal Ba\u015fkan\u0131 Av. Sel\u00e7uk Koza\u011fa\u00e7l\u0131 &hellip;"}