{"version":"1.0","provider_name":"Av. Deniz Can K\u0131z\u0131l","provider_url":"http:\/\/denizcankizil.tr\/uk","author_name":"Hukuki Haber.net","author_url":"http:\/\/denizcankizil.tr\/uk\/author\/hukukihabernet\/","title":"SASAN\u0130 H\u00dcK\u00dcMDARINA MODERN B\u0130R BAKI\u015e: AHD\u00dc ERDE\u015e\u0130R","type":"rich","width":600,"height":338,"html":"<blockquote class=\"wp-embedded-content\" data-secret=\"B22jSf0gpQ\"><a href=\"http:\/\/denizcankizil.tr\/uk\/hukukihaber\/sasani-hukumdarina-modern-bir-bakis-ahdu-erdesir\/\">SASAN\u0130 H\u00dcK\u00dcMDARINA MODERN B\u0130R BAKI\u015e: AHD\u00dc ERDE\u015e\u0130R<\/a><\/blockquote><iframe sandbox=\"allow-scripts\" security=\"restricted\" src=\"http:\/\/denizcankizil.tr\/uk\/hukukihaber\/sasani-hukumdarina-modern-bir-bakis-ahdu-erdesir\/embed\/#?secret=B22jSf0gpQ\" width=\"600\" height=\"338\" title=\"&#8220;SASAN\u0130 H\u00dcK\u00dcMDARINA MODERN B\u0130R BAKI\u015e: AHD\u00dc ERDE\u015e\u0130R&#8221; &#8212; Av. Deniz Can K\u0131z\u0131l\" data-secret=\"B22jSf0gpQ\" frameborder=\"0\" marginwidth=\"0\" marginheight=\"0\" scrolling=\"no\" class=\"wp-embedded-content\"><\/iframe><script>\n\/*! This file is auto-generated *\/\n!function(d,l){\"use strict\";l.querySelector&&d.addEventListener&&\"undefined\"!=typeof URL&&(d.wp=d.wp||{},d.wp.receiveEmbedMessage||(d.wp.receiveEmbedMessage=function(e){var t=e.data;if((t||t.secret||t.message||t.value)&&!\/[^a-zA-Z0-9]\/.test(t.secret)){for(var s,r,n,a=l.querySelectorAll('iframe[data-secret=\"'+t.secret+'\"]'),o=l.querySelectorAll('blockquote[data-secret=\"'+t.secret+'\"]'),c=new RegExp(\"^https?:$\",\"i\"),i=0;i<o.length;i++)o[i].style.display=\"none\";for(i=0;i<a.length;i++)s=a[i],e.source===s.contentWindow&&(s.removeAttribute(\"style\"),\"height\"===t.message?(1e3<(r=parseInt(t.value,10))?r=1e3:~~r<200&&(r=200),s.height=r):\"link\"===t.message&&(r=new URL(s.getAttribute(\"src\")),n=new URL(t.value),c.test(n.protocol))&&n.host===r.host&&l.activeElement===s&&(d.top.location.href=t.value))}},d.addEventListener(\"message\",d.wp.receiveEmbedMessage,!1),l.addEventListener(\"DOMContentLoaded\",function(){for(var e,t,s=l.querySelectorAll(\"iframe.wp-embedded-content\"),r=0;r<s.length;r++)(t=(e=s[r]).getAttribute(\"data-secret\"))||(t=Math.random().toString(36).substring(2,12),e.src+=\"#?secret=\"+t,e.setAttribute(\"data-secret\",t)),e.contentWindow.postMessage({message:\"ready\",secret:t},\"*\")},!1)))}(window,document);\n\/\/# sourceURL=http:\/\/denizcankizil.tr\/wp-includes\/js\/wp-embed.min.js\n<\/script>","description":"BABEK O\u011eLU ERDE\u015e\u0130R HAKKINDA Sasani \u0130mparatorlu\u011fu\u2019nun (M.S.224-651) kurucusu say\u0131lan 1.Erde\u015fir ya da \u201cErde\u015f\u00eer-i B\u00e2bek\u00e2n\u201d \u0130slam kaynaklar\u0131nda ahlak ve siyaset ile ilgili konularda \u00f6\u011fretici bir destan kahraman\u0131 olarak \u00e7o\u011fu eserde yerini alm\u0131\u015ft\u0131r. Elimizde Erde\u015fir\u2019in k\u00f6keni ve iktidarl\u0131k s\u00fcreci hakk\u0131nda \u00e7ok fazla bilgi bulunmamaktad\u0131r. Zira h\u00fck\u00fcmdar\u0131n anlat\u0131ld\u0131\u011f\u0131 eserlerlerin ekseriyeti epik tarzda, kahramanl\u0131k ve co\u015fku aktaran eserler oldu\u011fundan, s\u00f6z konusu eserlerden Erde\u015fir\u2019in hayat\u0131 ile ilgili tarihsel veriler elde etmek olduk\u00e7a g\u00fc\u00e7t\u00fcr. Bununla birlikte Erde\u015fir\u2019in ailesinin, bug\u00fcnki \u0130ran s\u0131n\u0131rlar\u0131nda yer alan Istahr \u015fehrindeki Anahita tap\u0131na\u011f\u0131n\u0131n bek\u00e7ileri oldu\u011fu, Erde\u015fir\u2019in babas\u0131 Babek\u2019in Istahr \u015fehrinin y\u00f6netimini ele ge\u00e7irdi\u011fi ve Erde\u015fir\u2019in de babas\u0131n\u0131n varisi oldu\u011fu tarihi kay\u0131tlardan elde edilebilmektedir.[1] Erde\u015fir\u2019in dedesi Sasan\u2019\u0131n ise Keyani H\u00fck\u00fcmdar\u0131 Bahmen Bin Esefendiyar\u2019\u0131n h\u00fck\u00fcmdar\u0131n\u0131n o\u011flu oldu\u011fu, babas\u0131 \u00f6l\u00fcnce taht\u0131 karde\u015fine b\u0131rakarak inzivaya \u00e7ekildi\u011fi rivayet edilmektedir.[2] Sasanilerin atas\u0131 olan Sasan\u2019\u0131n hem h\u00fck\u00fcmdar soyundan gelmesi hem de d\u00fcnyan\u0131n maddi varl\u0131\u011f\u0131na \u00f6nem vermeyen tasavvufi bir \u015fahsiyet olmas\u0131, Erde\u015fir\u2019i anlatan biyografilerin ekseriyetinde hem dini hem de politik mersiyelerin bir arada bulunmas\u0131na sebep olmu\u015ftur.[3] Nitekim Erde\u015fir\u2019e atfedilen me\u015fhur Karname-i Erde\u015fir- Babekan adl\u0131 destanda Erde\u015fir\u2019in Ahura Mazda\u2019n\u0131n yard\u0131m\u0131yla satran\u00e7 oynamay\u0131, ata binmeyi, avlanmay\u0131 \u00f6\u011frendi\u011fi nakledilir.[4] Yine s\u00f6z konusu destanda Erde\u015fir, Ferri \u0130zdi\u2019nin[5] yard\u0131m\u0131yla Arguvan\u2019dan kurtulur. Bunun yan\u0131nda Erde\u015fir, tanr\u0131 Kirm\u2019in bo\u011faz\u0131na k\u0131zg\u0131n demir sokarak Zerd\u00fc\u015ft yaz\u0131n\u0131nda put y\u0131k\u0131c\u0131 olarak &hellip;"}