{"version":"1.0","provider_name":"Av. Deniz Can K\u0131z\u0131l","provider_url":"http:\/\/denizcankizil.tr\/uk","author_name":"Hukuki Haber.net","author_url":"http:\/\/denizcankizil.tr\/uk\/author\/hukukihabernet\/","title":"KIYI HUKUKU: KIYI M\u00dcLK\u0130YET\u0130 VE YAPILA\u015eMA","type":"rich","width":600,"height":338,"html":"<blockquote class=\"wp-embedded-content\" data-secret=\"PKmM3CBaB6\"><a href=\"http:\/\/denizcankizil.tr\/uk\/hukukihaber\/kiyi-hukuku-kiyi-mulkiyeti-ve-yapilasma\/\">KIYI HUKUKU: KIYI M\u00dcLK\u0130YET\u0130 VE YAPILA\u015eMA<\/a><\/blockquote><iframe sandbox=\"allow-scripts\" security=\"restricted\" src=\"http:\/\/denizcankizil.tr\/uk\/hukukihaber\/kiyi-hukuku-kiyi-mulkiyeti-ve-yapilasma\/embed\/#?secret=PKmM3CBaB6\" width=\"600\" height=\"338\" title=\"&#8220;KIYI HUKUKU: KIYI M\u00dcLK\u0130YET\u0130 VE YAPILA\u015eMA&#8221; &#8212; Av. Deniz Can K\u0131z\u0131l\" data-secret=\"PKmM3CBaB6\" frameborder=\"0\" marginwidth=\"0\" marginheight=\"0\" scrolling=\"no\" class=\"wp-embedded-content\"><\/iframe><script>\n\/*! This file is auto-generated *\/\n!function(d,l){\"use strict\";l.querySelector&&d.addEventListener&&\"undefined\"!=typeof URL&&(d.wp=d.wp||{},d.wp.receiveEmbedMessage||(d.wp.receiveEmbedMessage=function(e){var t=e.data;if((t||t.secret||t.message||t.value)&&!\/[^a-zA-Z0-9]\/.test(t.secret)){for(var s,r,n,a=l.querySelectorAll('iframe[data-secret=\"'+t.secret+'\"]'),o=l.querySelectorAll('blockquote[data-secret=\"'+t.secret+'\"]'),c=new RegExp(\"^https?:$\",\"i\"),i=0;i<o.length;i++)o[i].style.display=\"none\";for(i=0;i<a.length;i++)s=a[i],e.source===s.contentWindow&&(s.removeAttribute(\"style\"),\"height\"===t.message?(1e3<(r=parseInt(t.value,10))?r=1e3:~~r<200&&(r=200),s.height=r):\"link\"===t.message&&(r=new URL(s.getAttribute(\"src\")),n=new URL(t.value),c.test(n.protocol))&&n.host===r.host&&l.activeElement===s&&(d.top.location.href=t.value))}},d.addEventListener(\"message\",d.wp.receiveEmbedMessage,!1),l.addEventListener(\"DOMContentLoaded\",function(){for(var e,t,s=l.querySelectorAll(\"iframe.wp-embedded-content\"),r=0;r<s.length;r++)(t=(e=s[r]).getAttribute(\"data-secret\"))||(t=Math.random().toString(36).substring(2,12),e.src+=\"#?secret=\"+t,e.setAttribute(\"data-secret\",t)),e.contentWindow.postMessage({message:\"ready\",secret:t},\"*\")},!1)))}(window,document);\n\/\/# sourceURL=http:\/\/denizcankizil.tr\/wp-includes\/js\/wp-embed.min.js\n<\/script>","description":"K\u0131y\u0131 ne deniz ne karad\u0131r; k\u0131y\u0131 araft\u0131r. Denizin karaya yahut karan\u0131n denize boyun e\u011fdi\u011fi veya boyun e\u011fdirdi\u011fi sahad\u0131r. Hukukumuza g\u00f6re bu alan kimseye ait olamaz, burada yap\u0131 yap\u0131lamaz, herkes k\u0131y\u0131y\u0131 e\u015fit ve ortak olarak kullanabilir. Ger\u00e7ekten de suyla karan\u0131n birle\u015fmesinden ya da cebelle\u015fmesinden her zaman korunmaya de\u011fer muhtelif do\u011fal ve k\u00fclt\u00fcrel zenginlikler ortaya \u00e7\u0131kmaktad\u0131r. Ancak k\u0131y\u0131lar turizm, ticaret, seyahat vs. bak\u0131m\u0131ndan kullan\u0131l\u0131p ekonomik de\u011fer ifade etmeye ba\u015flay\u0131ncaya kadar k\u0131y\u0131lar\u0131 koruyan bir d\u00fczenleme yap\u0131lmam\u0131\u015ft\u0131r. Nitekim \u00fclkemizde k\u0131y\u0131ya ili\u015fkin yasal d\u00fczenlemelerde ge\u00e7 kal\u0131nm\u0131\u015ft\u0131r. K\u0131y\u0131lar\u0131n \u00f6zel m\u00fclkiyete yasaklanmas\u0131na kadar k\u0131y\u0131lar al\u0131n\u0131p sat\u0131labiliyordu, k\u0131y\u0131da ruhsatl\u0131 her t\u00fcrl\u00fc in\u015faat yap\u0131labiliyordu ve k\u0131y\u0131n\u0131n sahibi k\u0131y\u0131s\u0131n\u0131n etraf\u0131n\u0131 \u00e7itlerle \u00e7evirebiliyordu. Hatta sava\u015f\u0131n ard\u0131ndan kurulan Cumhuriyetin ilk y\u0131llar\u0131nda k\u0131y\u0131lardaki yap\u0131la\u015fma geli\u015fmi\u015flik alameti olarak g\u00f6r\u00fcl\u00fcyor ve te\u015fvik ediliyordu. Aradan ge\u00e7en zamanda k\u0131y\u0131lar de\u011fi\u015fmedi ancak turizm, ticaret, seyahat, bal\u0131k\u00e7\u0131l\u0131k vb. bir\u00e7ok konuda k\u0131ymet ifade etmeye ba\u015flad\u0131\u011f\u0131ndan insanlar\u0131n k\u0131y\u0131ya bak\u0131\u015f\u0131 de\u011fi\u015fti. De\u011fi\u015fen k\u0131y\u0131ya bak\u0131\u015f\u0131m\u0131z\u0131n k\u0131y\u0131n\u0131n hukuki stat\u00fcs\u00fcn\u00fc nas\u0131l de\u011fi\u015ftirdi\u011finin izlerini s\u00fcrmek niyetiyle kaleme ald\u0131\u011f\u0131m\u0131z bu yaz\u0131da; k\u0131y\u0131 hukukunun buralara nas\u0131l geldi\u011fini anlamak bak\u0131m\u0131ndan d\u00fczenlemelerin arkas\u0131nda yatan tarihi ve sosyolojik gerek\u00e7eleriyle birlikte k\u0131y\u0131lar\u0131n hukuki durumu de\u011ferlendirilecektir.\u00a0Ayr\u0131ca k\u0131y\u0131larla ilgili ya\u015fanan hukuki sorunlar ba\u011flam\u0131nda verdi\u011fi zarar da g\u00f6zetilerek ba\u015fta imar bar\u0131\u015f\u0131na ili\u015fkin d\u00fczenleme olmak \u00fczere \u00f6nemli olanlar\u0131ndan bir k\u0131sm\u0131 bu makalede irdelenecektir. \u00a0T\u00dcRK\u0130YE\u2019DE TOPLUMSAL MESELE &hellip;"}