{"version":"1.0","provider_name":"Av. Deniz Can K\u0131z\u0131l","provider_url":"http:\/\/denizcankizil.tr\/uk","author_name":"Hukuki Haber.net","author_url":"http:\/\/denizcankizil.tr\/uk\/author\/hukukihabernet\/","title":"Cumhurba\u015fkan\u0131 Erdo\u011fan, HSK'ya 4 yeni \u00fcye se\u00e7ti","type":"rich","width":600,"height":338,"html":"<blockquote class=\"wp-embedded-content\" data-secret=\"1QFv63bZvp\"><a href=\"http:\/\/denizcankizil.tr\/uk\/hukukihaber\/cumhurbaskani-erdogan-hskya-4-yeni-uye-secti\/\">Cumhurba\u015fkan\u0131 Erdo\u011fan, HSK&#8217;ya 4 yeni \u00fcye se\u00e7ti<\/a><\/blockquote><iframe sandbox=\"allow-scripts\" security=\"restricted\" src=\"http:\/\/denizcankizil.tr\/uk\/hukukihaber\/cumhurbaskani-erdogan-hskya-4-yeni-uye-secti\/embed\/#?secret=1QFv63bZvp\" width=\"600\" height=\"338\" title=\"&#8220;Cumhurba\u015fkan\u0131 Erdo\u011fan, HSK&#8217;ya 4 yeni \u00fcye se\u00e7ti&#8221; &#8212; Av. Deniz Can K\u0131z\u0131l\" data-secret=\"1QFv63bZvp\" frameborder=\"0\" marginwidth=\"0\" marginheight=\"0\" scrolling=\"no\" class=\"wp-embedded-content\"><\/iframe><script>\n\/*! This file is auto-generated *\/\n!function(d,l){\"use strict\";l.querySelector&&d.addEventListener&&\"undefined\"!=typeof URL&&(d.wp=d.wp||{},d.wp.receiveEmbedMessage||(d.wp.receiveEmbedMessage=function(e){var t=e.data;if((t||t.secret||t.message||t.value)&&!\/[^a-zA-Z0-9]\/.test(t.secret)){for(var s,r,n,a=l.querySelectorAll('iframe[data-secret=\"'+t.secret+'\"]'),o=l.querySelectorAll('blockquote[data-secret=\"'+t.secret+'\"]'),c=new RegExp(\"^https?:$\",\"i\"),i=0;i<o.length;i++)o[i].style.display=\"none\";for(i=0;i<a.length;i++)s=a[i],e.source===s.contentWindow&&(s.removeAttribute(\"style\"),\"height\"===t.message?(1e3<(r=parseInt(t.value,10))?r=1e3:~~r<200&&(r=200),s.height=r):\"link\"===t.message&&(r=new URL(s.getAttribute(\"src\")),n=new URL(t.value),c.test(n.protocol))&&n.host===r.host&&l.activeElement===s&&(d.top.location.href=t.value))}},d.addEventListener(\"message\",d.wp.receiveEmbedMessage,!1),l.addEventListener(\"DOMContentLoaded\",function(){for(var e,t,s=l.querySelectorAll(\"iframe.wp-embedded-content\"),r=0;r<s.length;r++)(t=(e=s[r]).getAttribute(\"data-secret\"))||(t=Math.random().toString(36).substring(2,12),e.src+=\"#?secret=\"+t,e.setAttribute(\"data-secret\",t)),e.contentWindow.postMessage({message:\"ready\",secret:t},\"*\")},!1)))}(window,document);\n\/\/# sourceURL=http:\/\/denizcankizil.tr\/wp-includes\/js\/wp-embed.min.js\n<\/script>","description":"Adalet Bakanl\u0131\u011f\u0131 Hukuk Hizmetleri Genel M\u00fcd\u00fcr\u00fc Serdar Ate\u015f, Adalet Bakanl\u0131\u011f\u0131 Personel Genel M\u00fcd\u00fcr\u00fc Turan Kulo\u011flu, Adalet Bakanl\u0131\u011f\u0131 Personel Genel M\u00fcd\u00fcr\u00fc Turan Kulo\u011flu, \u0130stanbul Adli Yarg\u0131 \u0130lk Derece Mahkemesi Adalet Komisyonu Ba\u015fkan\u0131 Sait \u00d6zdemir ve Ankara B\u00f6lge \u0130dare Mahkemesi Ba\u015fkan\u0131 B\u00fclent K\u00fcf\u00fcd\u00fcr, Cumhurba\u015fkan\u0131 Recep Tayyip Erdo\u011fan taraf\u0131ndan HSK \u00fcyesi olarak se\u00e7ildi. Serdar ATE\u015e kimdir? 1975 Y\u0131l\u0131nda Malatya\u2019da do\u011fmu\u015f olup aslen Elaz\u0131\u011fl\u0131d\u0131r. \u0130lkokulu Dar\u0131ca\u2019da, orta \u00f6\u011frenimini Beykoz ve Kartal\u2019da tamamlad\u0131ktan sonra 1994 y\u0131l\u0131nda girdi\u011fi \u0130stanbul \u00dcniversitesi Hukuk Fak\u00fcltesi\u2019nden 1998 y\u0131l\u0131nda mezun oldu. Ayn\u0131 y\u0131l \u0130stanbul \u00dcniversitesi Sosyal Bilimler Enstit\u00fcs\u00fc Kamu Hukuku Ana Bilim Dal\u0131nda Y\u00fcksek Lisans e\u011fitimine kay\u0131t yapt\u0131rd\u0131. 2000-2001 y\u0131llar\u0131 aras\u0131nda Milli Savunma Bakanl\u0131\u011f\u0131 Malatya \u0130n\u015faat Emlak Ba\u015fkanl\u0131\u011f\u0131\u2019nda Aste\u011fmen Hukuk Uzman\u0131 olarak vatani g\u00f6revini tamamlad\u0131. 2002 y\u0131l\u0131 ba\u015f\u0131ndan itibaren Pendik Belediyesi Hukuk \u0130\u015fleri M\u00fcd\u00fcrl\u00fc\u011f\u00fc, Kocaeli B\u00fcy\u00fck\u015fehir Belediyesi 1.Hukuk M\u00fc\u015favirli\u011fi\u2019nde Avukat olarak g\u00f6rev yapt\u0131. 3 Y\u0131l kadar serbest avukatl\u0131k tecr\u00fcbesinin ard\u0131ndan 2012 y\u0131l\u0131 ba\u015f\u0131nda h\u00e2kimlik mesle\u011fine intisap etti. 2012-2015 y\u0131llar\u0131 aras\u0131nda Tarsus Cumhuriyet Savc\u0131l\u0131\u011f\u0131, 2015-2021 y\u0131llar\u0131 aras\u0131nda Yarg\u0131tay 9., 6. ve 16. Ceza Daireleri\u2019nde \u00e7al\u0131\u015ft\u0131. 2021 Y\u0131l\u0131nda Gaziantep B\u00f6lge Adliye Mahkemesi \u00dcyesi olarak atand\u0131. 28\/05\/2024 tarih ve 32559 say\u0131l\u0131 Resmi Gazete&#8217;de yay\u0131mlanan 27\/05\/2024 tarih ve 2024\/153 say\u0131l\u0131 Cumhurba\u015fkanl\u0131\u011f\u0131 Karar\u0131 ile Adalet Bakanl\u0131\u011f\u0131 Hukuk Hizmetleri Genel M\u00fcd\u00fcrl\u00fc\u011f\u00fc g\u00f6revine atand\u0131 ve 29\/05\/2024 tarihinde g\u00f6revine &hellip;"}