{"version":"1.0","provider_name":"Av. Deniz Can K\u0131z\u0131l","provider_url":"http:\/\/denizcankizil.tr\/uk","author_name":"Av. Deniz Can K\u0131z\u0131l","author_url":"http:\/\/denizcankizil.tr\/uk","title":"AYM'nin 2021\/21556 ba\u015fvuru numaral\u0131 karar\u0131","type":"rich","width":600,"height":338,"html":"<blockquote class=\"wp-embedded-content\" data-secret=\"469Tf0KQvy\"><a href=\"http:\/\/denizcankizil.tr\/uk\/hukukihaber\/aymnin-2021-21556-basvuru-numarali-karari\/\">AYM&#8217;nin 2021\/21556 ba\u015fvuru numaral\u0131 karar\u0131<\/a><\/blockquote><iframe sandbox=\"allow-scripts\" security=\"restricted\" src=\"http:\/\/denizcankizil.tr\/uk\/hukukihaber\/aymnin-2021-21556-basvuru-numarali-karari\/embed\/#?secret=469Tf0KQvy\" width=\"600\" height=\"338\" title=\"&#8220;AYM&#8217;nin 2021\/21556 ba\u015fvuru numaral\u0131 karar\u0131&#8221; &#8212; Av. Deniz Can K\u0131z\u0131l\" data-secret=\"469Tf0KQvy\" frameborder=\"0\" marginwidth=\"0\" marginheight=\"0\" scrolling=\"no\" class=\"wp-embedded-content\"><\/iframe><script>\n\/*! This file is auto-generated *\/\n!function(d,l){\"use strict\";l.querySelector&&d.addEventListener&&\"undefined\"!=typeof URL&&(d.wp=d.wp||{},d.wp.receiveEmbedMessage||(d.wp.receiveEmbedMessage=function(e){var t=e.data;if((t||t.secret||t.message||t.value)&&!\/[^a-zA-Z0-9]\/.test(t.secret)){for(var s,r,n,a=l.querySelectorAll('iframe[data-secret=\"'+t.secret+'\"]'),o=l.querySelectorAll('blockquote[data-secret=\"'+t.secret+'\"]'),c=new RegExp(\"^https?:$\",\"i\"),i=0;i<o.length;i++)o[i].style.display=\"none\";for(i=0;i<a.length;i++)s=a[i],e.source===s.contentWindow&&(s.removeAttribute(\"style\"),\"height\"===t.message?(1e3<(r=parseInt(t.value,10))?r=1e3:~~r<200&&(r=200),s.height=r):\"link\"===t.message&&(r=new URL(s.getAttribute(\"src\")),n=new URL(t.value),c.test(n.protocol))&&n.host===r.host&&l.activeElement===s&&(d.top.location.href=t.value))}},d.addEventListener(\"message\",d.wp.receiveEmbedMessage,!1),l.addEventListener(\"DOMContentLoaded\",function(){for(var e,t,s=l.querySelectorAll(\"iframe.wp-embedded-content\"),r=0;r<s.length;r++)(t=(e=s[r]).getAttribute(\"data-secret\"))||(t=Math.random().toString(36).substring(2,12),e.src+=\"#?secret=\"+t,e.setAttribute(\"data-secret\",t)),e.contentWindow.postMessage({message:\"ready\",secret:t},\"*\")},!1)))}(window,document);\n\/\/# sourceURL=http:\/\/denizcankizil.tr\/wp-includes\/js\/wp-embed.min.js\n<\/script>","description":"T\u00dcRK\u0130YE CUMHUR\u0130YET\u0130 ANAYASA MAHKEMES\u0130 \u00a0 \u00a0 \u0130K\u0130NC\u0130 B\u00d6L\u00dcM \u00a0 KARAR \u00a0 ABDULLAH MUTLU DANI\u015eMAN BA\u015eVURUSU (2) (Ba\u015fvuru Numaras\u0131: 2021\/21556) \u00a0 Karar Tarihi: 18\/9\/2024 \u0130K\u0130NC\u0130 B\u00d6L\u00dcM \u00a0 KARAR \u00a0 \u00a0 Ba\u015fkan : Basri BA\u011eCI \u00dcyeler : Engin YILDIRIM \u00a0 \u00a0 R\u0131dvan G\u00dcLE\u00c7 \u00a0 \u00a0 Y\u0131ld\u0131z SEFER\u0130NO\u011eLU \u00a0 \u00a0 Metin KIRATLI Raport\u00f6r : Hasan SARA\u00c7 Ba\u015fvurucu : Abdullah Mutlu DANI\u015eMAN Vekili : Av. Mahir ORAK \u00a0 I. BA\u015eVURUNUN \u00d6ZET\u0130 1. Ba\u015fvuru, tarafs\u0131z ko\u011fu\u015fa ge\u00e7me talebinin reddine ili\u015fkin olarak ceza infaz kurumu idaresi taraf\u0131ndan verilen kararda kullan\u0131lan ifadeler nedeniyle masumiyet karinesinin ihlal edildi\u011fi iddias\u0131na ili\u015fkindir. 2. Ba\u015fvurucu; Fetullah\u00e7\u0131 Ter\u00f6r \u00d6rg\u00fct\u00fc\/Paralel Devlet Yap\u0131lanmas\u0131na (FET\u00d6\/PDY) \u00fcye olma, kamu kurum ve kurulu\u015flar\u0131n\u0131n zarar\u0131na doland\u0131r\u0131c\u0131l\u0131k su\u00e7lar\u0131ndan \u0130zmir 3 No.lu T Tipi Kapal\u0131 Ceza \u0130nfaz Kurumunda (Ceza \u0130nfaz Kurumu) bireysel ba\u015fvuru tarihi itibar\u0131yla h\u00fck\u00fcm\u00f6zl\u00fc olarak tutulmaktad\u0131r. 3. Ba\u015fvurucu; Ceza \u0130nfaz Kurumu M\u00fcd\u00fcrl\u00fc\u011f\u00fc \u0130dare ve G\u00f6zlem Kurulu Ba\u015fkanl\u0131\u011f\u0131na (\u0130dare ve G\u00f6zlem Kurulu) sundu\u011fu 14\/1\/2021 tarihli dilek\u00e7e ile kuruma giri\u015f yapt\u0131\u011f\u0131 ilk g\u00fcnden beri ceza infaz kurumunun uygun g\u00f6rd\u00fc\u011f\u00fc ko\u011fu\u015fta kald\u0131\u011f\u0131n\u0131, dilek\u00e7e tarihi itibar\u0131yla ter\u00f6r su\u00e7lusu tutuklu ve h\u00fck\u00fcml\u00fclere ayr\u0131lan tarafl\u0131 ko\u011fu\u015fta oldu\u011funu \u00f6\u011frendi\u011fini, daha \u00f6nce tarafl\u0131 ko\u011fu\u015fun ne oldu\u011funu bilmedi\u011fini, ceza infaz kurumunda ge\u00e7irdi\u011fi s\u00fcre i\u00e7inde de hi\u00e7bir olumsuz tutum ve davran\u0131\u015f\u0131n\u0131n bulunmad\u0131\u011f\u0131n\u0131 ifade ederek denetime tabi tutularak ba\u011f\u0131ms\u0131z\/tarafs\u0131z &hellip;"}