{"version":"1.0","provider_name":"Av. Deniz Can K\u0131z\u0131l","provider_url":"http:\/\/denizcankizil.tr\/uk","author_name":"Av. Deniz Can K\u0131z\u0131l","author_url":"http:\/\/denizcankizil.tr\/uk","title":"Yar\u0131nlar\u0131n Bilim Liderleri Bilim Konya'da Yeti\u015fiyor","type":"rich","width":600,"height":338,"html":"<blockquote class=\"wp-embedded-content\" data-secret=\"SJcSTjyMr4\"><a href=\"http:\/\/denizcankizil.tr\/uk\/haberler\/gundem\/yarinlarin-bilim-liderleri-bilim-konyada-yetisiyor\/\">Yar\u0131nlar\u0131n Bilim Liderleri Bilim Konya&#8217;da Yeti\u015fiyor<\/a><\/blockquote><iframe sandbox=\"allow-scripts\" security=\"restricted\" src=\"http:\/\/denizcankizil.tr\/uk\/haberler\/gundem\/yarinlarin-bilim-liderleri-bilim-konyada-yetisiyor\/embed\/#?secret=SJcSTjyMr4\" width=\"600\" height=\"338\" title=\"&#8220;Yar\u0131nlar\u0131n Bilim Liderleri Bilim Konya&#8217;da Yeti\u015fiyor&#8221; &#8212; Av. Deniz Can K\u0131z\u0131l\" data-secret=\"SJcSTjyMr4\" frameborder=\"0\" marginwidth=\"0\" marginheight=\"0\" scrolling=\"no\" class=\"wp-embedded-content\"><\/iframe><script>\n\/*! This file is auto-generated *\/\n!function(d,l){\"use strict\";l.querySelector&&d.addEventListener&&\"undefined\"!=typeof URL&&(d.wp=d.wp||{},d.wp.receiveEmbedMessage||(d.wp.receiveEmbedMessage=function(e){var t=e.data;if((t||t.secret||t.message||t.value)&&!\/[^a-zA-Z0-9]\/.test(t.secret)){for(var s,r,n,a=l.querySelectorAll('iframe[data-secret=\"'+t.secret+'\"]'),o=l.querySelectorAll('blockquote[data-secret=\"'+t.secret+'\"]'),c=new RegExp(\"^https?:$\",\"i\"),i=0;i<o.length;i++)o[i].style.display=\"none\";for(i=0;i<a.length;i++)s=a[i],e.source===s.contentWindow&&(s.removeAttribute(\"style\"),\"height\"===t.message?(1e3<(r=parseInt(t.value,10))?r=1e3:~~r<200&&(r=200),s.height=r):\"link\"===t.message&&(r=new URL(s.getAttribute(\"src\")),n=new URL(t.value),c.test(n.protocol))&&n.host===r.host&&l.activeElement===s&&(d.top.location.href=t.value))}},d.addEventListener(\"message\",d.wp.receiveEmbedMessage,!1),l.addEventListener(\"DOMContentLoaded\",function(){for(var e,t,s=l.querySelectorAll(\"iframe.wp-embedded-content\"),r=0;r<s.length;r++)(t=(e=s[r]).getAttribute(\"data-secret\"))||(t=Math.random().toString(36).substring(2,12),e.src+=\"#?secret=\"+t,e.setAttribute(\"data-secret\",t)),e.contentWindow.postMessage({message:\"ready\",secret:t},\"*\")},!1)))}(window,document);\n\/\/# sourceURL=http:\/\/denizcankizil.tr\/wp-includes\/js\/wp-embed.min.js\n<\/script>","description":"Konya B\u00fcy\u00fck\u015fehir Belediyesi ve T3 Vakf\u0131 i\u015f birli\u011fiyle Milli Teknoloji Hamlesi vizyonuna katk\u0131 sunma hedefiyle hayata ge\u00e7irilen Bilim Konya\u2019n\u0131n, uzun d\u00f6nem e\u011fitim program\u0131 yo\u011fun bir kat\u0131l\u0131mla ba\u015flad\u0131. \u00dc\u00e7 a\u015famal\u0131 s\u0131nav s\u00fcrecini ba\u015far\u0131yla tamamlayan ortaokul ve lise \u00f6\u011frencilerinden olu\u015fan 50 \u00f6\u011frenci, bu \u00f6zel e\u011fitim program\u0131nda yerini ald\u0131. \u200bKonya B\u00fcy\u00fck\u015fehir Belediyesi ve T3 Vakf\u0131 i\u015f birli\u011fiyle Milli Teknoloji Hamlesi vizyonuna katk\u0131 sunma hedefiyle hayata ge\u00e7irilen Bilim Konya\u2019n\u0131n, uzun d\u00f6nem e\u011fitim program\u0131 yo\u011fun bir kat\u0131l\u0131mla ba\u015flad\u0131. \u00dc\u00e7 a\u015famal\u0131 s\u0131nav s\u00fcrecini ba\u015far\u0131yla tamamlayan ortaokul ve lise \u00f6\u011frencilerinden olu\u015fan 50 \u00f6\u011frenci, bu \u00f6zel e\u011fitim program\u0131nda yerini ald\u0131.\u00a0 \u200bHaberin Al\u0131nt\u0131land\u0131\u011f\u0131 Kaynak: www.iskenderun.org"}