{"version":"1.0","provider_name":"Av. Deniz Can K\u0131z\u0131l","provider_url":"http:\/\/denizcankizil.tr\/uk","author_name":"Antalya K\u00f6rfez","author_url":"http:\/\/denizcankizil.tr\/uk\/author\/www-antalyakorfez-com\/","title":"Vatanda\u015f boykotta, yetkililer g\u00fcn\u00fc kurtarma derdinde","type":"rich","width":600,"height":338,"html":"<blockquote class=\"wp-embedded-content\" data-secret=\"RpJBZVOwgl\"><a href=\"http:\/\/denizcankizil.tr\/uk\/haberler\/gundem\/vatandas-boykotta-yetkililer-gunu-kurtarma-derdinde\/\">Vatanda\u015f boykotta, yetkililer g\u00fcn\u00fc kurtarma derdinde<\/a><\/blockquote><iframe sandbox=\"allow-scripts\" security=\"restricted\" src=\"http:\/\/denizcankizil.tr\/uk\/haberler\/gundem\/vatandas-boykotta-yetkililer-gunu-kurtarma-derdinde\/embed\/#?secret=RpJBZVOwgl\" width=\"600\" height=\"338\" title=\"&#8220;Vatanda\u015f boykotta, yetkililer g\u00fcn\u00fc kurtarma derdinde&#8221; &#8212; Av. Deniz Can K\u0131z\u0131l\" data-secret=\"RpJBZVOwgl\" frameborder=\"0\" marginwidth=\"0\" marginheight=\"0\" scrolling=\"no\" class=\"wp-embedded-content\"><\/iframe><script>\n\/*! This file is auto-generated *\/\n!function(d,l){\"use strict\";l.querySelector&&d.addEventListener&&\"undefined\"!=typeof URL&&(d.wp=d.wp||{},d.wp.receiveEmbedMessage||(d.wp.receiveEmbedMessage=function(e){var t=e.data;if((t||t.secret||t.message||t.value)&&!\/[^a-zA-Z0-9]\/.test(t.secret)){for(var s,r,n,a=l.querySelectorAll('iframe[data-secret=\"'+t.secret+'\"]'),o=l.querySelectorAll('blockquote[data-secret=\"'+t.secret+'\"]'),c=new RegExp(\"^https?:$\",\"i\"),i=0;i<o.length;i++)o[i].style.display=\"none\";for(i=0;i<a.length;i++)s=a[i],e.source===s.contentWindow&&(s.removeAttribute(\"style\"),\"height\"===t.message?(1e3<(r=parseInt(t.value,10))?r=1e3:~~r<200&&(r=200),s.height=r):\"link\"===t.message&&(r=new URL(s.getAttribute(\"src\")),n=new URL(t.value),c.test(n.protocol))&&n.host===r.host&&l.activeElement===s&&(d.top.location.href=t.value))}},d.addEventListener(\"message\",d.wp.receiveEmbedMessage,!1),l.addEventListener(\"DOMContentLoaded\",function(){for(var e,t,s=l.querySelectorAll(\"iframe.wp-embedded-content\"),r=0;r<s.length;r++)(t=(e=s[r]).getAttribute(\"data-secret\"))||(t=Math.random().toString(36).substring(2,12),e.src+=\"#?secret=\"+t,e.setAttribute(\"data-secret\",t)),e.contentWindow.postMessage({message:\"ready\",secret:t},\"*\")},!1)))}(window,document);\n\/\/# sourceURL=http:\/\/denizcankizil.tr\/wp-includes\/js\/wp-embed.min.js\n<\/script>","description":"T\u00fcrkiye genelinde 2 Nisan&#8217;da ger\u00e7ekle\u015ftirilen boykot \u00e7a\u011fr\u0131s\u0131, sosyal medyada geni\u015f bir yank\u0131 uyand\u0131rd\u0131. Vatanda\u015flar kadar pek \u00e7ok \u00fcnl\u00fc de yap\u0131lan \u00e7a\u011fr\u0131ya destek verdi. Vatanda\u015flar g\u00fcn boyu, normal zamanda yo\u011fun olan al\u0131\u015fveri\u015f merkezleri, marketler ve caddelerin bo\u015f kald\u0131\u011f\u0131n\u0131 g\u00f6steren foto\u011fraf ve videolar payla\u015ft\u0131. Yetkililer ise boykotun etkisiz oldu\u011funu destekleyen a\u00e7\u0131klamalarda bulundu.\u00a0 T\u0130CARET BAKANI B\u0130R MARKET\u0130N FOTO\u011eRAFINI PAYLA\u015eARAK &#8216;BOYKOT BA\u015eARISIZ&#8217; \u0130MAJI VERD\u0130\u00a0 Ticaret Bakan\u0131 Prof. Dr. \u00d6mer Bolat, sosyal medya hesab\u0131nda yapt\u0131\u011f\u0131 a\u00e7\u0131klamada, &#8220;Milyonlarca vatanda\u015f\u0131m\u0131z y\u0131k\u0131c\u0131 ve bozguncu boykot \u00e7a\u011fr\u0131lar\u0131na itibar etmeyerek al\u0131\u015fveri\u015flerini yapmaya devam etti&#8221; dedi. Bolat, ticaretin desteklendi\u011fini ve milli ekonominin kazand\u0131\u011f\u0131n\u0131 vurgulayarak, kendisine destek veren esnaf ve ticaret odalar\u0131na te\u015fekk\u00fcr etti. PAYLA\u015eILAN FOTO\u011eRAF ELE\u015eT\u0130R\u0130LD\u0130\u00a0 Ancak sosyal medyada boykotun etkili oldu\u011funu savunan bir\u00e7ok vatanda\u015f, yetkililerin payla\u015ft\u0131\u011f\u0131 foto\u011fraflar\u0131 ele\u015ftirdi. Baz\u0131 kullan\u0131c\u0131lar, payla\u015f\u0131lan g\u00f6r\u00fcnt\u00fclerde m\u00fc\u015fteri yo\u011funlu\u011funun az oldu\u011funu ve al\u0131\u015fveri\u015f yapan ki\u015filerin mutsuz g\u00f6r\u00fcnd\u00fc\u011f\u00fcne dikkat \u00e7ekti. Kimileri de, &#8220;Madem boykot ba\u015far\u0131s\u0131z oldu, neden bu kadar a\u00e7\u0131klama yap\u0131l\u0131yor, markete gelen ki\u015filer hangi il\u00e7e \u00f6rg\u00fct\u00fcnden&#8221; diyerek \u00e7e\u015fitli sorular y\u00f6neltti.\u00a0 \u0130\u00c7\u0130\u015eLER\u0130 BAKANI ALI\u015eVER\u0130\u015e YAPTI\u011eI SIRADA V\u0130DEO PAYLA\u015eTI\u00a0 \u0130\u00e7i\u015fleri Bakan\u0131 Ali Yerlikaya&#8217;da bir kuruyemi\u015f\u00e7i de al\u0131\u015fveri\u015f yapt\u0131\u011f\u0131 anlar\u0131 payla\u015farak, &#8220;Yerli ve milli \u00fcr\u00fcnlerimize, esnaflar\u0131m\u0131za y\u00f6nelik boykot \u00e7a\u011fr\u0131lar\u0131, do\u011frudan \u00fclkemizin ve milletimizin eme\u011fine ihanettir. Milletimizle birlikte, 7\u2019den 77\u2019ye bir ve beraber olarak B\u00fcy\u00fck ve G\u00fc\u00e7l\u00fc T\u00fcrkiye hedefine &hellip;"}