{"version":"1.0","provider_name":"Av. Deniz Can K\u0131z\u0131l","provider_url":"http:\/\/denizcankizil.tr\/uk","author_name":"Antalya K\u00f6rfez","author_url":"http:\/\/denizcankizil.tr\/uk\/author\/www-antalyakorfez-com\/","title":"\u00dcnl\u00fc Ba\u015fkan, vatanda\u015flarla bayramla\u015ft\u0131","type":"rich","width":600,"height":338,"html":"<blockquote class=\"wp-embedded-content\" data-secret=\"5dCRRebt4n\"><a href=\"http:\/\/denizcankizil.tr\/uk\/haberler\/gundem\/unlu-baskan-vatandaslarla-bayramlasti\/\">\u00dcnl\u00fc Ba\u015fkan, vatanda\u015flarla bayramla\u015ft\u0131<\/a><\/blockquote><iframe sandbox=\"allow-scripts\" security=\"restricted\" src=\"http:\/\/denizcankizil.tr\/uk\/haberler\/gundem\/unlu-baskan-vatandaslarla-bayramlasti\/embed\/#?secret=5dCRRebt4n\" width=\"600\" height=\"338\" title=\"&#8220;\u00dcnl\u00fc Ba\u015fkan, vatanda\u015flarla bayramla\u015ft\u0131&#8221; &#8212; Av. Deniz Can K\u0131z\u0131l\" data-secret=\"5dCRRebt4n\" frameborder=\"0\" marginwidth=\"0\" marginheight=\"0\" scrolling=\"no\" class=\"wp-embedded-content\"><\/iframe><script>\n\/*! This file is auto-generated *\/\n!function(d,l){\"use strict\";l.querySelector&&d.addEventListener&&\"undefined\"!=typeof URL&&(d.wp=d.wp||{},d.wp.receiveEmbedMessage||(d.wp.receiveEmbedMessage=function(e){var t=e.data;if((t||t.secret||t.message||t.value)&&!\/[^a-zA-Z0-9]\/.test(t.secret)){for(var s,r,n,a=l.querySelectorAll('iframe[data-secret=\"'+t.secret+'\"]'),o=l.querySelectorAll('blockquote[data-secret=\"'+t.secret+'\"]'),c=new RegExp(\"^https?:$\",\"i\"),i=0;i<o.length;i++)o[i].style.display=\"none\";for(i=0;i<a.length;i++)s=a[i],e.source===s.contentWindow&&(s.removeAttribute(\"style\"),\"height\"===t.message?(1e3<(r=parseInt(t.value,10))?r=1e3:~~r<200&&(r=200),s.height=r):\"link\"===t.message&&(r=new URL(s.getAttribute(\"src\")),n=new URL(t.value),c.test(n.protocol))&&n.host===r.host&&l.activeElement===s&&(d.top.location.href=t.value))}},d.addEventListener(\"message\",d.wp.receiveEmbedMessage,!1),l.addEventListener(\"DOMContentLoaded\",function(){for(var e,t,s=l.querySelectorAll(\"iframe.wp-embedded-content\"),r=0;r<s.length;r++)(t=(e=s[r]).getAttribute(\"data-secret\"))||(t=Math.random().toString(36).substring(2,12),e.src+=\"#?secret=\"+t,e.setAttribute(\"data-secret\",t)),e.contentWindow.postMessage({message:\"ready\",secret:t},\"*\")},!1)))}(window,document);\n\/\/# sourceURL=http:\/\/denizcankizil.tr\/wp-includes\/js\/wp-embed.min.js\n<\/script>","description":"Mu\u011fla Marmaris Belediye Ba\u015fkan\u0131 Acar \u00dcnl\u00fc, Ramazan Bayram\u0131 \u00f6ncesinde mahalleleri ziyaret ederek vatanda\u015flar\u0131n bayram\u0131n\u0131 kutlad\u0131. \u0130lk olarak merkeze uzak mahalleleri ziyaret eden Ba\u015fkan \u00dcnl\u00fc\u2019ye CHP Marmaris \u0130l\u00e7e Ba\u015fkan\u0131 \u00d6mer Bozdemir, meclis \u00fcyeleri ve muhtarlar da e\u015flik etti. \u00c7etibeli, \u00c7aml\u0131, Karacas\u00f6\u011f\u00fct, Ye\u015filbelde, Turun\u00e7, Osmaniye\u2019yi ziyaret eden Ba\u015fkan \u00dcnl\u00fc ve beraberindekiler arife g\u00fcn\u00fc de Hisar\u00f6n\u00fc, Orhaniye, Turgut, Selimiye, Bozburun, S\u00f6\u011f\u00fct, Ta\u015fl\u0131ca mahalleleri ziyaret edildi. Camiavlu Mahallesi\u2019nde de pazaryerini ziyaret eden Ba\u015fkan \u00dcnl\u00fc, esnafa kolayl\u0131klar dilerken al\u0131\u015fveri\u015f yapmak i\u00e7in gelen vatanda\u015flara da iyi bayramlar dile\u011finde bulundu.\u00a0 \u201cN\u0130CE BAYRAMLAR D\u0130L\u0130YORUM\u201d Gitti\u011fi t\u00fcm mahallelerde ilgiyle kar\u015f\u0131lanan Ba\u015fkan Acar \u00dcnl\u00fc, vatanda\u015flarla sohbet etti. Bayramlar\u0131n birlik, beraberlik ve dayan\u0131\u015fma duygular\u0131n\u0131n ya\u015fand\u0131\u011f\u0131 en \u00f6nemli g\u00fcnler oldu\u011funu ifade eden Ba\u015fkan \u00dcnl\u00fc, &#8220;Ne\u015feyle ge\u00e7irece\u011fimiz, hep beraber g\u00fclece\u011fimiz, sevin\u00e7leri payla\u015faca\u011f\u0131m\u0131z, birli\u011fimizin ve dirli\u011fimizin daim olaca\u011f\u0131 nice bayramlar diliyorum&#8221; diye konu\u015ftu. Yaz sezonuna haz\u0131rlanan esnafla da bir araya gelen Ba\u015fkan \u00dcnl\u00fc acil \u00e7\u00f6z\u00fclmesi gereken sorunlarla ilgili belediye ekiplerine talimatlar verdi.\u00a0 B\u0130RL\u0130K VE BERABERL\u0130K MESAJI\u00a0 Bayramlar\u0131n karde\u015flik, dostluk ve dayan\u0131\u015fma duygular\u0131n\u0131 per\u00e7inledi\u011fini dile getiren Ba\u015fkan Acar \u00dcnl\u00fc, &#8220;Bizleri konuk eden, sohbetlerini ve g\u00f6n\u00fcllerini payla\u015fan halk\u0131m\u0131za te\u015fekk\u00fcrlerimi sunuyor, hep birlikte daha nice g\u00fczel bayramlar diliyorum&#8221; diye konu\u015ftu.\u00a0 \u00a0 \u00a0 \u00a0 \u00a0 \u00a0 \u00a0 \u00a0 \u00a0\u00a0 \u200bMarmaris Belediye Ba\u015fkan\u0131 Acar \u00dcnl\u00fc, Ramazan Bayram\u0131\u2019nda mahalle sakinlerini &hellip;"}