{"version":"1.0","provider_name":"Av. Deniz Can K\u0131z\u0131l","provider_url":"http:\/\/denizcankizil.tr\/uk","author_name":"admin","author_url":"http:\/\/denizcankizil.tr\/uk\/author\/admin\/","title":"Suriye Lazkiye\u2019de yang\u0131n tamamen s\u00f6nd\u00fcr\u00fcld\u00fc","type":"rich","width":600,"height":338,"html":"<blockquote class=\"wp-embedded-content\" data-secret=\"1FRt1mNuMz\"><a href=\"http:\/\/denizcankizil.tr\/uk\/haberler\/gundem\/suriye-lazkiyede-yangin-tamamen-sonduruldu\/\">Suriye Lazkiye\u2019de yang\u0131n tamamen s\u00f6nd\u00fcr\u00fcld\u00fc<\/a><\/blockquote><iframe sandbox=\"allow-scripts\" security=\"restricted\" src=\"http:\/\/denizcankizil.tr\/uk\/haberler\/gundem\/suriye-lazkiyede-yangin-tamamen-sonduruldu\/embed\/#?secret=1FRt1mNuMz\" width=\"600\" height=\"338\" title=\"&#8220;Suriye Lazkiye\u2019de yang\u0131n tamamen s\u00f6nd\u00fcr\u00fcld\u00fc&#8221; &#8212; Av. Deniz Can K\u0131z\u0131l\" data-secret=\"1FRt1mNuMz\" frameborder=\"0\" marginwidth=\"0\" marginheight=\"0\" scrolling=\"no\" class=\"wp-embedded-content\"><\/iframe><script>\n\/*! This file is auto-generated *\/\n!function(d,l){\"use strict\";l.querySelector&&d.addEventListener&&\"undefined\"!=typeof URL&&(d.wp=d.wp||{},d.wp.receiveEmbedMessage||(d.wp.receiveEmbedMessage=function(e){var t=e.data;if((t||t.secret||t.message||t.value)&&!\/[^a-zA-Z0-9]\/.test(t.secret)){for(var s,r,n,a=l.querySelectorAll('iframe[data-secret=\"'+t.secret+'\"]'),o=l.querySelectorAll('blockquote[data-secret=\"'+t.secret+'\"]'),c=new RegExp(\"^https?:$\",\"i\"),i=0;i<o.length;i++)o[i].style.display=\"none\";for(i=0;i<a.length;i++)s=a[i],e.source===s.contentWindow&&(s.removeAttribute(\"style\"),\"height\"===t.message?(1e3<(r=parseInt(t.value,10))?r=1e3:~~r<200&&(r=200),s.height=r):\"link\"===t.message&&(r=new URL(s.getAttribute(\"src\")),n=new URL(t.value),c.test(n.protocol))&&n.host===r.host&&l.activeElement===s&&(d.top.location.href=t.value))}},d.addEventListener(\"message\",d.wp.receiveEmbedMessage,!1),l.addEventListener(\"DOMContentLoaded\",function(){for(var e,t,s=l.querySelectorAll(\"iframe.wp-embedded-content\"),r=0;r<s.length;r++)(t=(e=s[r]).getAttribute(\"data-secret\"))||(t=Math.random().toString(36).substring(2,12),e.src+=\"#?secret=\"+t,e.setAttribute(\"data-secret\",t)),e.contentWindow.postMessage({message:\"ready\",secret:t},\"*\")},!1)))}(window,document);\n\/\/# sourceURL=http:\/\/denizcankizil.tr\/wp-includes\/js\/wp-embed.min.js\n<\/script>","description":"S\u00f6nd\u00fcrme \u00e7al\u0131\u015fmalar\u0131na kat\u0131lan t\u00fcm \u00fclkelerin birimlerinin bir araya geldi\u011fi bas\u0131n toplant\u0131s\u0131nda, yang\u0131nla m\u00fccadelede g\u00f6sterilen ulusal ve uluslararas\u0131 dayan\u0131\u015fmaya dikkat \u00e7ekildi. Yang\u0131n s\u00f6nd\u00fcrme \u00e7al\u0131\u015fmalar\u0131na Suriye\u2019nin yan\u0131 s\u0131ra T\u00fcrkiye, \u00dcrd\u00fcn, Irak ve Katar\u2019dan gelen itfaiye, ambulans ve kurtarma ekipleri aktif olarak kat\u0131lm\u0131\u015ft\u0131. Ayr\u0131ca L\u00fcbnan, \u00dcrd\u00fcn, Irak ve Katar\u2019dan gelen g\u00f6n\u00fcll\u00fc ekipler ile yerel topluluklar da sahada b\u00fcy\u00fck destek vermi\u015fti. 12 g\u00fcn boyunca s\u00fcren zorlu m\u00fccadelenin ard\u0131ndan yetkililer, yang\u0131nlar\u0131n tamamen s\u00f6nd\u00fcr\u00fcld\u00fc\u011f\u00fcn\u00fc ve so\u011futma \u00e7al\u0131\u015fmalar\u0131n\u0131n tamamland\u0131\u011f\u0131n\u0131 a\u00e7\u0131klad\u0131. S\u00f6z konusu s\u00fcre\u00e7te sergilenen dayan\u0131\u015fma, b\u00f6lgede karde\u015flik ve i\u015f birli\u011finin g\u00fc\u00e7l\u00fc bir sembol\u00fc olarak de\u011ferlendirildi. Suriye Sivil Savunma yetkilileri, bu s\u00fcrecin sadece bir \u00e7evre felaketiyle m\u00fccadele de\u011fil, ayn\u0131 zamanda b\u00f6lge halklar\u0131 aras\u0131ndaki birlik ve beraberli\u011fin bir g\u00f6stergesi oldu\u011funu vurgulad\u0131. Bas\u0131n Toplant\u0131s\u0131nda ayr\u0131ca \u015funlar kaydedildi: \u201cT\u00fcrk itfaiyecileri Suriyeli meslekta\u015flar\u0131yla, \u00dcrd\u00fcnl\u00fc ve Irakl\u0131 itfaiyecilerle yan yana g\u00f6rmek ve Suriye, T\u00fcrkiye, \u00dcrd\u00fcn, L\u00fcbnan ve Katar u\u00e7aklar\u0131n\u0131n g\u00fc\u00e7lerini birle\u015ftirmesini g\u00f6rmek nefes kesici bir manzarayd\u0131. En kritik anlarda yan\u0131m\u0131za geldiler, \u00e7aba sarf ettiler risk ald\u0131lar ve Suriyeli meslekta\u015flar\u0131n\u0131n, Suriye ve gelece\u011fi i\u00e7in korkusuzca yang\u0131nlarla y\u00fczle\u015fen Suriyelilerin yan\u0131nda durdular. T\u00fcrkiye, \u00dcrd\u00fcn, Irak, L\u00fcbnan ve Katar&#8217;dan gelen ekiplere ve bizi destekleyen t\u00fcm g\u00f6n\u00fcll\u00fc ekiplere te\u015fekk\u00fcrlerini sunar. Tehlikeli iklim de\u011fi\u015fikli\u011fi ve Suriye&#8217;nin tarihinde kar\u015f\u0131la\u015ft\u0131\u011f\u0131 en k\u00f6t\u00fc kurakl\u0131k ortam\u0131nda, lojistik destek sa\u011flama, toprak erozyonu ve kalan &hellip;","thumbnail_url":"https:\/\/iskenderunorg.teimg.com\/iskenderun-org\/uploads\/2025\/07\/2025\/07\/yanin-kardesligi-7.jpg"}