{"version":"1.0","provider_name":"Av. Deniz Can K\u0131z\u0131l","provider_url":"http:\/\/denizcankizil.tr\/uk","author_name":"Antalya K\u00f6rfez","author_url":"http:\/\/denizcankizil.tr\/uk\/author\/www-antalyakorfez-com\/","title":"Son dakika\u2026 Sivas 3.9 ile salland\u0131","type":"rich","width":600,"height":338,"html":"<blockquote class=\"wp-embedded-content\" data-secret=\"h5BtE8CqAG\"><a href=\"http:\/\/denizcankizil.tr\/uk\/haberler\/gundem\/son-dakika-sivas-3-9-ile-sallandi\/\">Son dakika\u2026 Sivas 3.9 ile salland\u0131<\/a><\/blockquote><iframe sandbox=\"allow-scripts\" security=\"restricted\" src=\"http:\/\/denizcankizil.tr\/uk\/haberler\/gundem\/son-dakika-sivas-3-9-ile-sallandi\/embed\/#?secret=h5BtE8CqAG\" width=\"600\" height=\"338\" title=\"&#8220;Son dakika\u2026 Sivas 3.9 ile salland\u0131&#8221; &#8212; Av. Deniz Can K\u0131z\u0131l\" data-secret=\"h5BtE8CqAG\" frameborder=\"0\" marginwidth=\"0\" marginheight=\"0\" scrolling=\"no\" class=\"wp-embedded-content\"><\/iframe><script>\n\/*! This file is auto-generated *\/\n!function(d,l){\"use strict\";l.querySelector&&d.addEventListener&&\"undefined\"!=typeof URL&&(d.wp=d.wp||{},d.wp.receiveEmbedMessage||(d.wp.receiveEmbedMessage=function(e){var t=e.data;if((t||t.secret||t.message||t.value)&&!\/[^a-zA-Z0-9]\/.test(t.secret)){for(var s,r,n,a=l.querySelectorAll('iframe[data-secret=\"'+t.secret+'\"]'),o=l.querySelectorAll('blockquote[data-secret=\"'+t.secret+'\"]'),c=new RegExp(\"^https?:$\",\"i\"),i=0;i<o.length;i++)o[i].style.display=\"none\";for(i=0;i<a.length;i++)s=a[i],e.source===s.contentWindow&&(s.removeAttribute(\"style\"),\"height\"===t.message?(1e3<(r=parseInt(t.value,10))?r=1e3:~~r<200&&(r=200),s.height=r):\"link\"===t.message&&(r=new URL(s.getAttribute(\"src\")),n=new URL(t.value),c.test(n.protocol))&&n.host===r.host&&l.activeElement===s&&(d.top.location.href=t.value))}},d.addEventListener(\"message\",d.wp.receiveEmbedMessage,!1),l.addEventListener(\"DOMContentLoaded\",function(){for(var e,t,s=l.querySelectorAll(\"iframe.wp-embedded-content\"),r=0;r<s.length;r++)(t=(e=s[r]).getAttribute(\"data-secret\"))||(t=Math.random().toString(36).substring(2,12),e.src+=\"#?secret=\"+t,e.setAttribute(\"data-secret\",t)),e.contentWindow.postMessage({message:\"ready\",secret:t},\"*\")},!1)))}(window,document);\n\/\/# sourceURL=http:\/\/denizcankizil.tr\/wp-includes\/js\/wp-embed.min.js\n<\/script>","description":"Sivas\u2019\u0131n Ula\u015f il\u00e7esinde 3.9 b\u00fcy\u00fckl\u00fc\u011f\u00fcnde deprem meydana geldi.\u00a0\u00a0 HASAR OLMADI AFAD verilerine g\u00f6re Sivas\u2019\u0131n Ula\u015f il\u00e7esinde 08.30\u2019da 3.9 b\u00fcy\u00fckl\u00fc\u011f\u00fcnde deprem meydana geldi. Yerin 7 kilometre derinli\u011finde meydana gelen deprem hissedilmedi. \u0130lk belirlemelere g\u00f6re deprem hasara da yol a\u00e7mad\u0131. \u200bAFAD verilerine g\u00f6re Sivas\u2019\u0131n Ula\u015f il\u00e7esinde bug\u00fcn saat 8.30\u2019da 3.9 b\u00fcy\u00fckl\u00fc\u011f\u00fcnde deprem meydana geldi. \u0130lk belirlemelere g\u00f6re can ya da mal kayb\u0131 ya\u015fanmad\u0131\u00a0 \u200bHaberin Al\u0131nt\u0131land\u0131\u011f\u0131 Kaynak: www.antalyakorfez.com"}