{"version":"1.0","provider_name":"Av. Deniz Can K\u0131z\u0131l","provider_url":"http:\/\/denizcankizil.tr\/uk","author_name":"admin","author_url":"http:\/\/denizcankizil.tr\/uk\/author\/admin\/","title":"Serpil Vekilo\u011flu Vefat etti","type":"rich","width":600,"height":338,"html":"<blockquote class=\"wp-embedded-content\" data-secret=\"QHRfwTkCrt\"><a href=\"http:\/\/denizcankizil.tr\/uk\/haberler\/gundem\/serpil-vekiloglu-vefat-etti\/\">Serpil Vekilo\u011flu Vefat etti<\/a><\/blockquote><iframe sandbox=\"allow-scripts\" security=\"restricted\" src=\"http:\/\/denizcankizil.tr\/uk\/haberler\/gundem\/serpil-vekiloglu-vefat-etti\/embed\/#?secret=QHRfwTkCrt\" width=\"600\" height=\"338\" title=\"&#8220;Serpil Vekilo\u011flu Vefat etti&#8221; &#8212; Av. Deniz Can K\u0131z\u0131l\" data-secret=\"QHRfwTkCrt\" frameborder=\"0\" marginwidth=\"0\" marginheight=\"0\" scrolling=\"no\" class=\"wp-embedded-content\"><\/iframe><script>\n\/*! This file is auto-generated *\/\n!function(d,l){\"use strict\";l.querySelector&&d.addEventListener&&\"undefined\"!=typeof URL&&(d.wp=d.wp||{},d.wp.receiveEmbedMessage||(d.wp.receiveEmbedMessage=function(e){var t=e.data;if((t||t.secret||t.message||t.value)&&!\/[^a-zA-Z0-9]\/.test(t.secret)){for(var s,r,n,a=l.querySelectorAll('iframe[data-secret=\"'+t.secret+'\"]'),o=l.querySelectorAll('blockquote[data-secret=\"'+t.secret+'\"]'),c=new RegExp(\"^https?:$\",\"i\"),i=0;i<o.length;i++)o[i].style.display=\"none\";for(i=0;i<a.length;i++)s=a[i],e.source===s.contentWindow&&(s.removeAttribute(\"style\"),\"height\"===t.message?(1e3<(r=parseInt(t.value,10))?r=1e3:~~r<200&&(r=200),s.height=r):\"link\"===t.message&&(r=new URL(s.getAttribute(\"src\")),n=new URL(t.value),c.test(n.protocol))&&n.host===r.host&&l.activeElement===s&&(d.top.location.href=t.value))}},d.addEventListener(\"message\",d.wp.receiveEmbedMessage,!1),l.addEventListener(\"DOMContentLoaded\",function(){for(var e,t,s=l.querySelectorAll(\"iframe.wp-embedded-content\"),r=0;r<s.length;r++)(t=(e=s[r]).getAttribute(\"data-secret\"))||(t=Math.random().toString(36).substring(2,12),e.src+=\"#?secret=\"+t,e.setAttribute(\"data-secret\",t)),e.contentWindow.postMessage({message:\"ready\",secret:t},\"*\")},!1)))}(window,document);\n\/\/# sourceURL=http:\/\/denizcankizil.tr\/wp-includes\/js\/wp-embed.min.js\n<\/script>","description":"\u0130skenderun\u2019un tan\u0131nm\u0131\u015f ailelerinden Vekilo\u011flu ailesinin bir ferdi olan Serpil Vekilo\u011flu\u2019nun vefat\u0131, ailesi ve sevenleri taraf\u0131ndan b\u00fcy\u00fck \u00fcz\u00fcnt\u00fcyle kar\u015f\u0131land\u0131. Merhumenin cenazesi, yar\u0131n (Cuma) Kaptanpa\u015fa Camii&#8217;nde k\u0131l\u0131nacak \u00f6\u011fle namaz\u0131n\u0131n ard\u0131ndan Karaa\u011fa\u00e7 Asri Mezarl\u0131\u011f\u0131\u2019nda topra\u011fa verilecek. Taziyeler ailesi, Yunus Emre Mahallesi 2 No\u2019lu Taziye Evi&#8217;nde kabul edilece\u011fi bildirildi. \u200b\u0130skenderun Belediyesi Musiki Derne\u011fi Ba\u015fkan\u0131 Fatih Demiral\u2019\u0131n day\u0131s\u0131 merhum \u00d6cal Vekilo\u011flu\u2019nun e\u015fi, musiki camias\u0131n\u0131n sevilen ismi merhum Udi Hayrettin Vekilo\u011flu\u2019nun ablas\u0131 Serpil Vekilo\u011flu hayat\u0131n\u0131 kaybetti.\u00a0 \u200bHaberin Al\u0131nt\u0131land\u0131\u011f\u0131 Kaynak: www.iskenderun.org"}