{"version":"1.0","provider_name":"Av. Deniz Can K\u0131z\u0131l","provider_url":"http:\/\/denizcankizil.tr\/uk","author_name":"Av. Deniz Can K\u0131z\u0131l","author_url":"http:\/\/denizcankizil.tr\/uk","title":"Rize \u00c7aml\u0131hem\u015fin T\u00fcneli'nde \u0131\u015f\u0131k g\u00f6r\u00fcnd\u00fc","type":"rich","width":600,"height":338,"html":"<blockquote class=\"wp-embedded-content\" data-secret=\"tTDSic3MwY\"><a href=\"http:\/\/denizcankizil.tr\/uk\/haberler\/gundem\/rize-camlihemsin-tunelinde-isik-gorundu\/\">Rize \u00c7aml\u0131hem\u015fin T\u00fcneli&#8217;nde \u0131\u015f\u0131k g\u00f6r\u00fcnd\u00fc<\/a><\/blockquote><iframe sandbox=\"allow-scripts\" security=\"restricted\" src=\"http:\/\/denizcankizil.tr\/uk\/haberler\/gundem\/rize-camlihemsin-tunelinde-isik-gorundu\/embed\/#?secret=tTDSic3MwY\" width=\"600\" height=\"338\" title=\"&#8220;Rize \u00c7aml\u0131hem\u015fin T\u00fcneli&#8217;nde \u0131\u015f\u0131k g\u00f6r\u00fcnd\u00fc&#8221; &#8212; Av. Deniz Can K\u0131z\u0131l\" data-secret=\"tTDSic3MwY\" frameborder=\"0\" marginwidth=\"0\" marginheight=\"0\" scrolling=\"no\" class=\"wp-embedded-content\"><\/iframe><script>\n\/*! This file is auto-generated *\/\n!function(d,l){\"use strict\";l.querySelector&&d.addEventListener&&\"undefined\"!=typeof URL&&(d.wp=d.wp||{},d.wp.receiveEmbedMessage||(d.wp.receiveEmbedMessage=function(e){var t=e.data;if((t||t.secret||t.message||t.value)&&!\/[^a-zA-Z0-9]\/.test(t.secret)){for(var s,r,n,a=l.querySelectorAll('iframe[data-secret=\"'+t.secret+'\"]'),o=l.querySelectorAll('blockquote[data-secret=\"'+t.secret+'\"]'),c=new RegExp(\"^https?:$\",\"i\"),i=0;i<o.length;i++)o[i].style.display=\"none\";for(i=0;i<a.length;i++)s=a[i],e.source===s.contentWindow&&(s.removeAttribute(\"style\"),\"height\"===t.message?(1e3<(r=parseInt(t.value,10))?r=1e3:~~r<200&&(r=200),s.height=r):\"link\"===t.message&&(r=new URL(s.getAttribute(\"src\")),n=new URL(t.value),c.test(n.protocol))&&n.host===r.host&&l.activeElement===s&&(d.top.location.href=t.value))}},d.addEventListener(\"message\",d.wp.receiveEmbedMessage,!1),l.addEventListener(\"DOMContentLoaded\",function(){for(var e,t,s=l.querySelectorAll(\"iframe.wp-embedded-content\"),r=0;r<s.length;r++)(t=(e=s[r]).getAttribute(\"data-secret\"))||(t=Math.random().toString(36).substring(2,12),e.src+=\"#?secret=\"+t,e.setAttribute(\"data-secret\",t)),e.contentWindow.postMessage({message:\"ready\",secret:t},\"*\")},!1)))}(window,document);\n\/\/# sourceURL=http:\/\/denizcankizil.tr\/wp-includes\/js\/wp-embed.min.js\n<\/script>","description":"Ula\u015ft\u0131rma ve Altyap\u0131 Bakan\u0131 Abdulkadir Uralo\u011flu, Arde\u015fen-\u00c7aml\u0131hem\u015fin-Ayder \u0130l Yolu kapsam\u0131nda in\u015fa edilen \u00c7aml\u0131hem\u015fin T\u00fcneli I\u015f\u0131k G\u00f6rme T\u00f6reni\u2019nde yeni hedefleri payla\u015ft\u0131. Karadeniz Sahil Yolu&#8217;nun Pazar \u2013 Arde\u015fen ayr\u0131m\u0131ndan ba\u015flayarak \u00c7aml\u0131hem\u015fin\u2019den ge\u00e7erek Ayder Yenileme ve Koruma Projesi ile entegre oldu\u011funu ifade eden Bakan Uralo\u011flu, yolun tamamland\u0131\u011f\u0131nda mevcut yolda 2 kilometre, seyahat s\u00fcresinde ise 20 dakika k\u0131salma sa\u011flayaca\u011f\u0131n\u0131 s\u00f6yledi.R\u0130ZE (\u0130GFA) &#8211; Ula\u015ft\u0131rma ve Altyap\u0131 Bakan\u0131 Abdulkadir Uralo\u011flu, Arde\u015fen-\u00c7aml\u0131hem\u015fin-Ayder \u0130l Yolu kapsam\u0131nda in\u015fa edilen \u00c7aml\u0131hem\u015fin T\u00fcneli I\u015f\u0131k G\u00f6rme T\u00f6reni\u2019nde a\u00e7\u0131klamalarda bulundu. T\u00fcnelin temel atma t\u00f6renini ge\u00e7en y\u0131l Cumhurba\u015fkan\u0131 Recep Tayyip Erdo\u011fan ile ger\u00e7ekle\u015ftirdiklerini an\u0131msatan Bakan Uralo\u011flu, \u201c36,5 kilometre uzunlu\u011fundaki projemiz Karadeniz Sahil Yolu&#8217;nun Pazar-Arde\u015fen ayr\u0131m\u0131ndan ba\u015flay\u0131p, \u00c7aml\u0131hem\u015fin il\u00e7e merkezinden ge\u00e7erek, Ayder mevkiinde Ayder Yenileme ve Koruma Projesi ile entegre olarak son buluyor.\u201d dedi. Bakan Uralo\u011flu, projeyi yeni bir yakla\u015f\u0131mla ele alarak bit\u00fcml\u00fc s\u0131cak kar\u0131\u015f\u0131m kaplamal\u0131 in\u015fa ettiklerini belirterek, \u201cProjemiz kapsam\u0131nda, 960 metrelik \u00c7aml\u0131hem\u015fin T\u00fcneli ile birlikte 2 bin 252 metrelik Hala T\u00fcneli ve toplam uzunluklar\u0131 215 metre olan 4 adet k\u00f6pr\u00fc ile 3 adet kav\u015fak bulunuyor. Ayr\u0131ca, yolun yakla\u015f\u0131k be\u015finci kilometresinde Tunca Kav\u015fa\u011f\u0131\u2019ndan ayr\u0131l\u0131p Tunca Beldesi\u2019ne ba\u011flant\u0131 sa\u011flayan 3 kilometrelik ba\u011flant\u0131 yolumuz da yer al\u0131yor. B\u00f6ylece asl\u0131nda projemizin toplam uzunlu\u011fu 39,5 kilometreye ula\u015f\u0131yor.\u201d ifadelerini kulland\u0131. \u201cDA\u011eLARI T\u00dcNELLERLE DELEREK MEDEN\u0130YET\u0130M\u0130Z\u0130N SINIRLARINI GEN\u0130\u015eLETT\u0130K\u201d Do\u011fu Karadeniz B\u00f6lgesinin &hellip;"}