{"version":"1.0","provider_name":"Av. Deniz Can K\u0131z\u0131l","provider_url":"http:\/\/denizcankizil.tr\/uk","author_name":"admin","author_url":"http:\/\/denizcankizil.tr\/uk\/author\/admin\/","title":"\u00d6zel bireylerin e\u011fitim merkezine veda ziyareti","type":"rich","width":600,"height":338,"html":"<blockquote class=\"wp-embedded-content\" data-secret=\"uDWLDDvzbk\"><a href=\"http:\/\/denizcankizil.tr\/uk\/haberler\/gundem\/ozel-bireylerin-egitim-merkezine-veda-ziyareti\/\">\u00d6zel bireylerin e\u011fitim merkezine veda ziyareti<\/a><\/blockquote><iframe sandbox=\"allow-scripts\" security=\"restricted\" src=\"http:\/\/denizcankizil.tr\/uk\/haberler\/gundem\/ozel-bireylerin-egitim-merkezine-veda-ziyareti\/embed\/#?secret=uDWLDDvzbk\" width=\"600\" height=\"338\" title=\"&#8220;\u00d6zel bireylerin e\u011fitim merkezine veda ziyareti&#8221; &#8212; Av. Deniz Can K\u0131z\u0131l\" data-secret=\"uDWLDDvzbk\" frameborder=\"0\" marginwidth=\"0\" marginheight=\"0\" scrolling=\"no\" class=\"wp-embedded-content\"><\/iframe><script>\n\/*! This file is auto-generated *\/\n!function(d,l){\"use strict\";l.querySelector&&d.addEventListener&&\"undefined\"!=typeof URL&&(d.wp=d.wp||{},d.wp.receiveEmbedMessage||(d.wp.receiveEmbedMessage=function(e){var t=e.data;if((t||t.secret||t.message||t.value)&&!\/[^a-zA-Z0-9]\/.test(t.secret)){for(var s,r,n,a=l.querySelectorAll('iframe[data-secret=\"'+t.secret+'\"]'),o=l.querySelectorAll('blockquote[data-secret=\"'+t.secret+'\"]'),c=new RegExp(\"^https?:$\",\"i\"),i=0;i<o.length;i++)o[i].style.display=\"none\";for(i=0;i<a.length;i++)s=a[i],e.source===s.contentWindow&&(s.removeAttribute(\"style\"),\"height\"===t.message?(1e3<(r=parseInt(t.value,10))?r=1e3:~~r<200&&(r=200),s.height=r):\"link\"===t.message&&(r=new URL(s.getAttribute(\"src\")),n=new URL(t.value),c.test(n.protocol))&&n.host===r.host&&l.activeElement===s&&(d.top.location.href=t.value))}},d.addEventListener(\"message\",d.wp.receiveEmbedMessage,!1),l.addEventListener(\"DOMContentLoaded\",function(){for(var e,t,s=l.querySelectorAll(\"iframe.wp-embedded-content\"),r=0;r<s.length;r++)(t=(e=s[r]).getAttribute(\"data-secret\"))||(t=Math.random().toString(36).substring(2,12),e.src+=\"#?secret=\"+t,e.setAttribute(\"data-secret\",t)),e.contentWindow.postMessage({message:\"ready\",secret:t},\"*\")},!1)))}(window,document);\n\/\/# sourceURL=http:\/\/denizcankizil.tr\/wp-includes\/js\/wp-embed.min.js\n<\/script>","description":"Ziyaret kapsam\u0131nda kurum y\u00f6neticileri ve \u00f6\u011fretmenlerle bir araya gelen Kaymakam G\u00f6kp\u0131nar, merkezin dezavantajl\u0131 bireylerin e\u011fitimi konusundaki katk\u0131lar\u0131na dikkat \u00e7ekti. Kaymakam G\u00f6kp\u0131nar, Arsuz\u2019da g\u00f6rev yapt\u0131\u011f\u0131 s\u00fcre boyunca \u00f6zel e\u011fitim kurumlar\u0131n\u0131n \u00f6nemine inand\u0131\u011f\u0131n\u0131 vurgulayarak, \u00d6zel G\u00f6kmeydan E\u011fitim ve Rehabilitasyon Merkezi\u2019ne her zaman destek verdiklerini ifade etti. Kurumun y\u00f6re halk\u0131na sundu\u011fu hizmeti de\u011ferli buldu\u011funu da belirten G\u00f6kp\u0131nar, Kurucu M\u00fcd\u00fcr Tu\u011fba Kara ba\u015fta olmak \u00fczere t\u00fcm e\u011fitimcilere te\u015fekk\u00fcr ederek, ba\u015far\u0131lar\u0131n\u0131n devam\u0131n\u0131 diledi. Kurucu M\u00fcd\u00fcr Tu\u011fba Kara ise, verdikleri e\u011fitimin zorlu ancak bir g\u00f6n\u00fcl i\u015fi oldu\u011funu ifade ederek \u201cArsuz\u2019da zorlu bir s\u00fcreci geride b\u0131rakt\u0131k. Bug\u00fcn yapt\u0131\u011f\u0131m\u0131z \u00e7al\u0131\u015fmalar\u0131n \u00f6rnek al\u0131nmas\u0131ndan dolay\u0131 gururluyuz. Say\u0131n Kaymakam\u0131m\u0131z Hac\u0131 Hasan G\u00f6kp\u0131nar\u2019\u0131n g\u00f6rev s\u00fcresi boyunca deste\u011fini ve motivasyonunu hep yan\u0131m\u0131zda hissettik. Kendilerine y\u00fcrekten te\u015fekk\u00fcr ediyor, yeni g\u00f6rev yerinde ba\u015far\u0131lar diliyoruz\u201d dedi. Ziyaret, hat\u0131ra foto\u011fraflar\u0131n\u0131n \u00e7ekilmesiyle sona erdi. \u200bG\u00f6rev s\u00fcresi sona eren Arsuz Kaymakam\u0131 Hac\u0131 Hasan G\u00f6kp\u0131nar, \u0130l\u00e7e Milli E\u011fitim M\u00fcd\u00fcr\u00fc Ahmet Yanmaz e\u015fli\u011finde \u00d6zel G\u00f6kmeydan E\u011fitim ve Rehabilitasyon Merkezi\u2019ne veda ziyaretinde bulundu.\u00a0 \u200bHaberin Al\u0131nt\u0131land\u0131\u011f\u0131 Kaynak: www.iskenderun.org"}