{"version":"1.0","provider_name":"Av. Deniz Can K\u0131z\u0131l","provider_url":"http:\/\/denizcankizil.tr\/uk","author_name":"admin","author_url":"http:\/\/denizcankizil.tr\/uk\/author\/admin\/","title":"M\u00dcS\u0130AD \u0130zmir'den greve sa\u011fduyu vurgusu","type":"rich","width":600,"height":338,"html":"<blockquote class=\"wp-embedded-content\" data-secret=\"NFD087A8EE\"><a href=\"http:\/\/denizcankizil.tr\/uk\/haberler\/gundem\/musiad-izmirden-greve-sagduyu-vurgusu\/\">M\u00dcS\u0130AD \u0130zmir&#8217;den greve sa\u011fduyu vurgusu<\/a><\/blockquote><iframe sandbox=\"allow-scripts\" security=\"restricted\" src=\"http:\/\/denizcankizil.tr\/uk\/haberler\/gundem\/musiad-izmirden-greve-sagduyu-vurgusu\/embed\/#?secret=NFD087A8EE\" width=\"600\" height=\"338\" title=\"&#8220;M\u00dcS\u0130AD \u0130zmir&#8217;den greve sa\u011fduyu vurgusu&#8221; &#8212; Av. Deniz Can K\u0131z\u0131l\" data-secret=\"NFD087A8EE\" frameborder=\"0\" marginwidth=\"0\" marginheight=\"0\" scrolling=\"no\" class=\"wp-embedded-content\"><\/iframe><script>\n\/*! This file is auto-generated *\/\n!function(d,l){\"use strict\";l.querySelector&&d.addEventListener&&\"undefined\"!=typeof URL&&(d.wp=d.wp||{},d.wp.receiveEmbedMessage||(d.wp.receiveEmbedMessage=function(e){var t=e.data;if((t||t.secret||t.message||t.value)&&!\/[^a-zA-Z0-9]\/.test(t.secret)){for(var s,r,n,a=l.querySelectorAll('iframe[data-secret=\"'+t.secret+'\"]'),o=l.querySelectorAll('blockquote[data-secret=\"'+t.secret+'\"]'),c=new RegExp(\"^https?:$\",\"i\"),i=0;i<o.length;i++)o[i].style.display=\"none\";for(i=0;i<a.length;i++)s=a[i],e.source===s.contentWindow&&(s.removeAttribute(\"style\"),\"height\"===t.message?(1e3<(r=parseInt(t.value,10))?r=1e3:~~r<200&&(r=200),s.height=r):\"link\"===t.message&&(r=new URL(s.getAttribute(\"src\")),n=new URL(t.value),c.test(n.protocol))&&n.host===r.host&&l.activeElement===s&&(d.top.location.href=t.value))}},d.addEventListener(\"message\",d.wp.receiveEmbedMessage,!1),l.addEventListener(\"DOMContentLoaded\",function(){for(var e,t,s=l.querySelectorAll(\"iframe.wp-embedded-content\"),r=0;r<s.length;r++)(t=(e=s[r]).getAttribute(\"data-secret\"))||(t=Math.random().toString(36).substring(2,12),e.src+=\"#?secret=\"+t,e.setAttribute(\"data-secret\",t)),e.contentWindow.postMessage({message:\"ready\",secret:t},\"*\")},!1)))}(window,document);\n\/\/# sourceURL=http:\/\/denizcankizil.tr\/wp-includes\/js\/wp-embed.min.js\n<\/script>","description":"M\u00fcstakil Sanayici ve \u0130\u015fadamlar\u0131 Derne\u011fi (M\u00dcS\u0130AD) \u0130zmir Ba\u015fkan\u0131 G\u00f6khan Temur, \u0130zmir\u2019de ba\u015flat\u0131lan grev ile ilgili bir bas\u0131n a\u00e7\u0131klamas\u0131 yaparak taraflar\u0131 sa\u011fduyuya davet etti.\u0130ZM\u0130R (\u0130GFA) &#8211; M\u00fcstakil Sanayici ve \u0130\u015fadamlar\u0131 Derne\u011fi (M\u00dcS\u0130AD) \u0130zmir Ba\u015fkan\u0131 G\u00f6khan Temur, \u0130zmir\u2019de ba\u015flat\u0131lan grev ile ilgili bir bas\u0131n a\u00e7\u0131klamas\u0131 yaparak taraflar\u0131 sa\u011fduyuya davet etti. \u0130zmir B\u00fcy\u00fck\u015fehir Belediyesi\u2019ne ba\u011fl\u0131 \u0130ZELMAN, \u0130ZENERJ\u0130 ve Ege\u015fehir \u015firketlerinde g\u00f6rev yapan yakla\u015f\u0131k 23 bin \u00e7al\u0131\u015fan\u0131n 29 May\u0131s itibar\u0131yla ba\u015flatt\u0131\u011f\u0131 grev, \u015fehrimizde sosyal ya\u015fam\u0131n ve ekonomik i\u015fleyi\u015fin \u00e7e\u015fitli boyutlarda sekteye u\u011framas\u0131na yol a\u00e7m\u0131\u015f, bu s\u00fcrece dair g\u00f6zlemlerimizi ve yakla\u015f\u0131m\u0131m\u0131z\u0131 kamuoyuyla payla\u015fma zarureti do\u011fmu\u015ftur. M\u00dcS\u0130AD \u0130zmir Ba\u015fkan\u0131 G\u00f6khan Temur &#8221;G\u00fcnlerdir devam eden grev nedeniyle \u015fehir genelinde temizlik, ula\u015f\u0131m, lojistik ve sosyal hizmet alanlar\u0131nda ya\u015fanan ciddi aksamalar; sanayi b\u00f6lgelerinden k\u00fc\u00e7\u00fck esnafa kadar geni\u015f bir kesimi olumsuz etkilemektedir. \u0130zmir\u2019in i\u015f d\u00fcnyas\u0131 a\u00e7\u0131s\u0131ndan ta\u015f\u0131d\u0131\u011f\u0131 stratejik \u00f6neme ra\u011fmen, hizmet altyap\u0131s\u0131n\u0131n zay\u0131flamas\u0131 hem g\u00fcnl\u00fck operasyonlar\u0131 sekteye u\u011fratmakta hem de \u00fcretim planlar\u0131n\u0131 bozmakta; baz\u0131 sekt\u00f6rlerde ise do\u011frudan mali kay\u0131plara yol a\u00e7maktad\u0131r. \u00d6zellikle lojistik ve tedarik zincirinde ya\u015fanan gecikmeler, rekabet g\u00fcc\u00fcm\u00fcz\u00fc zay\u0131flatmaktad\u0131r.&#8221; dedi. \u0130ST\u0130KRAR ORTAMI BOZULURSA, YATIRIMCI TEREDD\u00dcT EDER \u0130zmir, hem yerli hem yabanc\u0131 yat\u0131r\u0131mc\u0131lar i\u00e7in b\u00fcy\u00fck potansiyele sahip bir \u015fehirdir. Ancak belediye hizmetlerinin aksad\u0131\u011f\u0131, sosyal hayat\u0131n dura\u011fanla\u015ft\u0131\u011f\u0131, grev ve benzeri krizlerin \u00e7\u00f6z\u00fclmeden uzad\u0131\u011f\u0131 bir ortam, yat\u0131r\u0131m\u0131 do\u011frudan etkilemektedir. Ya\u015fanan grev &hellip;"}