{"version":"1.0","provider_name":"Av. Deniz Can K\u0131z\u0131l","provider_url":"http:\/\/denizcankizil.tr\/uk","author_name":"Av. Deniz Can K\u0131z\u0131l","author_url":"http:\/\/denizcankizil.tr\/uk","title":"Mudanya M\u00fctarekesi\u2019nin 102. Y\u0131l\u0131 kutland\u0131","type":"rich","width":600,"height":338,"html":"<blockquote class=\"wp-embedded-content\" data-secret=\"EBz7SaBJzm\"><a href=\"http:\/\/denizcankizil.tr\/uk\/haberler\/gundem\/mudanya-mutarekesinin-102-yili-kutlandi\/\">Mudanya M\u00fctarekesi\u2019nin 102. Y\u0131l\u0131 kutland\u0131<\/a><\/blockquote><iframe sandbox=\"allow-scripts\" security=\"restricted\" src=\"http:\/\/denizcankizil.tr\/uk\/haberler\/gundem\/mudanya-mutarekesinin-102-yili-kutlandi\/embed\/#?secret=EBz7SaBJzm\" width=\"600\" height=\"338\" title=\"&#8220;Mudanya M\u00fctarekesi\u2019nin 102. Y\u0131l\u0131 kutland\u0131&#8221; &#8212; Av. Deniz Can K\u0131z\u0131l\" data-secret=\"EBz7SaBJzm\" frameborder=\"0\" marginwidth=\"0\" marginheight=\"0\" scrolling=\"no\" class=\"wp-embedded-content\"><\/iframe><script>\n\/*! This file is auto-generated *\/\n!function(d,l){\"use strict\";l.querySelector&&d.addEventListener&&\"undefined\"!=typeof URL&&(d.wp=d.wp||{},d.wp.receiveEmbedMessage||(d.wp.receiveEmbedMessage=function(e){var t=e.data;if((t||t.secret||t.message||t.value)&&!\/[^a-zA-Z0-9]\/.test(t.secret)){for(var s,r,n,a=l.querySelectorAll('iframe[data-secret=\"'+t.secret+'\"]'),o=l.querySelectorAll('blockquote[data-secret=\"'+t.secret+'\"]'),c=new RegExp(\"^https?:$\",\"i\"),i=0;i<o.length;i++)o[i].style.display=\"none\";for(i=0;i<a.length;i++)s=a[i],e.source===s.contentWindow&&(s.removeAttribute(\"style\"),\"height\"===t.message?(1e3<(r=parseInt(t.value,10))?r=1e3:~~r<200&&(r=200),s.height=r):\"link\"===t.message&&(r=new URL(s.getAttribute(\"src\")),n=new URL(t.value),c.test(n.protocol))&&n.host===r.host&&l.activeElement===s&&(d.top.location.href=t.value))}},d.addEventListener(\"message\",d.wp.receiveEmbedMessage,!1),l.addEventListener(\"DOMContentLoaded\",function(){for(var e,t,s=l.querySelectorAll(\"iframe.wp-embedded-content\"),r=0;r<s.length;r++)(t=(e=s[r]).getAttribute(\"data-secret\"))||(t=Math.random().toString(36).substring(2,12),e.src+=\"#?secret=\"+t,e.setAttribute(\"data-secret\",t)),e.contentWindow.postMessage({message:\"ready\",secret:t},\"*\")},!1)))}(window,document);\n\/\/# sourceURL=http:\/\/denizcankizil.tr\/wp-includes\/js\/wp-embed.min.js\n<\/script>","description":"T\u00fcrkiye Cumhuriyeti\u2019nin kurulu\u015funda tarihe askeri ve diplomatik bir zafer olarak kaz\u0131nan Mudanya M\u00fctarekesi\u2019nin 102. y\u0131ld\u00f6n\u00fcm\u00fc Bursa\u2019n\u0131n Mudanya il\u00e7esinde t\u00f6renlerle kutland\u0131.BURSA (\u0130GFA) &#8211;\u00a0Mudanya M\u00fctarekesi\u2019nin y\u0131l d\u00f6n\u00fcm\u00fc kutlamalar\u0131 tarihi imzan\u0131n at\u0131ld\u0131\u011f\u0131 evin \u00f6n\u00fcndeki meydanda ger\u00e7ekle\u015ftirildi. Resmi programa Mudanya Kaymakam\u0131 Ayhan Terzi, Belediye Ba\u015fkan\u0131 Deniz Dalg\u0131\u00e7, K\u00fclt\u00fcr ve Turizm \u0130l M\u00fcd\u00fcr\u00fc Dr. Kamil \u00d6zer, M\u00fczeler M\u00fcd\u00fcr\u00fc Eylem Tu\u011futlu ile siyasi parti ve sivil toplum kurulu\u015flar\u0131n\u0131n temsilcileri ve davetliler kat\u0131ld\u0131. \u201cBARI\u015e VE UZLA\u015eINI RUHUNU MUDANYA\u2019DAN YAYDIK\u201d Mudanya Belediye Ba\u015fkan\u0131 Deniz Dalg\u0131\u00e7, Cumhuriyete giden yolun temel ta\u015flar\u0131ndan Mudanya M\u00fctarekesi\u2019nin 102. Y\u0131l d\u00f6n\u00fcm\u00fcn\u00fc il\u00e7enin kalbi M\u00fctareke Meydan\u0131\u2019nda kutlaman\u0131n heyecan\u0131 ve mutlulu\u011funu ya\u015fad\u0131\u011f\u0131n\u0131 s\u00f6yledi. \u00a0Dalg\u0131\u00e7, tarihi bir d\u00f6n\u00fcm noktas\u0131 olan Mudanya M\u00fctarekesi\u2019nin sadece bir anla\u015fma de\u011fil, ayn\u0131 zamanda yeni bir d\u00f6nemin ba\u015flang\u0131c\u0131 oldu\u011funu belirtti. Mudanya\u2019da 9 g\u00fcn boyunca s\u00fcrd\u00fcrd\u00fckleri etkinliklerle yaln\u0131zca ge\u00e7mi\u015fi anmad\u0131klar\u0131n\u0131, gelece\u011fe dair de yeni umut pe\u015finde olduklar\u0131n\u0131 vurgulayan Ba\u015fkan Dalg\u0131\u00e7, Mudanya\u2019n\u0131n bar\u0131\u015f ve uzla\u015f\u0131 ruhunu T\u00fcrkiye\u2019nin ve d\u00fcnyan\u0131n d\u00f6rt bir yan\u0131na yaymaya devam edeceklerini s\u00f6yledi. \u00a0\u00a0 D\u0130PLOMAT\u0130K KARARLILIKLA GELEN ZAFER\u2026 Mudanya Kaymakam\u0131 Ayhan Terzi, 11 Ekim 1922 tarihinde sabah saat 6\u2019da imzalanan anla\u015fman\u0131n, \u0130smet \u0130n\u00f6n\u00fc\u2019n\u00fcn askeri ba\u015far\u0131s\u0131n\u0131n yan\u0131 s\u0131ra diplomatik alanda da g\u00f6stermi\u015f oldu\u011fu kararl\u0131 ve dik duru\u015fuyla kazan\u0131lm\u0131\u015f siyasi bir zafer oldu\u011funu s\u00f6yledi. Mondros\u2019tan Lozan\u2019a giden yolun Mudanya\u2019dan ge\u00e7ti\u011fini ifade eden Kaymakam Terzi, &hellip;"}