{"version":"1.0","provider_name":"Av. Deniz Can K\u0131z\u0131l","provider_url":"http:\/\/denizcankizil.tr\/uk","author_name":"admin","author_url":"http:\/\/denizcankizil.tr\/uk\/author\/admin\/","title":"Minyat\u00fcr sanat\u0131yla Ya\u015far Kemal sergisi","type":"rich","width":600,"height":338,"html":"<blockquote class=\"wp-embedded-content\" data-secret=\"5BYEzPkSla\"><a href=\"http:\/\/denizcankizil.tr\/uk\/haberler\/gundem\/minyatur-sanatiyla-yasar-kemal-sergisi\/\">Minyat\u00fcr sanat\u0131yla Ya\u015far Kemal sergisi<\/a><\/blockquote><iframe sandbox=\"allow-scripts\" security=\"restricted\" src=\"http:\/\/denizcankizil.tr\/uk\/haberler\/gundem\/minyatur-sanatiyla-yasar-kemal-sergisi\/embed\/#?secret=5BYEzPkSla\" width=\"600\" height=\"338\" title=\"&#8220;Minyat\u00fcr sanat\u0131yla Ya\u015far Kemal sergisi&#8221; &#8212; Av. Deniz Can K\u0131z\u0131l\" data-secret=\"5BYEzPkSla\" frameborder=\"0\" marginwidth=\"0\" marginheight=\"0\" scrolling=\"no\" class=\"wp-embedded-content\"><\/iframe><script>\n\/*! This file is auto-generated *\/\n!function(d,l){\"use strict\";l.querySelector&&d.addEventListener&&\"undefined\"!=typeof URL&&(d.wp=d.wp||{},d.wp.receiveEmbedMessage||(d.wp.receiveEmbedMessage=function(e){var t=e.data;if((t||t.secret||t.message||t.value)&&!\/[^a-zA-Z0-9]\/.test(t.secret)){for(var s,r,n,a=l.querySelectorAll('iframe[data-secret=\"'+t.secret+'\"]'),o=l.querySelectorAll('blockquote[data-secret=\"'+t.secret+'\"]'),c=new RegExp(\"^https?:$\",\"i\"),i=0;i<o.length;i++)o[i].style.display=\"none\";for(i=0;i<a.length;i++)s=a[i],e.source===s.contentWindow&&(s.removeAttribute(\"style\"),\"height\"===t.message?(1e3<(r=parseInt(t.value,10))?r=1e3:~~r<200&&(r=200),s.height=r):\"link\"===t.message&&(r=new URL(s.getAttribute(\"src\")),n=new URL(t.value),c.test(n.protocol))&&n.host===r.host&&l.activeElement===s&&(d.top.location.href=t.value))}},d.addEventListener(\"message\",d.wp.receiveEmbedMessage,!1),l.addEventListener(\"DOMContentLoaded\",function(){for(var e,t,s=l.querySelectorAll(\"iframe.wp-embedded-content\"),r=0;r<s.length;r++)(t=(e=s[r]).getAttribute(\"data-secret\"))||(t=Math.random().toString(36).substring(2,12),e.src+=\"#?secret=\"+t,e.setAttribute(\"data-secret\",t)),e.contentWindow.postMessage({message:\"ready\",secret:t},\"*\")},!1)))}(window,document);\n\/\/# sourceURL=http:\/\/denizcankizil.tr\/wp-includes\/js\/wp-embed.min.js\n<\/script>","description":"Osmangazi Belediyesi\u2019nin ev sahipli\u011fi yapt\u0131\u011f\u0131 \u2018\u0130nsan D\u00fcnyad\u0131r Minyat\u00fcrlerle Ya\u015far Kemal\u2019in B\u00fct\u00fcn Kitaplar\u0131\u2019 adl\u0131 minyat\u00fcr sergisi, 02 \u015eubat Pazar g\u00fcn\u00fc sanatseverlerin ziyaretine a\u00e7\u0131l\u0131yor.\u00a0 \u200bOsmangazi Belediyesi\u2019nin ev sahipli\u011fi yapt\u0131\u011f\u0131 \u2018\u0130nsan D\u00fcnyad\u0131r Minyat\u00fcrlerle Ya\u015far Kemal\u2019in B\u00fct\u00fcn Kitaplar\u0131\u2019 adl\u0131 minyat\u00fcr sergisi, 02 \u015eubat Pazar g\u00fcn\u00fc sanatseverlerin ziyaretine a\u00e7\u0131l\u0131yor.\u00a0\u00a0 \u200bHaberin Al\u0131nt\u0131land\u0131\u011f\u0131 Kaynak: www.iskenderun.org"}