{"version":"1.0","provider_name":"Av. Deniz Can K\u0131z\u0131l","provider_url":"http:\/\/denizcankizil.tr\/uk","author_name":"admin","author_url":"http:\/\/denizcankizil.tr\/uk\/author\/admin\/","title":"Mil-Diyanet Sen kampanya stand\u0131 a\u00e7t\u0131\u2026","type":"rich","width":600,"height":338,"html":"<blockquote class=\"wp-embedded-content\" data-secret=\"kJqJE02OHF\"><a href=\"http:\/\/denizcankizil.tr\/uk\/haberler\/gundem\/mil-diyanet-sen-kampanya-standi-acti\/\">Mil-Diyanet Sen kampanya stand\u0131 a\u00e7t\u0131\u2026<\/a><\/blockquote><iframe sandbox=\"allow-scripts\" security=\"restricted\" src=\"http:\/\/denizcankizil.tr\/uk\/haberler\/gundem\/mil-diyanet-sen-kampanya-standi-acti\/embed\/#?secret=kJqJE02OHF\" width=\"600\" height=\"338\" title=\"&#8220;Mil-Diyanet Sen kampanya stand\u0131 a\u00e7t\u0131\u2026&#8221; &#8212; Av. Deniz Can K\u0131z\u0131l\" data-secret=\"kJqJE02OHF\" frameborder=\"0\" marginwidth=\"0\" marginheight=\"0\" scrolling=\"no\" class=\"wp-embedded-content\"><\/iframe><script>\n\/*! This file is auto-generated *\/\n!function(d,l){\"use strict\";l.querySelector&&d.addEventListener&&\"undefined\"!=typeof URL&&(d.wp=d.wp||{},d.wp.receiveEmbedMessage||(d.wp.receiveEmbedMessage=function(e){var t=e.data;if((t||t.secret||t.message||t.value)&&!\/[^a-zA-Z0-9]\/.test(t.secret)){for(var s,r,n,a=l.querySelectorAll('iframe[data-secret=\"'+t.secret+'\"]'),o=l.querySelectorAll('blockquote[data-secret=\"'+t.secret+'\"]'),c=new RegExp(\"^https?:$\",\"i\"),i=0;i<o.length;i++)o[i].style.display=\"none\";for(i=0;i<a.length;i++)s=a[i],e.source===s.contentWindow&&(s.removeAttribute(\"style\"),\"height\"===t.message?(1e3<(r=parseInt(t.value,10))?r=1e3:~~r<200&&(r=200),s.height=r):\"link\"===t.message&&(r=new URL(s.getAttribute(\"src\")),n=new URL(t.value),c.test(n.protocol))&&n.host===r.host&&l.activeElement===s&&(d.top.location.href=t.value))}},d.addEventListener(\"message\",d.wp.receiveEmbedMessage,!1),l.addEventListener(\"DOMContentLoaded\",function(){for(var e,t,s=l.querySelectorAll(\"iframe.wp-embedded-content\"),r=0;r<s.length;r++)(t=(e=s[r]).getAttribute(\"data-secret\"))||(t=Math.random().toString(36).substring(2,12),e.src+=\"#?secret=\"+t,e.setAttribute(\"data-secret\",t)),e.contentWindow.postMessage({message:\"ready\",secret:t},\"*\")},!1)))}(window,document);\n\/\/# sourceURL=http:\/\/denizcankizil.tr\/wp-includes\/js\/wp-embed.min.js\n<\/script>","description":"Kampanya kapsam\u0131nda \u0130skenderun \u015eehit Pamir Caddesi \u00fczerindeki Havuzlu \u00c7ar\u015f\u0131 giri\u015finde Mil-Diyanet Sen taraf\u0131ndan, kurulan stantta 1-4 \u015eubat 2025 tarihleri aras\u0131nda t\u00fcm illerde e\u015f zamanl\u0131 olarak y\u00fcr\u00fct\u00fclecek olan kampanya \u2018Aile Y\u0131l\u0131\u2019 vurgusuyla ba\u015flat\u0131ld\u0131. Mil-Diyanet Sen Hatay \u0130l Ba\u015fkan\u0131 Mustafa Enzin, Cumhurba\u015fkan\u0131 Recep Tayyip Erdo\u011fan\u2019\u0131n 2025 y\u0131l\u0131n\u0131 &#8220;Aile Y\u0131l\u0131&#8221; ilan etti\u011fini hat\u0131rlatarak, toplumda ve aile yap\u0131s\u0131nda ya\u015fanan sosyal ve ahlaki yozla\u015fmalara kar\u015f\u0131 m\u00fccadele ettiklerini belirtti. LGBT DERNEKLER\u0130 KAPATILSIN TALEB\u0130 Mil-Diyanet Sen olarak \u0130\u00e7i\u015fleri Bakanl\u0131\u011f\u0131\u2019na daha \u00f6nce LGBT derneklerinin kapat\u0131lmas\u0131 y\u00f6n\u00fcnde iki kez dilek\u00e7e verdiklerini ancak sonu\u00e7 alamad\u0131klar\u0131n\u0131 ifade eden Enzin, \u201cBu talebimizi bir ad\u0131m daha ileriye ta\u015f\u0131yarak geni\u015f kat\u0131l\u0131ml\u0131 bir imza kampanyas\u0131 d\u00fczenliyoruz. Ailenin, gen\u00e7li\u011fin ve neslin korunmas\u0131 i\u00e7in bu m\u00fccadeleyi s\u00fcrd\u00fcrmekte kararl\u0131y\u0131z\u201d dedi. LGBT hareketlerini \u201cinsan f\u0131trat\u0131na y\u00f6nelik bir tehdit\u201d olarak nitelendiren Enzin, \u201cE\u015fcinsellik ve cinsiyetsizlik propagandalar\u0131, insan neslini hedef alan Siyonist projelerin bir par\u00e7as\u0131d\u0131r. Allah, insan\u0131 kad\u0131n ve erkek olarak yaratm\u0131\u015ft\u0131r. Bu f\u0131trat\u0131n korunmas\u0131, hem dinimizin hem de insanl\u0131\u011f\u0131n bir gere\u011fidir\u201d diye konu\u015ftu. &#8220;D\u0130\u011eER \u00dcLKELERDE YASAKLANDI, T\u00dcRK\u0130YE\u2019DE DE YASAKLANMALI&#8221; D\u00fcnya genelinde LGBT faaliyetlerine y\u00f6nelik yasaklardan \u00f6rnekler vererek, baz\u0131 \u00fclkelerin bu konuda ciddi ad\u0131mlar att\u0131\u011f\u0131n\u0131 hat\u0131rlatan Mustafa Enzin \u015funlar\u0131 kaydetti: \u201cBa\u015fta Rusya olmak \u00fczere bir\u00e7ok \u00fclke LGBT derneklerini kapatm\u0131\u015f, faaliyetlerini yasaklam\u0131\u015f, hatta propagandas\u0131n\u0131 bile engellemi\u015ftir. ABD\u2019nin eski Ba\u015fkan\u0131 Donald Trump, LGBT\u2019ye &hellip;"}