{"version":"1.0","provider_name":"Av. Deniz Can K\u0131z\u0131l","provider_url":"http:\/\/denizcankizil.tr\/uk","author_name":"Av. Deniz Can K\u0131z\u0131l","author_url":"http:\/\/denizcankizil.tr\/uk","title":"MEB ve WWF-T\u00fcrkiye'den yeni protokol","type":"rich","width":600,"height":338,"html":"<blockquote class=\"wp-embedded-content\" data-secret=\"G3sN88y2jW\"><a href=\"http:\/\/denizcankizil.tr\/uk\/haberler\/gundem\/meb-ve-wwf-turkiyeden-yeni-protokol\/\">MEB ve WWF-T\u00fcrkiye&#8217;den yeni protokol<\/a><\/blockquote><iframe sandbox=\"allow-scripts\" security=\"restricted\" src=\"http:\/\/denizcankizil.tr\/uk\/haberler\/gundem\/meb-ve-wwf-turkiyeden-yeni-protokol\/embed\/#?secret=G3sN88y2jW\" width=\"600\" height=\"338\" title=\"&#8220;MEB ve WWF-T\u00fcrkiye&#8217;den yeni protokol&#8221; &#8212; Av. Deniz Can K\u0131z\u0131l\" data-secret=\"G3sN88y2jW\" frameborder=\"0\" marginwidth=\"0\" marginheight=\"0\" scrolling=\"no\" class=\"wp-embedded-content\"><\/iframe><script>\n\/*! This file is auto-generated *\/\n!function(d,l){\"use strict\";l.querySelector&&d.addEventListener&&\"undefined\"!=typeof URL&&(d.wp=d.wp||{},d.wp.receiveEmbedMessage||(d.wp.receiveEmbedMessage=function(e){var t=e.data;if((t||t.secret||t.message||t.value)&&!\/[^a-zA-Z0-9]\/.test(t.secret)){for(var s,r,n,a=l.querySelectorAll('iframe[data-secret=\"'+t.secret+'\"]'),o=l.querySelectorAll('blockquote[data-secret=\"'+t.secret+'\"]'),c=new RegExp(\"^https?:$\",\"i\"),i=0;i<o.length;i++)o[i].style.display=\"none\";for(i=0;i<a.length;i++)s=a[i],e.source===s.contentWindow&&(s.removeAttribute(\"style\"),\"height\"===t.message?(1e3<(r=parseInt(t.value,10))?r=1e3:~~r<200&&(r=200),s.height=r):\"link\"===t.message&&(r=new URL(s.getAttribute(\"src\")),n=new URL(t.value),c.test(n.protocol))&&n.host===r.host&&l.activeElement===s&&(d.top.location.href=t.value))}},d.addEventListener(\"message\",d.wp.receiveEmbedMessage,!1),l.addEventListener(\"DOMContentLoaded\",function(){for(var e,t,s=l.querySelectorAll(\"iframe.wp-embedded-content\"),r=0;r<s.length;r++)(t=(e=s[r]).getAttribute(\"data-secret\"))||(t=Math.random().toString(36).substring(2,12),e.src+=\"#?secret=\"+t,e.setAttribute(\"data-secret\",t)),e.contentWindow.postMessage({message:\"ready\",secret:t},\"*\")},!1)))}(window,document);\n\/\/# sourceURL=http:\/\/denizcankizil.tr\/wp-includes\/js\/wp-embed.min.js\n<\/script>","description":"T.C. Mill\u00ee E\u011fitim Bakanl\u0131\u011f\u0131 Temel E\u011fitim Genel M\u00fcd\u00fcrl\u00fc\u011f\u00fc ve WWF-T\u00fcrkiye (Do\u011fal Hayat\u0131 Koruma Vakf\u0131), Do\u011fa \u00d6nc\u00fcleri Program\u0131\u2019na y\u00f6nelik i\u015f birli\u011fi protokol\u00fc 2024 \u2013 2027 y\u0131llar\u0131n\u0131 kapsayacak \u015fekilde yenilendi.\u0130STANBUL (\u0130GFA) &#8211; 2017 y\u0131l\u0131nda WWF-T\u00fcrkiye\u2019nin giri\u015fimi ile ba\u015flayan, 2019 y\u0131l\u0131nda T.C. Mill\u00ee E\u011fitim Bakanl\u0131\u011f\u0131 Temel E\u011fitim Genel M\u00fcd\u00fcrl\u00fc\u011f\u00fc ile imzalanan protokolle g\u00fc\u00e7lenerek T\u00fcrkiye geneline yay\u0131lan Do\u011fa \u00d6nc\u00fcleri Program\u0131 kapsam\u0131nda bug\u00fcne dek 3 bin okul ve 30 bin \u00f6\u011frenciye ula\u015f\u0131ld\u0131.\u00a0 TOPLUMSAL D\u00d6N\u00dc\u015e\u00dcM VE DO\u011eA KORUMA \u00c7ALI\u015eMALARINI TE\u015eV\u0130K EDEN EYLEM PROGRAMI Ortaokul \u00f6\u011frencilerinedo\u011fada ve toplumda g\u00f6rmek istedikleri de\u011fi\u015fimi hayata ge\u00e7irmelerine olanak sa\u011flayan Do\u011fa \u00d6nc\u00fcleri, \u00f6\u011frencilerin liderlik ve proje y\u00f6netimi becerilerini geli\u015ftiren, toplumsal d\u00f6n\u00fc\u015f\u00fcm ve do\u011fa koruma \u00e7al\u0131\u015fmalar\u0131na kat\u0131l\u0131m\u0131 te\u015fvik eden bir eylem program\u0131d\u0131r. WWF-T\u00fcrkiye g\u00f6n\u00fcll\u00fcl\u00fck program\u0131 kapsam\u0131nda g\u00f6n\u00fcll\u00fclerinin rehberlik etti\u011fiDo\u011fa \u00d6nc\u00fcleri Program\u0131 ile ortaokul \u00f6\u011frencileri, \u00f6\u011fretmen ment\u00f6rl\u00fc\u011f\u00fcnde S\u00fcrd\u00fcr\u00fclebilir G\u0131da ve G\u0131da At\u0131klar\u0131, Tatl\u0131 Su ve Denizler, Biyo\u00e7e\u015fitlilik, Yaban Hayat\u0131 ve Do\u011fa, Plastikler ve \u0130klim &#8211; Enerjikonular\u0131nda yenilik\u00e7i ve d\u00f6n\u00fc\u015ft\u00fcr\u00fcc\u00fc projeler \u00fcretiyor.\u00a0 \u201cGEN\u00c7LER\u0130M\u0130ZLE VE GEN\u00c7LER\u0130M\u0130ZDEN \u00c7\u00d6Z\u00dcM\u00dc DO\u011eADA ARAMAYI \u00d6\u011eREN\u0130YORUZ\u201d WWF-T\u00fcrkiye Genel M\u00fcd\u00fcr\u00fc \u00d6m\u00fcr Kula Do\u011fa \u00d6nc\u00fcleri Program\u0131\u2019n\u0131n yeni d\u00f6nemi ile ilgili \u201c\u00c7ocuklar\u0131n do\u011fam\u0131z\u0131, d\u00fcnyam\u0131z\u0131 koruma tutkular\u0131n\u0131, daha ye\u015fil bir gelece\u011fe y\u00f6nelik hayallerini desteklemek amac\u0131yla yola \u00e7\u0131kt\u0131\u011f\u0131m\u0131z Do\u011fa \u00d6nc\u00fcleri Program\u0131na kat\u0131lan \u00f6\u011frenciler bug\u00fcne dek bize \u00e7\u00f6z\u00fcm\u00fcn do\u011fada oldu\u011funu g\u00f6sterdi. Gen\u00e7lerimizle ve gen\u00e7lerimizden \u00e7\u00f6z\u00fcm\u00fc do\u011fada aramay\u0131 \u00f6\u011frendik\u00e7e, &hellip;"}