{"version":"1.0","provider_name":"Av. Deniz Can K\u0131z\u0131l","provider_url":"http:\/\/denizcankizil.tr\/uk","author_name":"admin","author_url":"http:\/\/denizcankizil.tr\/uk\/author\/admin\/","title":"Mansur Yava\u015f Cumhurba\u015fkanl\u0131\u011f\u0131 adayl\u0131\u011f\u0131n\u0131 ask\u0131ya ald\u0131!","type":"rich","width":600,"height":338,"html":"<blockquote class=\"wp-embedded-content\" data-secret=\"Kdo6hhCWWa\"><a href=\"http:\/\/denizcankizil.tr\/uk\/haberler\/gundem\/mansur-yavas-cumhurbaskanligi-adayligini-askiya-aldi\/\">Mansur Yava\u015f Cumhurba\u015fkanl\u0131\u011f\u0131 adayl\u0131\u011f\u0131n\u0131 ask\u0131ya ald\u0131!<\/a><\/blockquote><iframe sandbox=\"allow-scripts\" security=\"restricted\" src=\"http:\/\/denizcankizil.tr\/uk\/haberler\/gundem\/mansur-yavas-cumhurbaskanligi-adayligini-askiya-aldi\/embed\/#?secret=Kdo6hhCWWa\" width=\"600\" height=\"338\" title=\"&#8220;Mansur Yava\u015f Cumhurba\u015fkanl\u0131\u011f\u0131 adayl\u0131\u011f\u0131n\u0131 ask\u0131ya ald\u0131!&#8221; &#8212; Av. Deniz Can K\u0131z\u0131l\" data-secret=\"Kdo6hhCWWa\" frameborder=\"0\" marginwidth=\"0\" marginheight=\"0\" scrolling=\"no\" class=\"wp-embedded-content\"><\/iframe><script>\n\/*! This file is auto-generated *\/\n!function(d,l){\"use strict\";l.querySelector&&d.addEventListener&&\"undefined\"!=typeof URL&&(d.wp=d.wp||{},d.wp.receiveEmbedMessage||(d.wp.receiveEmbedMessage=function(e){var t=e.data;if((t||t.secret||t.message||t.value)&&!\/[^a-zA-Z0-9]\/.test(t.secret)){for(var s,r,n,a=l.querySelectorAll('iframe[data-secret=\"'+t.secret+'\"]'),o=l.querySelectorAll('blockquote[data-secret=\"'+t.secret+'\"]'),c=new RegExp(\"^https?:$\",\"i\"),i=0;i<o.length;i++)o[i].style.display=\"none\";for(i=0;i<a.length;i++)s=a[i],e.source===s.contentWindow&&(s.removeAttribute(\"style\"),\"height\"===t.message?(1e3<(r=parseInt(t.value,10))?r=1e3:~~r<200&&(r=200),s.height=r):\"link\"===t.message&&(r=new URL(s.getAttribute(\"src\")),n=new URL(t.value),c.test(n.protocol))&&n.host===r.host&&l.activeElement===s&&(d.top.location.href=t.value))}},d.addEventListener(\"message\",d.wp.receiveEmbedMessage,!1),l.addEventListener(\"DOMContentLoaded\",function(){for(var e,t,s=l.querySelectorAll(\"iframe.wp-embedded-content\"),r=0;r<s.length;r++)(t=(e=s[r]).getAttribute(\"data-secret\"))||(t=Math.random().toString(36).substring(2,12),e.src+=\"#?secret=\"+t,e.setAttribute(\"data-secret\",t)),e.contentWindow.postMessage({message:\"ready\",secret:t},\"*\")},!1)))}(window,document);\n\/\/# sourceURL=http:\/\/denizcankizil.tr\/wp-includes\/js\/wp-embed.min.js\n<\/script>","description":"Ankara B\u00fcy\u00fck\u015fehir Belediye Ba\u015fkan\u0131 Mansur Yava\u015f, \u0130stanbul \u00dcniversitesi&#8217;nin Ekrem \u0130mamo\u011flu&#8217;nun diplomas\u0131n\u0131 iptal etme karar\u0131 sonras\u0131nda kendisinin ald\u0131\u011f\u0131 karar\u0131 duyurdu. Yava\u015f, &#8220;B\u00f6ylesine hukuksuz bir s\u00fcre\u00e7te daha \u00f6nce \u00fc\u00e7l\u00fc masada ifade etti\u011fim \u201cCumhurba\u015fkanl\u0131\u011f\u0131 adayl\u0131\u011f\u0131m\u0131 g\u00fcn\u00fc gelince de\u011ferlendirece\u011fim\u201d karar\u0131m\u0131, bu hukuksuzluk ortadan kalkana kadar ASKIYA alaca\u011f\u0131m\u0131 da kamuoyuna ilan ediyorum&#8221; dedi.ANKARA (\u0130GFA) &#8211; Ankara B\u00fcy\u00fck\u015fehir Belediye Ba\u015fkan\u0131 Mansur Yava\u015f, \u0130stanbul B\u00fcy\u00fck\u015fehir Belediye Ba\u015fkan\u0131 Ekrem \u0130mamo\u011flu\u2019nun diplomas\u0131n\u0131n iptal edilmesi karar\u0131na ili\u015fkin a\u00e7\u0131klamalarda bulundu. Ba\u015fkan Yava\u015f, \u201cCumhurba\u015fkanl\u0131\u011f\u0131 adayl\u0131\u011f\u0131m\u0131 g\u00fcn\u00fc gelince de\u011ferlendirece\u011fim\u201d karar\u0131n\u0131, hukuksuzluk ortadan kalkana kadar ask\u0131ya ald\u0131\u011f\u0131n\u0131 duyurdu. Sosyal medya hesab\u0131ndan payla\u015f\u0131mda bulunan Ba\u015fkan Yava\u015f, Ekrem \u0130mamo\u011flu\u2019nun hukuka ve t\u00fcm mevzuata uygun diplomas\u0131n\u0131n iptal edilmesine ili\u015fkin karar sonras\u0131 T\u00fcrkiye demokrasisi maalesef bir ba\u015fka evreye ge\u00e7ti\u011fini kaydederek,\u00a0 \u0130stanbul \u00dcniversitesi\u2019nin verdi\u011fi karara tepki g\u00f6sterdi. &#8220;\u0130mamo\u011flu\u2019nun hukuk ve demokrasi d\u0131\u015f\u0131 bir zorlama ile adayl\u0131k hakk\u0131n\u0131n elinden al\u0131nmas\u0131na sessiz kalaca\u011f\u0131m\u0131z\u0131 ya da bundan ho\u015flanaca\u011f\u0131m\u0131z\u0131 kimse d\u00fc\u015f\u00fcnmesin&#8221; diyen Yava\u015f, &#8220;Ben Ekrem Ba\u015fkan\u0131m\u0131za yap\u0131lan bu haks\u0131zl\u0131\u011f\u0131 kabul etmiyorum. T\u00fcm bu hukuki ve siyasi s\u00fcrecin her dakikas\u0131nda Ekrem Ba\u015fkan\u0131m\u0131z\u0131n yan\u0131nda olaca\u011f\u0131m\u0131, b\u00f6ylesine hukuksuz bir s\u00fcre\u00e7te daha \u00f6nce \u00fc\u00e7l\u00fc masada ifade etti\u011fim \u201cCumhurba\u015fkanl\u0131\u011f\u0131 adayl\u0131\u011f\u0131m\u0131 g\u00fcn\u00fc gelince de\u011ferlendirece\u011fim\u201d karar\u0131m\u0131, bu hukuksuzluk ortadan kalkana kadar ASKIYA alaca\u011f\u0131m\u0131 da kamuoyuna ilan ediyorum&#8221; dedi. https:\/\/twitter.com\/mansuryavas06\/status\/1902023781390147676 Yava\u015f, &#8220;CHP i\u00e7indeki dayan\u0131\u015fma duygumuzu ise kimse k\u00fc\u00e7\u00fcmsemesin ve bizlerin, en &hellip;"}