{"version":"1.0","provider_name":"Av. Deniz Can K\u0131z\u0131l","provider_url":"http:\/\/denizcankizil.tr\/uk","author_name":"admin","author_url":"http:\/\/denizcankizil.tr\/uk\/author\/admin\/","title":"Makine sekt\u00f6r\u00fc \u0130zmir\u2019de bulu\u015fuyor","type":"rich","width":600,"height":338,"html":"<blockquote class=\"wp-embedded-content\" data-secret=\"MaebFrTT2c\"><a href=\"http:\/\/denizcankizil.tr\/uk\/haberler\/gundem\/makine-sektoru-izmirde-bulusuyor\/\">Makine sekt\u00f6r\u00fc \u0130zmir\u2019de bulu\u015fuyor<\/a><\/blockquote><iframe sandbox=\"allow-scripts\" security=\"restricted\" src=\"http:\/\/denizcankizil.tr\/uk\/haberler\/gundem\/makine-sektoru-izmirde-bulusuyor\/embed\/#?secret=MaebFrTT2c\" width=\"600\" height=\"338\" title=\"&#8220;Makine sekt\u00f6r\u00fc \u0130zmir\u2019de bulu\u015fuyor&#8221; &#8212; Av. Deniz Can K\u0131z\u0131l\" data-secret=\"MaebFrTT2c\" frameborder=\"0\" marginwidth=\"0\" marginheight=\"0\" scrolling=\"no\" class=\"wp-embedded-content\"><\/iframe><script>\n\/*! This file is auto-generated *\/\n!function(d,l){\"use strict\";l.querySelector&&d.addEventListener&&\"undefined\"!=typeof URL&&(d.wp=d.wp||{},d.wp.receiveEmbedMessage||(d.wp.receiveEmbedMessage=function(e){var t=e.data;if((t||t.secret||t.message||t.value)&&!\/[^a-zA-Z0-9]\/.test(t.secret)){for(var s,r,n,a=l.querySelectorAll('iframe[data-secret=\"'+t.secret+'\"]'),o=l.querySelectorAll('blockquote[data-secret=\"'+t.secret+'\"]'),c=new RegExp(\"^https?:$\",\"i\"),i=0;i<o.length;i++)o[i].style.display=\"none\";for(i=0;i<a.length;i++)s=a[i],e.source===s.contentWindow&&(s.removeAttribute(\"style\"),\"height\"===t.message?(1e3<(r=parseInt(t.value,10))?r=1e3:~~r<200&&(r=200),s.height=r):\"link\"===t.message&&(r=new URL(s.getAttribute(\"src\")),n=new URL(t.value),c.test(n.protocol))&&n.host===r.host&&l.activeElement===s&&(d.top.location.href=t.value))}},d.addEventListener(\"message\",d.wp.receiveEmbedMessage,!1),l.addEventListener(\"DOMContentLoaded\",function(){for(var e,t,s=l.querySelectorAll(\"iframe.wp-embedded-content\"),r=0;r<s.length;r++)(t=(e=s[r]).getAttribute(\"data-secret\"))||(t=Math.random().toString(36).substring(2,12),e.src+=\"#?secret=\"+t,e.setAttribute(\"data-secret\",t)),e.contentWindow.postMessage({message:\"ready\",secret:t},\"*\")},!1)))}(window,document);\n\/\/# sourceURL=http:\/\/denizcankizil.tr\/wp-includes\/js\/wp-embed.min.js\n<\/script>","description":"\u0130zmir B\u00fcy\u00fck\u015fehir Belediyesi ev sahipli\u011finde \u0130ZFA\u015e ve \u0130zgi Fuarc\u0131l\u0131k organizat\u00f6rl\u00fc\u011f\u00fcnde, 4M Fuarc\u0131l\u0131k i\u015f birli\u011finde \u00fc\u00e7\u00fcnc\u00fc kez d\u00fczenlenecek IMATECH \u2013 3. End\u00fcstriyel \u00dcretim Teknolojileri Fuar\u0131, 2025 y\u0131l\u0131nda da makine sekt\u00f6r\u00fcn\u00fcn en b\u00fcy\u00fck bulu\u015fmalar\u0131ndan olacak. \u200b\u0130zmir B\u00fcy\u00fck\u015fehir Belediyesi ev sahipli\u011finde \u0130ZFA\u015e ve \u0130zgi Fuarc\u0131l\u0131k organizat\u00f6rl\u00fc\u011f\u00fcnde, 4M Fuarc\u0131l\u0131k i\u015f birli\u011finde \u00fc\u00e7\u00fcnc\u00fc kez d\u00fczenlenecek IMATECH \u2013 3. End\u00fcstriyel \u00dcretim Teknolojileri Fuar\u0131, 2025 y\u0131l\u0131nda da makine sekt\u00f6r\u00fcn\u00fcn en b\u00fcy\u00fck bulu\u015fmalar\u0131ndan olacak.\u00a0 \u200bHaberin Al\u0131nt\u0131land\u0131\u011f\u0131 Kaynak: www.iskenderun.org"}