{"version":"1.0","provider_name":"Av. Deniz Can K\u0131z\u0131l","provider_url":"http:\/\/denizcankizil.tr\/uk","author_name":"admin","author_url":"http:\/\/denizcankizil.tr\/uk\/author\/admin\/","title":"Konya'da ye\u015fil alanlar\u0131 ila\u00e7lamaya devam","type":"rich","width":600,"height":338,"html":"<blockquote class=\"wp-embedded-content\" data-secret=\"OXlagH9E8H\"><a href=\"http:\/\/denizcankizil.tr\/uk\/haberler\/gundem\/konyada-yesil-alanlari-ilaclamaya-devam\/\">Konya&#8217;da ye\u015fil alanlar\u0131 ila\u00e7lamaya devam<\/a><\/blockquote><iframe sandbox=\"allow-scripts\" security=\"restricted\" src=\"http:\/\/denizcankizil.tr\/uk\/haberler\/gundem\/konyada-yesil-alanlari-ilaclamaya-devam\/embed\/#?secret=OXlagH9E8H\" width=\"600\" height=\"338\" title=\"&#8220;Konya&#8217;da ye\u015fil alanlar\u0131 ila\u00e7lamaya devam&#8221; &#8212; Av. Deniz Can K\u0131z\u0131l\" data-secret=\"OXlagH9E8H\" frameborder=\"0\" marginwidth=\"0\" marginheight=\"0\" scrolling=\"no\" class=\"wp-embedded-content\"><\/iframe><script>\n\/*! This file is auto-generated *\/\n!function(d,l){\"use strict\";l.querySelector&&d.addEventListener&&\"undefined\"!=typeof URL&&(d.wp=d.wp||{},d.wp.receiveEmbedMessage||(d.wp.receiveEmbedMessage=function(e){var t=e.data;if((t||t.secret||t.message||t.value)&&!\/[^a-zA-Z0-9]\/.test(t.secret)){for(var s,r,n,a=l.querySelectorAll('iframe[data-secret=\"'+t.secret+'\"]'),o=l.querySelectorAll('blockquote[data-secret=\"'+t.secret+'\"]'),c=new RegExp(\"^https?:$\",\"i\"),i=0;i<o.length;i++)o[i].style.display=\"none\";for(i=0;i<a.length;i++)s=a[i],e.source===s.contentWindow&&(s.removeAttribute(\"style\"),\"height\"===t.message?(1e3<(r=parseInt(t.value,10))?r=1e3:~~r<200&&(r=200),s.height=r):\"link\"===t.message&&(r=new URL(s.getAttribute(\"src\")),n=new URL(t.value),c.test(n.protocol))&&n.host===r.host&&l.activeElement===s&&(d.top.location.href=t.value))}},d.addEventListener(\"message\",d.wp.receiveEmbedMessage,!1),l.addEventListener(\"DOMContentLoaded\",function(){for(var e,t,s=l.querySelectorAll(\"iframe.wp-embedded-content\"),r=0;r<s.length;r++)(t=(e=s[r]).getAttribute(\"data-secret\"))||(t=Math.random().toString(36).substring(2,12),e.src+=\"#?secret=\"+t,e.setAttribute(\"data-secret\",t)),e.contentWindow.postMessage({message:\"ready\",secret:t},\"*\")},!1)))}(window,document);\n\/\/# sourceURL=http:\/\/denizcankizil.tr\/wp-includes\/js\/wp-embed.min.js\n<\/script>","description":"Konya&#8217;da Sel\u00e7uklu Belediyesi Park ve Bah\u00e7eler M\u00fcd\u00fcrl\u00fc\u011f\u00fc ekipleri t\u00fcm il\u00e7ede ha\u015ferelere kar\u015f\u0131 periyodik olarak ila\u00e7lama \u00e7al\u0131\u015fmalar\u0131n\u0131 s\u00fcrd\u00fcr\u00fcyor.KONYA (\u0130GFA) &#8211; Sel\u00e7uklu\u2019da ila\u00e7lama \u00e7al\u0131\u015fmalar\u0131 hava s\u0131caklar\u0131n\u0131n artmaya ba\u015flamas\u0131yla h\u0131zland\u0131. Sel\u00e7uklu Belediyesi Park Bah\u00e7eler M\u00fcd\u00fcrl\u00fc\u011f\u00fc ekipleri vatanda\u015flar\u0131n daha konforlu bir mevsim ge\u00e7irebilmeleri ad\u0131na \u00f6nlem almaya devam ediyor. Bu \u00e7er\u00e7evede ha\u015ferelerin ortaya \u00e7\u0131kard\u0131\u011f\u0131 olumsuz \u015fartlar\u0131n \u00f6nlenmesi i\u00e7in ekipler il\u00e7e genelinde ila\u00e7lama \u00e7al\u0131\u015fmas\u0131 yap\u0131yor. Park ve Bah\u00e7eler M\u00fcd\u00fcrl\u00fc\u011f\u00fc ekiplerinin Mart ay\u0131nda ba\u015flatt\u0131\u011f\u0131 yabanc\u0131 ot ve a\u011fa\u00e7 ila\u00e7lama \u00e7al\u0131\u015fmalar\u0131 Ekim ay\u0131na kadar devam edecek. \u0130la\u00e7lama \u00e7al\u0131\u015fmalar\u0131 yabanc\u0131 ot ila\u00e7lama, a\u011fa\u00e7 ila\u00e7lama olarak ger\u00e7ekle\u015ftiriliyor. Periyodik ila\u00e7lama \u00e7al\u0131\u015fmalar\u0131nda yaz d\u00f6neminde il\u00e7e sakinlerinin olumsuz etkilenmemesi i\u00e7in gece saatleri tercih ediliyor. PARKLAR VE A\u011eA\u00c7LAR \u0130LA\u00c7LANIYOR Parklar, a\u011fa\u00e7land\u0131rma sahalar\u0131 ve yol kenarlar\u0131nda bulunan a\u011fa\u00e7lar ile \u00e7im alanlar\u0131n ila\u00e7lamas\u0131n\u0131 yapan ekipler, a\u011fa\u00e7lardan \u00fcreyen ha\u015ferelerin rahats\u0131zl\u0131k vermemesi i\u00e7in yo\u011fun \u00e7aba sarf ediyor. A\u011fa\u00e7l\u0131k alanlar, kent parklar\u0131, \u00e7ocuk ve aile dinlenme parklar\u0131, ref\u00fcjler, a\u011fa\u00e7land\u0131rma sahalar\u0131nda yap\u0131lan ila\u00e7lama \u00e7al\u0131\u015fmalarda cadde ve sokaklar periyodik olarak ila\u00e7lan\u0131yor. A\u011fa\u00e7 ila\u00e7lama ekibi 2 ara\u00e7 \u00fcst\u00fc 3 p\u00fclverizat\u00f6r ve 10 personelle yap\u0131l\u0131rken yabanc\u0131 ot ila\u00e7lama ise 3 p\u00fclverizat\u00f6r ile 6 personel taraf\u0131ndan ger\u00e7ekle\u015ftiriliyor. \u0130la\u00e7lama \u00e7al\u0131\u015fmalar\u0131nda Tar\u0131m Bakanl\u0131\u011f\u0131 taraf\u0131ndan onayl\u0131 zirai \u00fcr\u00fcnler kullan\u0131l\u0131yor. Belediyeden yap\u0131lan a\u00e7\u0131klamada sorunsuz bir yaz d\u00f6nemi i\u00e7in Sel\u00e7uklu\u2019nun t\u00fcm mahallerinde ila\u00e7lama yap\u0131ld\u0131\u011f\u0131, il\u00e7e s\u0131n\u0131rlar\u0131nda yer alan t\u00fcm &hellip;"}