{"version":"1.0","provider_name":"Av. Deniz Can K\u0131z\u0131l","provider_url":"http:\/\/denizcankizil.tr\/uk","author_name":"admin","author_url":"http:\/\/denizcankizil.tr\/uk\/author\/admin\/","title":"K\u0131br\u0131sl\u0131 itfaiyecilere Konya tatbikat\u0131","type":"rich","width":600,"height":338,"html":"<blockquote class=\"wp-embedded-content\" data-secret=\"MmryZbOek0\"><a href=\"http:\/\/denizcankizil.tr\/uk\/haberler\/gundem\/kibrisli-itfaiyecilere-konya-tatbikati\/\">K\u0131br\u0131sl\u0131 itfaiyecilere Konya tatbikat\u0131<\/a><\/blockquote><iframe sandbox=\"allow-scripts\" security=\"restricted\" src=\"http:\/\/denizcankizil.tr\/uk\/haberler\/gundem\/kibrisli-itfaiyecilere-konya-tatbikati\/embed\/#?secret=MmryZbOek0\" width=\"600\" height=\"338\" title=\"&#8220;K\u0131br\u0131sl\u0131 itfaiyecilere Konya tatbikat\u0131&#8221; &#8212; Av. Deniz Can K\u0131z\u0131l\" data-secret=\"MmryZbOek0\" frameborder=\"0\" marginwidth=\"0\" marginheight=\"0\" scrolling=\"no\" class=\"wp-embedded-content\"><\/iframe><script>\n\/*! This file is auto-generated *\/\n!function(d,l){\"use strict\";l.querySelector&&d.addEventListener&&\"undefined\"!=typeof URL&&(d.wp=d.wp||{},d.wp.receiveEmbedMessage||(d.wp.receiveEmbedMessage=function(e){var t=e.data;if((t||t.secret||t.message||t.value)&&!\/[^a-zA-Z0-9]\/.test(t.secret)){for(var s,r,n,a=l.querySelectorAll('iframe[data-secret=\"'+t.secret+'\"]'),o=l.querySelectorAll('blockquote[data-secret=\"'+t.secret+'\"]'),c=new RegExp(\"^https?:$\",\"i\"),i=0;i<o.length;i++)o[i].style.display=\"none\";for(i=0;i<a.length;i++)s=a[i],e.source===s.contentWindow&&(s.removeAttribute(\"style\"),\"height\"===t.message?(1e3<(r=parseInt(t.value,10))?r=1e3:~~r<200&&(r=200),s.height=r):\"link\"===t.message&&(r=new URL(s.getAttribute(\"src\")),n=new URL(t.value),c.test(n.protocol))&&n.host===r.host&&l.activeElement===s&&(d.top.location.href=t.value))}},d.addEventListener(\"message\",d.wp.receiveEmbedMessage,!1),l.addEventListener(\"DOMContentLoaded\",function(){for(var e,t,s=l.querySelectorAll(\"iframe.wp-embedded-content\"),r=0;r<s.length;r++)(t=(e=s[r]).getAttribute(\"data-secret\"))||(t=Math.random().toString(36).substring(2,12),e.src+=\"#?secret=\"+t,e.setAttribute(\"data-secret\",t)),e.contentWindow.postMessage({message:\"ready\",secret:t},\"*\")},!1)))}(window,document);\n\/\/# sourceURL=http:\/\/denizcankizil.tr\/wp-includes\/js\/wp-embed.min.js\n<\/script>","description":"Konya B\u00fcy\u00fck\u015fehir Belediyesi, T\u00fcrk \u0130\u015fbirli\u011fi ve Koordinasyon Ajans\u0131 (T\u0130KA) ve Kimyasal Biyolojik Radyoloji N\u00fckleer (KBRN) Savunma ve G\u00fcvenlik Tugay Komutanl\u0131\u011f\u0131 i\u015f birli\u011fi ile Kuzey K\u0131br\u0131s T\u00fcrk Cumhuriyeti\u2019nde (KKTC) g\u00f6revli itfaiyecilere y\u00f6nelik e\u011fitim ve tatbikat d\u00fczenlendi.KONYA (\u0130GFA) &#8211; \u201cAcil Durum ve Afetlere M\u00fcdahale E\u011fitim Program\u0131 (ADAMEP) kapsam\u0131nda K\u0131br\u0131s\u2019tan gelen 12 itfaiyeci ilk olarak \u201c\u0130leri Seviye \u0130tfaiye E\u011fitici E\u011fitimi\u201d\u00a0 program\u0131na kat\u0131ld\u0131. Yang\u0131n s\u00f6nd\u00fcrme, kentsel arama-kurtarma, trafik kazalar\u0131na m\u00fcdahale, tanker yang\u0131nlar\u0131 ve KBRN olaylar\u0131na m\u00fcdahale konular\u0131nda kapsaml\u0131 teorik ve uygulamal\u0131 e\u011fitimler verildi. E\u011fitim program\u0131n\u0131n sonunda Konya B\u00fcy\u00fck\u015fehir Belediyesi \u0130tfaiye E\u011fitim Merkezi\u2019nde (K\u0130TEM) kat\u0131l\u0131mc\u0131lar\u0131n \u00f6\u011frendiklerini sahada uygulama f\u0131rsat\u0131 buldu\u011fu geni\u015f kapsaml\u0131 bir tatbikat yap\u0131ld\u0131. Tatbikat \u00f6ncesinde konu\u015fan Konya B\u00fcy\u00fck\u015fehir Belediyesi \u0130tfaiye Dairesi Ba\u015fkan\u0131 Latif Erdo\u011fan, T\u0130KA ve T\u00fcrk Silahl\u0131 Kuvvetleri KBRN E\u011fitim Merkezi ortakl\u0131\u011f\u0131yla ger\u00e7ekle\u015ftirdikleri e\u011fitimlerin K\u0131br\u0131sl\u0131 itfaiyeciler i\u00e7in b\u00fcy\u00fck bir kazan\u0131m oldu\u011funu s\u00f6yledi. Konya AFAD \u0130l M\u00fcd\u00fcr\u00fc Ali \u0130hsan K\u00f6rpe\u015f, \u201cB\u00f6yle profesyonel bir itfaiye te\u015fkilat\u0131 olan ilde ya\u015faman\u0131n bir ayr\u0131cal\u0131k oldu\u011funu d\u00fc\u015f\u00fcn\u00fcyorum. Eme\u011fi ge\u00e7en herkese \u00e7ok te\u015fekk\u00fcr ediyorum\u201d ifadelerini kulland\u0131. KKTC \u0130tfaiye Te\u015fkilat\u0131 \u00c7avu\u015fu Mustafa Sava\u015f\u0131r, \u201cBurada 2 hafta boyunca alm\u0131\u015f oldu\u011fumuz e\u011fitimler, tecr\u00fcbelerimize yepyeni tecr\u00fcbe kazand\u0131rm\u0131\u015ft\u0131r\u201d diyerek eme\u011fi ge\u00e7enlere te\u015fekk\u00fcr etti. KBRN Savunma ve G\u00fcvenlik Tugay Komutan\u0131 Piyade Albay Yusuf Uysal, T\u0130KA Koordinat\u00f6r\u00fc Mirzet M\u00fcezzino\u011flu\u2019nun da kat\u0131ld\u0131\u011f\u0131 programda konu\u015fmalar\u0131n ard\u0131ndan tatbikata ge\u00e7ildi. &hellip;"}