{"version":"1.0","provider_name":"Av. Deniz Can K\u0131z\u0131l","provider_url":"http:\/\/denizcankizil.tr\/uk","author_name":"admin","author_url":"http:\/\/denizcankizil.tr\/uk\/author\/admin\/","title":"\u201cKentsel d\u00f6n\u00fc\u015f\u00fcm Sakarya\u2019n\u0131n beka meselesidir\u201d","type":"rich","width":600,"height":338,"html":"<blockquote class=\"wp-embedded-content\" data-secret=\"fnsAGt8WPa\"><a href=\"http:\/\/denizcankizil.tr\/uk\/haberler\/gundem\/kentsel-donusum-sakaryanin-beka-meselesidir\/\">\u201cKentsel d\u00f6n\u00fc\u015f\u00fcm Sakarya\u2019n\u0131n beka meselesidir\u201d<\/a><\/blockquote><iframe sandbox=\"allow-scripts\" security=\"restricted\" src=\"http:\/\/denizcankizil.tr\/uk\/haberler\/gundem\/kentsel-donusum-sakaryanin-beka-meselesidir\/embed\/#?secret=fnsAGt8WPa\" width=\"600\" height=\"338\" title=\"&#8220;\u201cKentsel d\u00f6n\u00fc\u015f\u00fcm Sakarya\u2019n\u0131n beka meselesidir\u201d&#8221; &#8212; Av. Deniz Can K\u0131z\u0131l\" data-secret=\"fnsAGt8WPa\" frameborder=\"0\" marginwidth=\"0\" marginheight=\"0\" scrolling=\"no\" class=\"wp-embedded-content\"><\/iframe><script>\n\/*! This file is auto-generated *\/\n!function(d,l){\"use strict\";l.querySelector&&d.addEventListener&&\"undefined\"!=typeof URL&&(d.wp=d.wp||{},d.wp.receiveEmbedMessage||(d.wp.receiveEmbedMessage=function(e){var t=e.data;if((t||t.secret||t.message||t.value)&&!\/[^a-zA-Z0-9]\/.test(t.secret)){for(var s,r,n,a=l.querySelectorAll('iframe[data-secret=\"'+t.secret+'\"]'),o=l.querySelectorAll('blockquote[data-secret=\"'+t.secret+'\"]'),c=new RegExp(\"^https?:$\",\"i\"),i=0;i<o.length;i++)o[i].style.display=\"none\";for(i=0;i<a.length;i++)s=a[i],e.source===s.contentWindow&&(s.removeAttribute(\"style\"),\"height\"===t.message?(1e3<(r=parseInt(t.value,10))?r=1e3:~~r<200&&(r=200),s.height=r):\"link\"===t.message&&(r=new URL(s.getAttribute(\"src\")),n=new URL(t.value),c.test(n.protocol))&&n.host===r.host&&l.activeElement===s&&(d.top.location.href=t.value))}},d.addEventListener(\"message\",d.wp.receiveEmbedMessage,!1),l.addEventListener(\"DOMContentLoaded\",function(){for(var e,t,s=l.querySelectorAll(\"iframe.wp-embedded-content\"),r=0;r<s.length;r++)(t=(e=s[r]).getAttribute(\"data-secret\"))||(t=Math.random().toString(36).substring(2,12),e.src+=\"#?secret=\"+t,e.setAttribute(\"data-secret\",t)),e.contentWindow.postMessage({message:\"ready\",secret:t},\"*\")},!1)))}(window,document);\n\/\/# sourceURL=http:\/\/denizcankizil.tr\/wp-includes\/js\/wp-embed.min.js\n<\/script>","description":"Sakarya B\u00fcy\u00fck\u015fehir Belediye Ba\u015fkan\u0131 Yusuf Alemdar, Cumhurba\u015fkan\u0131 Erdo\u011fan\u2019\u0131n \u201cdepreme haz\u0131rl\u0131k bir beka meselesidir\u201d a\u00e7\u0131klamas\u0131 sonras\u0131d\u00f6n\u00fc\u015f\u00fcm seferberli\u011fine yeniden dikkat \u00e7ekti.SAKARYA (\u0130GFA) &#8211;\u00a0Ege Denizi&#8217;nde bir haftad\u0131r s\u00fcren deprem hareketlili\u011fi sonras\u0131nda Cumhurba\u015fkan\u0131 Recep Tayyip Erdo\u011fan \u201cdepreme haz\u0131rl\u0131k bir beka meselesidir\u201d s\u00f6zlerine dikkat \u00e7ekti. Erdo\u011fan\u2019dan d\u00f6n\u00fc\u015f\u00fcm vurgusu Cumhurba\u015fkan\u0131 Erdo\u011fan yerel y\u00f6netimlere enerjilerini bu alanda sarf etmeleri y\u00f6n\u00fcnde bir \u00e7a\u011fr\u0131 yaparak, \u201c\u015eehirlerimizi s\u00fcratle depreme dayan\u0131kl\u0131 h\u00e2le getirmek d\u0131\u015f\u0131nda bir se\u00e7ene\u011fimiz bulunmuyor. Yerel y\u00f6neticilerin de kentsel d\u00f6n\u00fc\u015f\u00fcm projeleriyle y\u00f6nettikleri \u015fehirleri depreme haz\u0131rlamas\u0131 gerekti\u011fini bug\u00fcn tekrar ifade etmek istiyorum.\u201d ifadelerini kulland\u0131. Sakarya B\u00fcy\u00fck\u015fehir Belediye Ba\u015fkan\u0131 Yusuf Alemdar da, Cumhurba\u015fkan\u0131 Erdo\u011fan\u2019\u0131n \u00fczerinde hassasiyetle durdu\u011fu kentsel d\u00f6n\u00fc\u015f\u00fcm \u00e7al\u0131\u015fmalar\u0131na dikkat \u00e7ekerek d\u00f6n\u00fc\u015f\u00fcm\u00fcn \u00f6nemini hat\u0131rlatt\u0131. \u201cD\u00f6n\u00fc\u015f\u00fcm, d\u00f6n\u00fc\u015f\u00fcm, d\u00f6n\u00fc\u015f\u00fcm\u201d Depremin siyaset \u00fcst\u00fc, Sakarya i\u00e7in ise tercih de\u011fil zorunluluk oldu\u011funu ifade eden Ba\u015fkan Alemdar, \u201cEge Denizi\u2019nde bir haftad\u0131r s\u00fcren deprem f\u0131rt\u0131nas\u0131 sonras\u0131 Cumhurba\u015fkan\u0131m\u0131z Recep Tayyip Erdo\u011fan, depreme haz\u0131rl\u0131k konusunu \u00fclkemiz i\u00e7in bir beka meselesi oldu\u011funu ifade etti. Deprem siyaset \u00fcst\u00fcd\u00fcr.Deprem bu \u00fclkenin, ya\u015fad\u0131\u011f\u0131m\u0131z co\u011frafyan\u0131n bir ger\u00e7e\u011fidir. Bu ger\u00e7e\u011fi bilip bu konuda \u00f6nlem almak, tedbirleri art\u0131rmak bizim elimizde. Bunun da en \u00f6nemli \u00e7\u00f6z\u00fcm\u00fc kentsel d\u00f6n\u00fc\u015f\u00fcm. Bizler de g\u00f6reve geldi\u011fimiz g\u00fcnden bu yana her f\u0131rsatta d\u00f6n\u00fc\u015f\u00fcm, d\u00f6n\u00fc\u015f\u00fcm, d\u00f6n\u00fc\u015f\u00fcm diyerek vatanda\u015flar\u0131m\u0131z\u0131 bu konuda hassasiyetini art\u0131rmaya \u00e7al\u0131\u015f\u0131yoruz\u201d dedi. Topyek\u00fcn birliktelik \u00e7a\u011fr\u0131s\u0131 En \u00f6nemli \u00f6nceliklerinin \u015fehri d\u00f6n\u00fc\u015ft\u00fcrmek oldu\u011funu &hellip;"}