{"version":"1.0","provider_name":"Av. Deniz Can K\u0131z\u0131l","provider_url":"http:\/\/denizcankizil.tr\/uk","author_name":"Av. Deniz Can K\u0131z\u0131l","author_url":"http:\/\/denizcankizil.tr\/uk","title":"Kaz Da\u011flar\u0131\u2019nda Ultra Maraton heyecan\u0131 ba\u015fl\u0131yor","type":"rich","width":600,"height":338,"html":"<blockquote class=\"wp-embedded-content\" data-secret=\"iimJuNjdqY\"><a href=\"http:\/\/denizcankizil.tr\/uk\/haberler\/gundem\/kaz-daglarinda-ultra-maraton-heyecani-basliyor\/\">Kaz Da\u011flar\u0131\u2019nda Ultra Maraton heyecan\u0131 ba\u015fl\u0131yor<\/a><\/blockquote><iframe sandbox=\"allow-scripts\" security=\"restricted\" src=\"http:\/\/denizcankizil.tr\/uk\/haberler\/gundem\/kaz-daglarinda-ultra-maraton-heyecani-basliyor\/embed\/#?secret=iimJuNjdqY\" width=\"600\" height=\"338\" title=\"&#8220;Kaz Da\u011flar\u0131\u2019nda Ultra Maraton heyecan\u0131 ba\u015fl\u0131yor&#8221; &#8212; Av. Deniz Can K\u0131z\u0131l\" data-secret=\"iimJuNjdqY\" frameborder=\"0\" marginwidth=\"0\" marginheight=\"0\" scrolling=\"no\" class=\"wp-embedded-content\"><\/iframe><script>\n\/*! This file is auto-generated *\/\n!function(d,l){\"use strict\";l.querySelector&&d.addEventListener&&\"undefined\"!=typeof URL&&(d.wp=d.wp||{},d.wp.receiveEmbedMessage||(d.wp.receiveEmbedMessage=function(e){var t=e.data;if((t||t.secret||t.message||t.value)&&!\/[^a-zA-Z0-9]\/.test(t.secret)){for(var s,r,n,a=l.querySelectorAll('iframe[data-secret=\"'+t.secret+'\"]'),o=l.querySelectorAll('blockquote[data-secret=\"'+t.secret+'\"]'),c=new RegExp(\"^https?:$\",\"i\"),i=0;i<o.length;i++)o[i].style.display=\"none\";for(i=0;i<a.length;i++)s=a[i],e.source===s.contentWindow&&(s.removeAttribute(\"style\"),\"height\"===t.message?(1e3<(r=parseInt(t.value,10))?r=1e3:~~r<200&&(r=200),s.height=r):\"link\"===t.message&&(r=new URL(s.getAttribute(\"src\")),n=new URL(t.value),c.test(n.protocol))&&n.host===r.host&&l.activeElement===s&&(d.top.location.href=t.value))}},d.addEventListener(\"message\",d.wp.receiveEmbedMessage,!1),l.addEventListener(\"DOMContentLoaded\",function(){for(var e,t,s=l.querySelectorAll(\"iframe.wp-embedded-content\"),r=0;r<s.length;r++)(t=(e=s[r]).getAttribute(\"data-secret\"))||(t=Math.random().toString(36).substring(2,12),e.src+=\"#?secret=\"+t,e.setAttribute(\"data-secret\",t)),e.contentWindow.postMessage({message:\"ready\",secret:t},\"*\")},!1)))}(window,document);\n\/\/# sourceURL=http:\/\/denizcankizil.tr\/wp-includes\/js\/wp-embed.min.js\n<\/script>","description":"Edremit Belediyesi\u2019nin ev sahipli\u011finde d\u00fczenlenen ve bu y\u0131l 8. kez ger\u00e7ekle\u015ftirilecek olan Kar Spor \u0130da Ultra Maratonu, 29 Kas\u0131m &#8211; 1 Aral\u0131k tarihleri aras\u0131nda Kaz Da\u011flar\u0131\u2019n\u0131n e\u015fsiz do\u011fas\u0131nda ko\u015fulacak. D\u00fcnya \u00e7ap\u0131nda \u00fcn kazanan etkinli\u011fe, bu y\u0131l 20 \u00fclkeden 1.700 sporcu kat\u0131l\u0131yor. \u200bEdremit Belediyesi\u2019nin ev sahipli\u011finde d\u00fczenlenen ve bu y\u0131l 8. kez ger\u00e7ekle\u015ftirilecek olan Kar Spor \u0130da Ultra Maratonu, 29 Kas\u0131m &#8211; 1 Aral\u0131k tarihleri aras\u0131nda Kaz Da\u011flar\u0131\u2019n\u0131n e\u015fsiz do\u011fas\u0131nda ko\u015fulacak. D\u00fcnya \u00e7ap\u0131nda \u00fcn kazanan etkinli\u011fe, bu y\u0131l 20 \u00fclkeden 1.700 sporcu kat\u0131l\u0131yor.\u00a0 \u200bHaberin Al\u0131nt\u0131land\u0131\u011f\u0131 Kaynak: www.iskenderun.org"}