{"version":"1.0","provider_name":"Av. Deniz Can K\u0131z\u0131l","provider_url":"http:\/\/denizcankizil.tr\/uk","author_name":"admin","author_url":"http:\/\/denizcankizil.tr\/uk\/author\/admin\/","title":"\u0130stanbul'da CHP'li 9 belediyede 10 tutuklama!","type":"rich","width":600,"height":338,"html":"<blockquote class=\"wp-embedded-content\" data-secret=\"Pc9Uf10Dgk\"><a href=\"http:\/\/denizcankizil.tr\/uk\/haberler\/gundem\/istanbulda-chpli-9-belediyede-10-tutuklama\/\">\u0130stanbul&#8217;da CHP&#8217;li 9 belediyede 10 tutuklama!<\/a><\/blockquote><iframe sandbox=\"allow-scripts\" security=\"restricted\" src=\"http:\/\/denizcankizil.tr\/uk\/haberler\/gundem\/istanbulda-chpli-9-belediyede-10-tutuklama\/embed\/#?secret=Pc9Uf10Dgk\" width=\"600\" height=\"338\" title=\"&#8220;\u0130stanbul&#8217;da CHP&#8217;li 9 belediyede 10 tutuklama!&#8221; &#8212; Av. Deniz Can K\u0131z\u0131l\" data-secret=\"Pc9Uf10Dgk\" frameborder=\"0\" marginwidth=\"0\" marginheight=\"0\" scrolling=\"no\" class=\"wp-embedded-content\"><\/iframe><script>\n\/*! This file is auto-generated *\/\n!function(d,l){\"use strict\";l.querySelector&&d.addEventListener&&\"undefined\"!=typeof URL&&(d.wp=d.wp||{},d.wp.receiveEmbedMessage||(d.wp.receiveEmbedMessage=function(e){var t=e.data;if((t||t.secret||t.message||t.value)&&!\/[^a-zA-Z0-9]\/.test(t.secret)){for(var s,r,n,a=l.querySelectorAll('iframe[data-secret=\"'+t.secret+'\"]'),o=l.querySelectorAll('blockquote[data-secret=\"'+t.secret+'\"]'),c=new RegExp(\"^https?:$\",\"i\"),i=0;i<o.length;i++)o[i].style.display=\"none\";for(i=0;i<a.length;i++)s=a[i],e.source===s.contentWindow&&(s.removeAttribute(\"style\"),\"height\"===t.message?(1e3<(r=parseInt(t.value,10))?r=1e3:~~r<200&&(r=200),s.height=r):\"link\"===t.message&&(r=new URL(s.getAttribute(\"src\")),n=new URL(t.value),c.test(n.protocol))&&n.host===r.host&&l.activeElement===s&&(d.top.location.href=t.value))}},d.addEventListener(\"message\",d.wp.receiveEmbedMessage,!1),l.addEventListener(\"DOMContentLoaded\",function(){for(var e,t,s=l.querySelectorAll(\"iframe.wp-embedded-content\"),r=0;r<s.length;r++)(t=(e=s[r]).getAttribute(\"data-secret\"))||(t=Math.random().toString(36).substring(2,12),e.src+=\"#?secret=\"+t,e.setAttribute(\"data-secret\",t)),e.contentWindow.postMessage({message:\"ready\",secret:t},\"*\")},!1)))}(window,document);\n\/\/# sourceURL=http:\/\/denizcankizil.tr\/wp-includes\/js\/wp-embed.min.js\n<\/script>","description":"\u0130stanbul&#8217;da CHP&#8217;li Kartal, Ata\u015fehir, \u00dcsk\u00fcdar, Sancaktepe, Fatih, Tuzla, Adalar, \u015ei\u015fli, Beyo\u011flu belediyelerine y\u00f6nelik 11 \u015eubat&#8217;ta ger\u00e7ekle\u015ftirilen &#8216;kent uzla\u015f\u0131s\u0131&#8217; operasyonunda g\u00f6zalt\u0131na al\u0131nan 10 ki\u015fi &#8216;silahl\u0131 ter\u00f6r \u00f6rg\u00fct\u00fcne \u00fcye olmak su\u00e7undan&#8217; tutukland\u0131.\u0130STANBUL (\u0130GFA) &#8211; \u0130stanbul&#8217;da Kartal, Ata\u015fehir, \u00dcsk\u00fcdar, Sancaktepe, Fatih, Tuzla, Adalar, \u015ei\u015fli, Beyo\u011flu belediyelerinde 2 belediye ba\u015fkan yard\u0131mc\u0131s\u0131, 7 belediye meclis \u00fcyesi ile birlikte bir \u015ei\u015fli Belediyesi ile ba\u011flant\u0131l\u0131 sivil bir ki\u015fi olmak \u00fczere g\u00f6zalt\u0131na al\u0131nan \u015f\u00fcpheli 10 ki\u015fi tutukland\u0131. Halklar\u0131n Demokratik Kongresi i\u00e7erisinde faaliyet g\u00f6sterdi\u011fi \u00f6ne s\u00fcr\u00fclen \u015f\u00fcpheliler hakk\u0131nda savc\u0131l\u0131k sorgusunun ard\u0131ndan haklar\u0131nda tutuklama talep edilmi\u015fti. Emniyetteki i\u015flemleri sonras\u0131nda adli i\u015flemleri ger\u00e7ekle\u015ftirilen \u015f\u00fcpheliler sevk edildikleri N\u00f6bet\u00e7i Sulh Ceza Hakimli\u011fi&#8217;nce tutukland\u0131. NE OLMU\u015eTU? Hat\u0131rlanaca\u011f\u0131 gibi,\u0130stanbul Cumhuriyet Ba\u015fsvc\u0131l\u0131\u011f\u0131; ter\u00f6r \u00f6rg\u00fct\u00fcn\u00fcn metropol illerde etkinli\u011fini artt\u0131rma amac\u0131n\u0131 haiz Kent Uzla\u015f\u0131s\u0131 faaliyetinin t\u00fcm unsur ve mensuplar\u0131yla de\u015fifre edilmesi i\u00e7in savc\u0131l\u0131k taraf\u0131ndan HDK \u00c7at\u0131 Yap\u0131lanmas\u0131n\u0131n \u0130stanbul ilinde faaliyet g\u00f6steren mensuplar\u0131na ili\u015fkin y\u00fcr\u00fct\u00fclen ana soru\u015fturma kapsam\u0131nda aralar\u0131ndan \u015f\u00fcpheli C.Y.\u2019nin Kartal Belediye Ba\u015fkan Yard\u0131mc\u0131s\u0131, \u015e\u00fcpheli L.G.\u2019nin Ata\u015fehir Belediye Ba\u015fkan Yard\u0131mc\u0131s\u0131, \u015e\u00fcpheli B.K.\u2019n\u0131n \u00dcsk\u00fcdar Belediye Meclis \u00dcyesi, \u015e\u00fcpheli E.G.\u2019nin Sancaktepe Belediye Meclis \u00dcyesi, \u015e\u00fcpheli G.A.\u2019n\u0131n Fatih Belediye Meclis \u00dcyesi, \u015e\u00fcpheli H.\u00d6.\u2019n\u00fcn Tuzla Belediye Meclis \u00dcyesi, \u015e\u00fcpheli N.A.\u2019n\u0131n Adalar Belediye Meclis \u00dcyesi, \u015e\u00fcpheli S.G.\u2019nin \u015ei\u015fli Belediye Meclis \u00dcyesi, \u015e\u00fcpheli T.\u015e.\u2019nin Beyo\u011flu Belediye Meclis \u00dcyesi, HDK mensubu oldu\u011fu tespit edilen \u015e\u00fcpheli &hellip;"}