{"version":"1.0","provider_name":"Av. Deniz Can K\u0131z\u0131l","provider_url":"http:\/\/denizcankizil.tr\/uk","author_name":"admin","author_url":"http:\/\/denizcankizil.tr\/uk\/author\/admin\/","title":"\u0130stanbul gen\u00e7li\u011fi alarm veriyor!","type":"rich","width":600,"height":338,"html":"<blockquote class=\"wp-embedded-content\" data-secret=\"NOso0c2eRD\"><a href=\"http:\/\/denizcankizil.tr\/uk\/haberler\/gundem\/istanbul-gencligi-alarm-veriyor\/\">\u0130stanbul gen\u00e7li\u011fi alarm veriyor!<\/a><\/blockquote><iframe sandbox=\"allow-scripts\" security=\"restricted\" src=\"http:\/\/denizcankizil.tr\/uk\/haberler\/gundem\/istanbul-gencligi-alarm-veriyor\/embed\/#?secret=NOso0c2eRD\" width=\"600\" height=\"338\" title=\"&#8220;\u0130stanbul gen\u00e7li\u011fi alarm veriyor!&#8221; &#8212; Av. Deniz Can K\u0131z\u0131l\" data-secret=\"NOso0c2eRD\" frameborder=\"0\" marginwidth=\"0\" marginheight=\"0\" scrolling=\"no\" class=\"wp-embedded-content\"><\/iframe><script>\n\/*! This file is auto-generated *\/\n!function(d,l){\"use strict\";l.querySelector&&d.addEventListener&&\"undefined\"!=typeof URL&&(d.wp=d.wp||{},d.wp.receiveEmbedMessage||(d.wp.receiveEmbedMessage=function(e){var t=e.data;if((t||t.secret||t.message||t.value)&&!\/[^a-zA-Z0-9]\/.test(t.secret)){for(var s,r,n,a=l.querySelectorAll('iframe[data-secret=\"'+t.secret+'\"]'),o=l.querySelectorAll('blockquote[data-secret=\"'+t.secret+'\"]'),c=new RegExp(\"^https?:$\",\"i\"),i=0;i<o.length;i++)o[i].style.display=\"none\";for(i=0;i<a.length;i++)s=a[i],e.source===s.contentWindow&&(s.removeAttribute(\"style\"),\"height\"===t.message?(1e3<(r=parseInt(t.value,10))?r=1e3:~~r<200&&(r=200),s.height=r):\"link\"===t.message&&(r=new URL(s.getAttribute(\"src\")),n=new URL(t.value),c.test(n.protocol))&&n.host===r.host&&l.activeElement===s&&(d.top.location.href=t.value))}},d.addEventListener(\"message\",d.wp.receiveEmbedMessage,!1),l.addEventListener(\"DOMContentLoaded\",function(){for(var e,t,s=l.querySelectorAll(\"iframe.wp-embedded-content\"),r=0;r<s.length;r++)(t=(e=s[r]).getAttribute(\"data-secret\"))||(t=Math.random().toString(36).substring(2,12),e.src+=\"#?secret=\"+t,e.setAttribute(\"data-secret\",t)),e.contentWindow.postMessage({message:\"ready\",secret:t},\"*\")},!1)))}(window,document);\n\/\/# sourceURL=http:\/\/denizcankizil.tr\/wp-includes\/js\/wp-embed.min.js\n<\/script>","description":"\u0130stanbul Planlama Ajans\u0131\u2019n\u0131n yapt\u0131\u011f\u0131 ara\u015ft\u0131rmaya g\u00f6re 20 y\u0131l \u00f6ncesine g\u00f6re gen\u00e7lerin ekonomik durumu k\u00f6t\u00fcle\u015fti, sosyal ya\u015fam\u0131 k\u0131s\u0131tland\u0131 ve yurt d\u0131\u015f\u0131na gitme iste\u011fi artt\u0131.\u0130STANBUL (\u0130GFA) &#8211; \u0130PA Kent G\u00fcndemi Ara\u015ft\u0131rmalar\u0131 taraf\u0131ndan Nisan 2025\u2019te yay\u0131nlanan kapsaml\u0131 bir rapor, \u0130stanbul&#8217;da ya\u015fayan 18-30 ya\u015f aras\u0131 gen\u00e7lerin ya\u015fam ko\u015fullar\u0131n\u0131n son 20 y\u0131lda \u00f6nemli \u00f6l\u00e7\u00fcde zorla\u015ft\u0131\u011f\u0131n\u0131 ortaya koydu. Ara\u015ft\u0131rma, artan ge\u00e7im s\u0131k\u0131nt\u0131s\u0131, gelecek belirsizli\u011fi, e\u011fitimden istihdama ge\u00e7i\u015fte ya\u015fanan zorluklar ve sosyal hayattaki daralman\u0131n gen\u00e7lerin temel sorunlar\u0131 haline geldi\u011fini g\u00f6sterdi. Bulgular, gen\u00e7lerin yar\u0131s\u0131ndan fazlas\u0131n\u0131n yurt d\u0131\u015f\u0131na ta\u015f\u0131nmay\u0131 d\u00fc\u015f\u00fcnd\u00fc\u011f\u00fcn\u00fc de ortaya koydu. B\u0130R GEN\u00c7 NASIL B\u0130R HAYATLA BA\u015e ETMEYE \u00c7ALI\u015eIYOR? \u0130stanbul&#8217;daki 3 milyondan fazla genci (n\u00fcfusun %20,63&#8217;\u00fc) kapsayan 18-30 ya\u015f grubuna odaklanan ara\u015ft\u0131rma; anketler, odak grup g\u00f6r\u00fc\u015fmeleri, kamu verileri ve uzman g\u00f6r\u00fc\u015fleri kullan\u0131larak ger\u00e7ekle\u015ftirildi. Ara\u015ft\u0131rma, &#8220;20 y\u0131l \u00f6nce \u0130stanbul\u2019da bir gen\u00e7 nas\u0131l bir ya\u015fam s\u00fcr\u00fcyordu, bug\u00fcn bir gen\u00e7 nas\u0131l bir hayatla ba\u015f etmeye \u00e7al\u0131\u015f\u0131yor?\u201d sorusuna yan\u0131t arad\u0131. BA\u015eLICA BULGULAR: \u2022 Derinle\u015fen Ge\u00e7im S\u0131k\u0131nt\u0131s\u0131: Ara\u015ft\u0131rmaya kat\u0131lan gen\u00e7lerin b\u00fcy\u00fck \u00e7o\u011funlu\u011fu (%77,6), gen\u00e7lerin ge\u00e7mi\u015fe g\u00f6re daha zor ko\u015fullarda ya\u015fad\u0131\u011f\u0131n\u0131 belirtiyor. KYK burslar\u0131n\u0131n al\u0131m g\u00fcc\u00fc 2005&#8217;ten bu yana alt\u0131n kar\u015f\u0131s\u0131nda %84,5, \u00e7ay-simit gibi temel \u00fcr\u00fcnler kar\u015f\u0131s\u0131nda %84,4 azald\u0131. Gen\u00e7ler, bar\u0131nma ve kaliteli g\u0131daya eri\u015fim gibi temel ihtiya\u00e7lar\u0131n\u0131 kar\u015f\u0131lamakta zorlan\u0131rken, 20 y\u0131l \u00f6nce bar\u0131nma bir &#8220;tercih&#8221; iken bug\u00fcn bir &#8220;kriz&#8221; olarak g\u00f6r\u00fcl\u00fcyor. \u2022 &hellip;"}