{"version":"1.0","provider_name":"Av. Deniz Can K\u0131z\u0131l","provider_url":"http:\/\/denizcankizil.tr\/uk","author_name":"Av. Deniz Can K\u0131z\u0131l","author_url":"http:\/\/denizcankizil.tr\/uk","title":"\u0130\u00e7 ve do\u011fu kesimlerde 'buzlanma ve don' uyar\u0131s\u0131","type":"rich","width":600,"height":338,"html":"<blockquote class=\"wp-embedded-content\" data-secret=\"i31pMCotrP\"><a href=\"http:\/\/denizcankizil.tr\/uk\/haberler\/gundem\/ic-ve-dogu-kesimlerde-buzlanma-ve-don-uyarisi\/\">\u0130\u00e7 ve do\u011fu kesimlerde &#8216;buzlanma ve don&#8217; uyar\u0131s\u0131<\/a><\/blockquote><iframe sandbox=\"allow-scripts\" security=\"restricted\" src=\"http:\/\/denizcankizil.tr\/uk\/haberler\/gundem\/ic-ve-dogu-kesimlerde-buzlanma-ve-don-uyarisi\/embed\/#?secret=i31pMCotrP\" width=\"600\" height=\"338\" title=\"&#8220;\u0130\u00e7 ve do\u011fu kesimlerde &#8216;buzlanma ve don&#8217; uyar\u0131s\u0131&#8221; &#8212; Av. Deniz Can K\u0131z\u0131l\" data-secret=\"i31pMCotrP\" frameborder=\"0\" marginwidth=\"0\" marginheight=\"0\" scrolling=\"no\" class=\"wp-embedded-content\"><\/iframe><script>\n\/*! This file is auto-generated *\/\n!function(d,l){\"use strict\";l.querySelector&&d.addEventListener&&\"undefined\"!=typeof URL&&(d.wp=d.wp||{},d.wp.receiveEmbedMessage||(d.wp.receiveEmbedMessage=function(e){var t=e.data;if((t||t.secret||t.message||t.value)&&!\/[^a-zA-Z0-9]\/.test(t.secret)){for(var s,r,n,a=l.querySelectorAll('iframe[data-secret=\"'+t.secret+'\"]'),o=l.querySelectorAll('blockquote[data-secret=\"'+t.secret+'\"]'),c=new RegExp(\"^https?:$\",\"i\"),i=0;i<o.length;i++)o[i].style.display=\"none\";for(i=0;i<a.length;i++)s=a[i],e.source===s.contentWindow&&(s.removeAttribute(\"style\"),\"height\"===t.message?(1e3<(r=parseInt(t.value,10))?r=1e3:~~r<200&&(r=200),s.height=r):\"link\"===t.message&&(r=new URL(s.getAttribute(\"src\")),n=new URL(t.value),c.test(n.protocol))&&n.host===r.host&&l.activeElement===s&&(d.top.location.href=t.value))}},d.addEventListener(\"message\",d.wp.receiveEmbedMessage,!1),l.addEventListener(\"DOMContentLoaded\",function(){for(var e,t,s=l.querySelectorAll(\"iframe.wp-embedded-content\"),r=0;r<s.length;r++)(t=(e=s[r]).getAttribute(\"data-secret\"))||(t=Math.random().toString(36).substring(2,12),e.src+=\"#?secret=\"+t,e.setAttribute(\"data-secret\",t)),e.contentWindow.postMessage({message:\"ready\",secret:t},\"*\")},!1)))}(window,document);\n\/\/# sourceURL=http:\/\/denizcankizil.tr\/wp-includes\/js\/wp-embed.min.js\n<\/script>","description":"Hava s\u0131cakl\u0131\u011f\u0131nda \u00f6nemli bir de\u011fi\u015fiklik olmayaca\u011f\u0131 5 Aral\u0131k Per\u015fembe g\u00fcn\u00fcne ili\u015fkin hava tahmin raporunda T\u00fcrkiye&#8217;nin i\u00e7 ve do\u011fu kesimlerinde buzlanma ve don, i\u00e7 ve bat\u0131 kesimlerde sis ve pus olay\u0131 bekleniyor.ANKARA (\u0130GFA) &#8211; Meteoroloji Genel M\u00fcd\u00fcrl\u00fc\u011f\u00fc 5 Aral\u0131k Per\u015fembe g\u00fcn\u00fcne ili\u015fkin g\u00fcnl\u00fck hava tahmin raporunu yay\u0131mlad\u0131. Meteoroloji&#8217;den yap\u0131lan son tahminlere g\u00f6re T\u00fcrkiye genelinin par\u00e7al\u0131 ve \u00e7ok bulutlu, Bat\u0131 Karadeniz k\u0131y\u0131lar\u0131, K\u0131r\u0131kkale, Yozgat, \u00c7orum, Samsun, Tokat, Trabzon, Rize, Antalya, Hatay, Gaziantep, Kilis, Diyarbak\u0131r, \u015eanl\u0131urfa, Elaz\u0131\u011f, Mu\u015f, Bing\u00f6l ve A\u011fr\u0131 \u00e7evreleri ile Mu\u011fla k\u0131y\u0131lar\u0131n\u0131n ya\u011fmur ve sa\u011fanak ya\u011f\u0131\u015fl\u0131, do\u011fu b\u00f6lgelerinin y\u00fckseklerinde karla kar\u0131\u015f\u0131k ya\u011fmurlu ge\u00e7ece\u011fi tahmin ediliyor. \u00dclkemizin i\u00e7 ve do\u011fu kesimlerinde buzlanma ve don, i\u00e7 ve bat\u0131 kesimlerde sis ve pus olay\u0131 bekleniyor. Hava s\u0131cakl\u0131\u011f\u0131nda \u00f6nemli bir de\u011fi\u015fiklik olmayaca\u011f\u0131, mevsim normalleri civar\u0131nda seyredece\u011fi tahmin ediliyor. R\u00fczgar\u0131n, Marmara B\u00f6lgesi ve Ege k\u0131y\u0131lar\u0131nda kuzey y\u00f6nlerden, di\u011fer kesimlerde g\u00fcney ve do\u011fu y\u00f6nlerden hafif, ara s\u0131ra orta kuvvette esmesi bekleniyor. \u200bHava s\u0131cakl\u0131\u011f\u0131nda \u00f6nemli bir de\u011fi\u015fiklik olmayaca\u011f\u0131 5 Aral\u0131k Per\u015fembe g\u00fcn\u00fcne ili\u015fkin hava tahmin raporunda T\u00fcrkiye&#8217;nin i\u00e7 ve do\u011fu kesimlerinde buzlanma ve don, i\u00e7 ve bat\u0131 kesimlerde sis ve pus olay\u0131 bekleniyor.ANKARA (\u0130GFA) &#8211; Meteoroloji Genel M\u00fcd\u00fcrl\u00fc\u011f\u00fc 5 Aral\u0131k Per\u015fembe g\u00fcn\u00fcne ili\u015fkin g\u00fcnl\u00fck hava tahmin raporunu yay\u0131mlad\u0131. Meteoroloji&#8217;den yap\u0131lan son tahminlere g\u00f6re T\u00fcrkiye genelinin par\u00e7al\u0131 ve &hellip;"}